{"id":5195,"date":"2016-08-09T15:49:17","date_gmt":"2016-08-09T14:49:17","guid":{"rendered":"http:\/\/www.news.weisseritztalbahn.de\/?page_id=5195"},"modified":"2016-08-09T15:51:20","modified_gmt":"2016-08-09T14:51:20","slug":"alle-beitraege-seit-2009","status":"publish","type":"page","link":"http:\/\/www.news.weisseritztalbahn.de\/","title":{"rendered":"Alle Beitr\u00e4ge seit 2009"},"content":{"rendered":"<div class=\"sya_container\" id=\"sya_container\"><p class=\"sya_yearslist\" id=\"sya_yearslist\"><a href=\"#year2021\">2021<\/a> &bull; <a href=\"#year2020\">2020<\/a> &bull; <a href=\"#year2019\">2019<\/a> &bull; <a href=\"#year2018\">2018<\/a> &bull; <a href=\"#year2017\">2017<\/a> &bull; <a href=\"#year2016\">2016<\/a> &bull; <a href=\"#year2015\">2015<\/a> &bull; <a href=\"#year2014\">2014<\/a> &bull; <a href=\"#year2013\">2013<\/a> &bull; <a href=\"#year2012\">2012<\/a> &bull; <a href=\"#year2011\">2011<\/a> &bull; <a href=\"#year2010\">2010<\/a> &bull; <a href=\"#year2009\">2009<\/a> &bull; <a href=\"#year2002\">2002<\/a><\/p><h3><a id=\"year2021\"><\/a>2021 <span class=\"sya_yearcount\"><span class=\"sya_bracket\">(<\/span>2<span class=\"sya_bracket\">)<\/span><\/span><\/h3><ul><li class=\"\"><div class=\"sya_postcontent\"><span class=\"sya_date\">14.01.2021 <span class=\"sya_sep\">- <\/span><\/span><a href=\"http:\/\/www.news.weisseritztalbahn.de\/?p=7914\" class=\"sya_postlink post-7914\" rel=\"bookmark\">Neue Werbetafel f\u00fcr Wei\u00dferitztalbahn<\/a> <span class=\"sya_categories\"><span class=\"sya_bracket\">(<\/span>Sonstiges<span class=\"sya_bracket\">)<\/span><\/span><\/div><\/li><li class=\"\"><div class=\"sya_postcontent\"><span class=\"sya_date\">04.01.2021 <span class=\"sya_sep\">- <\/span><\/span><a href=\"http:\/\/www.news.weisseritztalbahn.de\/?p=7916\" class=\"sya_postlink post-7916\" rel=\"bookmark\">Wei\u00dferitztalbahn wird teurer<\/a> <span class=\"sya_categories\"><span class=\"sya_bracket\">(<\/span>Sonstiges<span class=\"sya_bracket\">)<\/span><\/span><\/div><\/li><\/ul><h3><a id=\"year2020\"><\/a>2020 <span class=\"sya_yearcount\"><span class=\"sya_bracket\">(<\/span>2<span class=\"sya_bracket\">)<\/span><\/span><\/h3><ul><li class=\"\"><div class=\"sya_postcontent\"><span class=\"sya_date\">18.03.2020 <span class=\"sya_sep\">- <\/span><\/span><a href=\"http:\/\/www.news.weisseritztalbahn.de\/?p=7899\" class=\"sya_postlink post-7899\" rel=\"bookmark\">SDG-VERANSTALTUNGEN ABGESAGT &#8211; FAHRBETRIEB EINGESTELLT<\/a> <span class=\"sya_categories\"><span class=\"sya_bracket\">(<\/span>Sonstiges<span class=\"sya_bracket\">)<\/span><\/span><\/div><\/li><li class=\"\"><div class=\"sya_postcontent\"><span class=\"sya_date\">11.02.2020 <span class=\"sya_sep\">- <\/span><\/span><a href=\"http:\/\/www.news.weisseritztalbahn.de\/?p=7896\" class=\"sya_postlink post-7896\" rel=\"bookmark\"><\/a> <span class=\"sya_categories\"><span class=\"sya_bracket\">(<\/span>Sonstiges<span class=\"sya_bracket\">)<\/span><\/span><\/div><\/li><\/ul><h3><a id=\"year2019\"><\/a>2019 <span class=\"sya_yearcount\"><span class=\"sya_bracket\">(<\/span>15<span class=\"sya_bracket\">)<\/span><\/span><\/h3><ul><li class=\"\"><div class=\"sya_postcontent\"><span class=\"sya_date\">08.12.2019 <span class=\"sya_sep\">- <\/span><\/span><a href=\"http:\/\/www.news.weisseritztalbahn.de\/?p=7887\" class=\"sya_postlink post-7887\" rel=\"bookmark\">Nikolauszug der IGW am 07.12.2019<\/a> <span class=\"sya_categories\"><span class=\"sya_bracket\">(<\/span>Sonstiges<span class=\"sya_bracket\">)<\/span><\/span><\/div><\/li><li class=\"\"><div class=\"sya_postcontent\"><span class=\"sya_date\">30.11.2019 <span class=\"sya_sep\">- <\/span><\/span><a href=\"http:\/\/www.news.weisseritztalbahn.de\/?p=7852\" class=\"sya_postlink post-7852\" rel=\"bookmark\">Bimmelbahn und Lichterglanz<\/a> <span class=\"sya_categories\"><span class=\"sya_bracket\">(<\/span>Sonstiges<span class=\"sya_bracket\">)<\/span><\/span><\/div><\/li><li class=\"\"><div class=\"sya_postcontent\"><span class=\"sya_date\">13.07.2019 <span class=\"sya_sep\">- <\/span><\/span><a href=\"http:\/\/www.news.weisseritztalbahn.de\/?p=7707\" class=\"sya_postlink post-7707\" rel=\"bookmark\">Schmalspurbahnfest 2019<\/a> <span class=\"sya_categories\"><span class=\"sya_bracket\">(<\/span>Sonstiges<span class=\"sya_bracket\">)<\/span><\/span><\/div><\/li><li class=\"\"><div class=\"sya_postcontent\"><span class=\"sya_date\">23.06.2019 <span class=\"sya_sep\">- <\/span><\/span><a href=\"http:\/\/www.news.weisseritztalbahn.de\/?p=7699\" class=\"sya_postlink post-7699\" rel=\"bookmark\">10. Dixiezug auf der Wei\u00dferitztalbahn<\/a> <span class=\"sya_categories\"><span class=\"sya_bracket\">(<\/span>Sonstiges<span class=\"sya_bracket\">)<\/span><\/span><\/div><\/li><li class=\"\"><div class=\"sya_postcontent\"><span class=\"sya_date\">12.05.2019 <span class=\"sya_sep\">- <\/span><\/span><a href=\"http:\/\/www.news.weisseritztalbahn.de\/?p=7653\" class=\"sya_postlink post-7653\" rel=\"bookmark\">Opel kollidiert mit Wei\u00dferitztalbahn<\/a> <span class=\"sya_categories\"><span class=\"sya_bracket\">(<\/span>Presse \/ Medien, S\u00e4chsische Zeitung<span class=\"sya_bracket\">)<\/span><\/span><\/div><\/li><li class=\"\"><div class=\"sya_postcontent\"><span class=\"sya_date\">10.05.2019 <span class=\"sya_sep\">- <\/span><\/span><a href=\"http:\/\/www.news.weisseritztalbahn.de\/?p=7651\" class=\"sya_postlink post-7651\" rel=\"bookmark\">Hier wird die Wei\u00dferitztalbahn fit gemacht<\/a> <span class=\"sya_categories\"><span class=\"sya_bracket\">(<\/span>Presse \/ Medien, S\u00e4chsische Zeitung<span class=\"sya_bracket\">)<\/span><\/span><\/div><\/li><li class=\"\"><div class=\"sya_postcontent\"><span class=\"sya_date\">26.04.2019 <span class=\"sya_sep\">- <\/span><\/span><a href=\"http:\/\/www.news.weisseritztalbahn.de\/?p=7640\" class=\"sya_postlink post-7640\" rel=\"bookmark\">Wer hat eine Lok f\u00fcr die Wei\u00dferitztalbahn?<\/a> <span class=\"sya_categories\"><span class=\"sya_bracket\">(<\/span>Presse \/ Medien, S\u00e4chsische Zeitung<span class=\"sya_bracket\">)<\/span><\/span><\/div><\/li><li class=\"\"><div class=\"sya_postcontent\"><span class=\"sya_date\">25.04.2019 <span class=\"sya_sep\">- <\/span><\/span><a href=\"http:\/\/www.news.weisseritztalbahn.de\/?p=7638\" class=\"sya_postlink post-7638\" rel=\"bookmark\">Zum Sparpreis die Heimat entdecken<\/a> <span class=\"sya_categories\"><span class=\"sya_bracket\">(<\/span>Sonstiges<span class=\"sya_bracket\">)<\/span><\/span><\/div><\/li><li class=\"\"><div class=\"sya_postcontent\"><span class=\"sya_date\">07.04.2019 <span class=\"sya_sep\">- <\/span><\/span><a href=\"http:\/\/www.news.weisseritztalbahn.de\/?p=7635\" class=\"sya_postlink post-7635\" rel=\"bookmark\">Schmuckst\u00fcck f\u00fcr die Wei\u00dferitztalbahn<\/a> <span class=\"sya_categories\"><span class=\"sya_bracket\">(<\/span>Presse \/ Medien, S\u00e4chsische Zeitung<span class=\"sya_bracket\">)<\/span><\/span><\/div><\/li><li class=\"\"><div class=\"sya_postcontent\"><span class=\"sya_date\">14.03.2019 <span class=\"sya_sep\">- <\/span><\/span><a href=\"http:\/\/www.news.weisseritztalbahn.de\/?p=7630\" class=\"sya_postlink post-7630\" rel=\"bookmark\">Wei\u00dferitztalbahn hat neue Super-Werkstatt<\/a> <span class=\"sya_categories\"><span class=\"sya_bracket\">(<\/span>Freital-Hainsberg, Presse \/ Medien, S\u00e4chsische Zeitung<span class=\"sya_bracket\">)<\/span><\/span><\/div><\/li><li class=\"\"><div class=\"sya_postcontent\"><span class=\"sya_date\">07.02.2019 <span class=\"sya_sep\">- <\/span><\/span><a href=\"http:\/\/www.news.weisseritztalbahn.de\/?p=7624\" class=\"sya_postlink post-7624\" rel=\"bookmark\">2019 wird schwierig f\u00fcr die Wei\u00dferitztalbahn<\/a> <span class=\"sya_categories\"><span class=\"sya_bracket\">(<\/span>Presse \/ Medien, S\u00e4chsische Zeitung<span class=\"sya_bracket\">)<\/span><\/span><\/div><\/li><li class=\"\"><div class=\"sya_postcontent\"><span class=\"sya_date\">06.02.2019 <span class=\"sya_sep\">- <\/span><\/span><a href=\"http:\/\/www.news.weisseritztalbahn.de\/?p=7616\" class=\"sya_postlink post-7616\" rel=\"bookmark\">Fast 400.000 Fahrg\u00e4ste auf der Schmalspurbahn<\/a> <span class=\"sya_categories\"><span class=\"sya_bracket\">(<\/span>Sonstiges<span class=\"sya_bracket\">)<\/span><\/span><\/div><\/li><li class=\"\"><div class=\"sya_postcontent\"><span class=\"sya_date\">05.02.2019 <span class=\"sya_sep\">- <\/span><\/span><a href=\"http:\/\/www.news.weisseritztalbahn.de\/?p=7613\" class=\"sya_postlink post-7613\" rel=\"bookmark\">Schneepflug unter Volldampf<\/a> <span class=\"sya_categories\"><span class=\"sya_bracket\">(<\/span>Presse \/ Medien, S\u00e4chsische Zeitung<span class=\"sya_bracket\">)<\/span><\/span><\/div><\/li><li class=\"\"><div class=\"sya_postcontent\"><span class=\"sya_date\">29.01.2019 <span class=\"sya_sep\">- <\/span><\/span><a href=\"http:\/\/www.news.weisseritztalbahn.de\/?p=7601\" class=\"sya_postlink post-7601\" rel=\"bookmark\">\u00dcberraschung am Faschingsdienstag<\/a> <span class=\"sya_categories\"><span class=\"sya_bracket\">(<\/span>Sonstiges<span class=\"sya_bracket\">)<\/span><\/span><\/div><\/li><li class=\"\"><div class=\"sya_postcontent\"><span class=\"sya_date\">29.01.2019 <span class=\"sya_sep\">- <\/span><\/span><a href=\"http:\/\/www.news.weisseritztalbahn.de\/?p=7605\" class=\"sya_postlink post-7605\" rel=\"bookmark\">Lesewoche auf der Wei\u00dferitztalbahn<\/a> <span class=\"sya_categories\"><span class=\"sya_bracket\">(<\/span>SDG<span class=\"sya_bracket\">)<\/span><\/span><\/div><\/li><\/ul><h3><a id=\"year2018\"><\/a>2018 <span class=\"sya_yearcount\"><span class=\"sya_bracket\">(<\/span>46<span class=\"sya_bracket\">)<\/span><\/span><\/h3><ul><li class=\"\"><div class=\"sya_postcontent\"><span class=\"sya_date\">28.12.2018 <span class=\"sya_sep\">- <\/span><\/span><a href=\"http:\/\/www.news.weisseritztalbahn.de\/?p=7598\" class=\"sya_postlink post-7598\" rel=\"bookmark\">Mehr Z\u00fcge zum Jahreswechsel<\/a> <span class=\"sya_categories\"><span class=\"sya_bracket\">(<\/span>Presse \/ Medien, S\u00e4chsische Zeitung<span class=\"sya_bracket\">)<\/span><\/span><\/div><\/li><li class=\"\"><div class=\"sya_postcontent\"><span class=\"sya_date\">21.12.2018 <span class=\"sya_sep\">- <\/span><\/span><a href=\"http:\/\/www.news.weisseritztalbahn.de\/?p=7587\" class=\"sya_postlink post-7587\" rel=\"bookmark\">Wei\u00dferitztalbahn wird teurer<\/a> <span class=\"sya_categories\"><span class=\"sya_bracket\">(<\/span>Presse \/ Medien, S\u00e4chsische Zeitung<span class=\"sya_bracket\">)<\/span><\/span><\/div><\/li><li class=\"\"><div class=\"sya_postcontent\"><span class=\"sya_date\">17.12.2018 <span class=\"sya_sep\">- <\/span><\/span><a href=\"http:\/\/www.news.weisseritztalbahn.de\/?p=7591\" class=\"sya_postlink post-7591\" rel=\"bookmark\">Neuer Lokschuppen f\u00fcr Wei\u00dferitztalbahn<\/a> <span class=\"sya_categories\"><span class=\"sya_bracket\">(<\/span>Presse \/ Medien, S\u00e4chsische Zeitung<span class=\"sya_bracket\">)<\/span><\/span><\/div><\/li><li class=\"\"><div class=\"sya_postcontent\"><span class=\"sya_date\">16.12.2018 <span class=\"sya_sep\">- <\/span><\/span><a href=\"http:\/\/www.news.weisseritztalbahn.de\/?p=7594\" class=\"sya_postlink post-7594\" rel=\"bookmark\">Wassermangel auf der Wei\u00dferitztalbahn<\/a> <span class=\"sya_categories\"><span class=\"sya_bracket\">(<\/span>Sonstiges<span class=\"sya_bracket\">)<\/span><\/span><\/div><\/li><li class=\"\"><div class=\"sya_postcontent\"><span class=\"sya_date\">16.12.2018 <span class=\"sya_sep\">- <\/span><\/span><a href=\"http:\/\/www.news.weisseritztalbahn.de\/?p=7584\" class=\"sya_postlink post-7584\" rel=\"bookmark\">Nikolauszug am 08. Dezember 2018<\/a> <span class=\"sya_categories\"><span class=\"sya_bracket\">(<\/span>Sonstiges<span class=\"sya_bracket\">)<\/span><\/span><\/div><\/li><li class=\"\"><div class=\"sya_postcontent\"><span class=\"sya_date\">13.12.2018 <span class=\"sya_sep\">- <\/span><\/span><a href=\"http:\/\/www.news.weisseritztalbahn.de\/?p=7563\" class=\"sya_postlink post-7563\" rel=\"bookmark\">Zwangsstopp f\u00fcr die Wei\u00dferitztalbahn<\/a> <span class=\"sya_categories\"><span class=\"sya_bracket\">(<\/span>Presse \/ Medien, S\u00e4chsische Zeitung<span class=\"sya_bracket\">)<\/span><\/span><\/div><\/li><li class=\"\"><div class=\"sya_postcontent\"><span class=\"sya_date\">11.12.2018 <span class=\"sya_sep\">- <\/span><\/span><a href=\"http:\/\/www.news.weisseritztalbahn.de\/?p=7538\" class=\"sya_postlink post-7538\" rel=\"bookmark\">Neue Eigent\u00fcmer f\u00fcr SDG &#8211; S\u00e4chsische Dampfeisenbahngesellschaft mbH<\/a> <span class=\"sya_categories\"><span class=\"sya_bracket\">(<\/span>Presse \/ Medien, S\u00e4chsische Zeitung, Sonstiges<span class=\"sya_bracket\">)<\/span><\/span><\/div><\/li><li class=\"\"><div class=\"sya_postcontent\"><span class=\"sya_date\">28.11.2018 <span class=\"sya_sep\">- <\/span><\/span><a href=\"http:\/\/www.news.weisseritztalbahn.de\/?p=7532\" class=\"sya_postlink post-7532\" rel=\"bookmark\">Nikolaus f\u00e4hrt Wei\u00dferitztalbahn<\/a> <span class=\"sya_categories\"><span class=\"sya_bracket\">(<\/span>Presse \/ Medien, S\u00e4chsische Zeitung<span class=\"sya_bracket\">)<\/span><\/span><\/div><\/li><li class=\"\"><div class=\"sya_postcontent\"><span class=\"sya_date\">01.11.2018 <span class=\"sya_sep\">- <\/span><\/span><a href=\"http:\/\/www.news.weisseritztalbahn.de\/?p=7519\" class=\"sya_postlink post-7519\" rel=\"bookmark\">Wei\u00dferitztalbahn macht mal Pause<\/a> <span class=\"sya_categories\"><span class=\"sya_bracket\">(<\/span>Presse \/ Medien, S\u00e4chsische Zeitung<span class=\"sya_bracket\">)<\/span><\/span><\/div><\/li><li class=\"\"><div class=\"sya_postcontent\"><span class=\"sya_date\">04.10.2018 <span class=\"sya_sep\">- <\/span><\/span><a href=\"http:\/\/www.news.weisseritztalbahn.de\/?p=7516\" class=\"sya_postlink post-7516\" rel=\"bookmark\">Hase, Igel und Entlein flitzen \u00fcber die B\u00fchne<\/a> <span class=\"sya_categories\"><span class=\"sya_bracket\">(<\/span>Presse \/ Medien, S\u00e4chsische Zeitung<span class=\"sya_bracket\">)<\/span><\/span><\/div><\/li><li class=\"\"><div class=\"sya_postcontent\"><span class=\"sya_date\">01.10.2018 <span class=\"sya_sep\">- <\/span><\/span><a href=\"http:\/\/www.news.weisseritztalbahn.de\/?p=7511\" class=\"sya_postlink post-7511\" rel=\"bookmark\">Mehr Fahrten auf der Wei\u00dferitztalbahn<\/a> <span class=\"sya_categories\"><span class=\"sya_bracket\">(<\/span>Presse \/ Medien, S\u00e4chsische Zeitung<span class=\"sya_bracket\">)<\/span><\/span><\/div><\/li><li class=\"\"><div class=\"sya_postcontent\"><span class=\"sya_date\">01.10.2018 <span class=\"sya_sep\">- <\/span><\/span><a href=\"http:\/\/www.news.weisseritztalbahn.de\/?p=7513\" class=\"sya_postlink post-7513\" rel=\"bookmark\">\u201eDie Wei\u00dferitztalbahn braucht mehr Strahlkraft\u201c<\/a> <span class=\"sya_categories\"><span class=\"sya_bracket\">(<\/span>Presse \/ Medien, S\u00e4chsische Zeitung<span class=\"sya_bracket\">)<\/span><\/span><\/div><\/li><li class=\"\"><div class=\"sya_postcontent\"><span class=\"sya_date\">26.09.2018 <span class=\"sya_sep\">- <\/span><\/span><a href=\"http:\/\/www.news.weisseritztalbahn.de\/?p=7506\" class=\"sya_postlink post-7506\" rel=\"bookmark\">Im Osterzgebirge tanzen die Puppen<\/a> <span class=\"sya_categories\"><span class=\"sya_bracket\">(<\/span>Presse \/ Medien, S\u00e4chsische Zeitung<span class=\"sya_bracket\">)<\/span><\/span><\/div><\/li><li class=\"\"><div class=\"sya_postcontent\"><span class=\"sya_date\">18.09.2018 <span class=\"sya_sep\">- <\/span><\/span><a href=\"http:\/\/www.news.weisseritztalbahn.de\/?p=7504\" class=\"sya_postlink post-7504\" rel=\"bookmark\">Feinschliff im neuen Lokschuppen<\/a> <span class=\"sya_categories\"><span class=\"sya_bracket\">(<\/span>Freital-Hainsberg, Presse \/ Medien, S\u00e4chsische Zeitung<span class=\"sya_bracket\">)<\/span><\/span><\/div><\/li><li class=\"\"><div class=\"sya_postcontent\"><span class=\"sya_date\">02.09.2018 <span class=\"sya_sep\">- <\/span><\/span><a href=\"http:\/\/www.news.weisseritztalbahn.de\/?p=7488\" class=\"sya_postlink post-7488\" rel=\"bookmark\">Sonderz\u00fcge vom 01. bis 03. September 2018<\/a> <span class=\"sya_categories\"><span class=\"sya_bracket\">(<\/span>Sonstiges<span class=\"sya_bracket\">)<\/span><\/span><\/div><\/li><li class=\"\"><div class=\"sya_postcontent\"><span class=\"sya_date\">31.08.2018 <span class=\"sya_sep\">- <\/span><\/span><a href=\"http:\/\/www.news.weisseritztalbahn.de\/?p=7381\" class=\"sya_postlink post-7381\" rel=\"bookmark\">Wei\u00dferitztalbahn feiert gro\u00dfen Geburtstag<\/a> <span class=\"sya_categories\"><span class=\"sya_bracket\">(<\/span>Presse \/ Medien, S\u00e4chsische Zeitung<span class=\"sya_bracket\">)<\/span><\/span><\/div><\/li><li class=\"\"><div class=\"sya_postcontent\"><span class=\"sya_date\">22.08.2018 <span class=\"sya_sep\">- <\/span><\/span><a href=\"http:\/\/www.news.weisseritztalbahn.de\/?p=7370\" class=\"sya_postlink post-7370\" rel=\"bookmark\">01. &#8211; 03. September 2018 &#8211; 135 Jahre Wei\u00dferitztalbahn<\/a> <span class=\"sya_categories\"><span class=\"sya_bracket\">(<\/span>SDG<span class=\"sya_bracket\">)<\/span><\/span><\/div><\/li><li class=\"\"><div class=\"sya_postcontent\"><span class=\"sya_date\">12.08.2018 <span class=\"sya_sep\">- <\/span><\/span><a href=\"http:\/\/www.news.weisseritztalbahn.de\/?p=7356\" class=\"sya_postlink post-7356\" rel=\"bookmark\">Zuckert\u00fctenzug zur Schuleinf\u00fchrung 2018<\/a> <span class=\"sya_categories\"><span class=\"sya_bracket\">(<\/span>Sonstiges<span class=\"sya_bracket\">)<\/span><\/span><\/div><\/li><li class=\"\"><div class=\"sya_postcontent\"><span class=\"sya_date\">27.07.2018 <span class=\"sya_sep\">- <\/span><\/span><a href=\"http:\/\/www.news.weisseritztalbahn.de\/?p=7329\" class=\"sya_postlink post-7329\" rel=\"bookmark\">Neuer Kiosk an der Wei\u00dferitztalbahn<\/a> <span class=\"sya_categories\"><span class=\"sya_bracket\">(<\/span>Dippoldiswalde, Presse \/ Medien, S\u00e4chsische Zeitung<span class=\"sya_bracket\">)<\/span><\/span><\/div><\/li><li class=\"\"><div class=\"sya_postcontent\"><span class=\"sya_date\">16.07.2018 <span class=\"sya_sep\">- <\/span><\/span><a href=\"http:\/\/www.news.weisseritztalbahn.de\/?p=6974\" class=\"sya_postlink post-6974\" rel=\"bookmark\">Erlebnis Wei\u00dferitztalbahn<\/a> <span class=\"sya_categories\"><span class=\"sya_bracket\">(<\/span>Presse \/ Medien, S\u00e4chsische Zeitung<span class=\"sya_bracket\">)<\/span><\/span><\/div><\/li><li class=\"\"><div class=\"sya_postcontent\"><span class=\"sya_date\">15.07.2018 <span class=\"sya_sep\">- <\/span><\/span><a href=\"http:\/\/www.news.weisseritztalbahn.de\/?p=6963\" class=\"sya_postlink post-6963\" rel=\"bookmark\">10. Schmalspurfest 2018<\/a> <span class=\"sya_categories\"><span class=\"sya_bracket\">(<\/span>Sonstiges<span class=\"sya_bracket\">)<\/span><\/span><\/div><\/li><li class=\"\"><div class=\"sya_postcontent\"><span class=\"sya_date\">10.07.2018 <span class=\"sya_sep\">- <\/span><\/span><a href=\"http:\/\/www.news.weisseritztalbahn.de\/?p=6912\" class=\"sya_postlink post-6912\" rel=\"bookmark\">Das m\u00fcssen Sie zum Schmalspurbahn-Fest wissen<\/a> <span class=\"sya_categories\"><span class=\"sya_bracket\">(<\/span>Presse \/ Medien, S\u00e4chsische Zeitung, Sonstiges<span class=\"sya_bracket\">)<\/span><\/span><\/div><\/li><li class=\"\"><div class=\"sya_postcontent\"><span class=\"sya_date\">06.07.2018 <span class=\"sya_sep\">- <\/span><\/span><a href=\"http:\/\/www.news.weisseritztalbahn.de\/?p=6907\" class=\"sya_postlink post-6907\" rel=\"bookmark\">Pressemitteilung des VVO zum Schmalspurfest<\/a> <span class=\"sya_categories\"><span class=\"sya_bracket\">(<\/span>Sonstiges<span class=\"sya_bracket\">)<\/span><\/span><\/div><\/li><li class=\"\"><div class=\"sya_postcontent\"><span class=\"sya_date\">28.06.2018 <span class=\"sya_sep\">- <\/span><\/span><a href=\"http:\/\/www.news.weisseritztalbahn.de\/?p=6903\" class=\"sya_postlink post-6903\" rel=\"bookmark\">Unser Klappdeckelwagen in M\u00fcgeln<\/a> <span class=\"sya_categories\"><span class=\"sya_bracket\">(<\/span>Sonstiges<span class=\"sya_bracket\">)<\/span><\/span><\/div><\/li><li class=\"\"><div class=\"sya_postcontent\"><span class=\"sya_date\">17.06.2018 <span class=\"sya_sep\">- <\/span><\/span><a href=\"http:\/\/www.news.weisseritztalbahn.de\/?p=6826\" class=\"sya_postlink post-6826\" rel=\"bookmark\">Dixiezug 2018 der IG Wei\u00dferitztalbahn e.V.<\/a> <span class=\"sya_categories\"><span class=\"sya_bracket\">(<\/span>Sonstiges<span class=\"sya_bracket\">)<\/span><\/span><\/div><\/li><li class=\"\"><div class=\"sya_postcontent\"><span class=\"sya_date\">08.06.2018 <span class=\"sya_sep\">- <\/span><\/span><a href=\"http:\/\/www.news.weisseritztalbahn.de\/?p=6818\" class=\"sya_postlink post-6818\" rel=\"bookmark\">Streifzug durch eine Drogenkarriere<\/a> <span class=\"sya_categories\"><span class=\"sya_bracket\">(<\/span>Presse \/ Medien, S\u00e4chsische Zeitung, Sonstiges<span class=\"sya_bracket\">)<\/span><\/span><\/div><\/li><li class=\"\"><div class=\"sya_postcontent\"><span class=\"sya_date\">27.05.2018 <span class=\"sya_sep\">- <\/span><\/span><a href=\"http:\/\/www.news.weisseritztalbahn.de\/?p=6814\" class=\"sya_postlink post-6814\" rel=\"bookmark\">Hei\u00dfer Qualm und hei\u00dfe Reifen<\/a> <span class=\"sya_categories\"><span class=\"sya_bracket\">(<\/span>Presse \/ Medien, S\u00e4chsische Zeitung, Sonstiges<span class=\"sya_bracket\">)<\/span><\/span><\/div><\/li><li class=\"\"><div class=\"sya_postcontent\"><span class=\"sya_date\">20.05.2018 <span class=\"sya_sep\">- <\/span><\/span><a href=\"http:\/\/www.news.weisseritztalbahn.de\/?p=6808\" class=\"sya_postlink post-6808\" rel=\"bookmark\">Freitaler soll Tourismus im Osterzgebirge ankurbeln<\/a> <span class=\"sya_categories\"><span class=\"sya_bracket\">(<\/span>Sonstiges<span class=\"sya_bracket\">)<\/span><\/span><\/div><\/li><li class=\"\"><div class=\"sya_postcontent\"><span class=\"sya_date\">11.05.2018 <span class=\"sya_sep\">- <\/span><\/span><a href=\"http:\/\/www.news.weisseritztalbahn.de\/?p=6805\" class=\"sya_postlink post-6805\" rel=\"bookmark\">Neuer Lokschuppen wird sp\u00e4ter fertig<\/a> <span class=\"sya_categories\"><span class=\"sya_bracket\">(<\/span>Freital-Hainsberg, Presse \/ Medien, S\u00e4chsische Zeitung<span class=\"sya_bracket\">)<\/span><\/span><\/div><\/li><li class=\"\"><div class=\"sya_postcontent\"><span class=\"sya_date\">07.05.2018 <span class=\"sya_sep\">- <\/span><\/span><a href=\"http:\/\/www.news.weisseritztalbahn.de\/?p=6799\" class=\"sya_postlink post-6799\" rel=\"bookmark\">Dampfbahn als Goldesel<\/a> <span class=\"sya_categories\"><span class=\"sya_bracket\">(<\/span>Presse \/ Medien, S\u00e4chsische Zeitung<span class=\"sya_bracket\">)<\/span><\/span><\/div><\/li><li class=\"\"><div class=\"sya_postcontent\"><span class=\"sya_date\">02.05.2018 <span class=\"sya_sep\">- <\/span><\/span><a href=\"http:\/\/www.news.weisseritztalbahn.de\/?p=6797\" class=\"sya_postlink post-6797\" rel=\"bookmark\">Radweg fertig ausgeschildert<\/a> <span class=\"sya_categories\"><span class=\"sya_bracket\">(<\/span>Presse \/ Medien, S\u00e4chsische Zeitung<span class=\"sya_bracket\">)<\/span><\/span><\/div><\/li><li class=\"\"><div class=\"sya_postcontent\"><span class=\"sya_date\">02.04.2018 <span class=\"sya_sep\">- <\/span><\/span><a href=\"http:\/\/www.news.weisseritztalbahn.de\/?p=6761\" class=\"sya_postlink post-6761\" rel=\"bookmark\">Osternhasenexpress unterwegs<\/a> <span class=\"sya_categories\"><span class=\"sya_bracket\">(<\/span>Sonstiges<span class=\"sya_bracket\">)<\/span><\/span><\/div><\/li><li class=\"\"><div class=\"sya_postcontent\"><span class=\"sya_date\">22.03.2018 <span class=\"sya_sep\">- <\/span><\/span><a href=\"http:\/\/www.news.weisseritztalbahn.de\/?p=6758\" class=\"sya_postlink post-6758\" rel=\"bookmark\">15 Schilder f\u00fcr Radweg durch Schmiedeberg<\/a> <span class=\"sya_categories\"><span class=\"sya_bracket\">(<\/span>Presse \/ Medien, S\u00e4chsische Zeitung, Sonstiges<span class=\"sya_bracket\">)<\/span><\/span><\/div><\/li><li class=\"\"><div class=\"sya_postcontent\"><span class=\"sya_date\">07.03.2018 <span class=\"sya_sep\">- <\/span><\/span><a href=\"http:\/\/www.news.weisseritztalbahn.de\/?p=6755\" class=\"sya_postlink post-6755\" rel=\"bookmark\">Der gef\u00e4hrliche Bahn\u00fcbergang<\/a> <span class=\"sya_categories\"><span class=\"sya_bracket\">(<\/span>Presse \/ Medien, S\u00e4chsische Zeitung<span class=\"sya_bracket\">)<\/span><\/span><\/div><\/li><li class=\"\"><div class=\"sya_postcontent\"><span class=\"sya_date\">02.03.2018 <span class=\"sya_sep\">- <\/span><\/span><a href=\"http:\/\/www.news.weisseritztalbahn.de\/?p=6747\" class=\"sya_postlink post-6747\" rel=\"bookmark\">Sonderzug f\u00fcr Jugendfeuerwehr<\/a> <span class=\"sya_categories\"><span class=\"sya_bracket\">(<\/span>Presse \/ Medien, S\u00e4chsische Zeitung<span class=\"sya_bracket\">)<\/span><\/span><\/div><\/li><li class=\"\"><div class=\"sya_postcontent\"><span class=\"sya_date\">28.02.2018 <span class=\"sya_sep\">- <\/span><\/span><a href=\"http:\/\/www.news.weisseritztalbahn.de\/?p=6736\" class=\"sya_postlink post-6736\" rel=\"bookmark\">Schmalspurbahnen mit Rekordergebnis<\/a> <span class=\"sya_categories\"><span class=\"sya_bracket\">(<\/span>Presse \/ Medien, S\u00e4chsische Zeitung<span class=\"sya_bracket\">)<\/span><\/span><\/div><\/li><li class=\"\"><div class=\"sya_postcontent\"><span class=\"sya_date\">26.02.2018 <span class=\"sya_sep\">- <\/span><\/span><a href=\"http:\/\/www.news.weisseritztalbahn.de\/?p=6732\" class=\"sya_postlink post-6732\" rel=\"bookmark\">Sonderverkehr zu Ostern<\/a> <span class=\"sya_categories\"><span class=\"sya_bracket\">(<\/span>Sonstiges<span class=\"sya_bracket\">)<\/span><\/span><\/div><\/li><li class=\"\"><div class=\"sya_postcontent\"><span class=\"sya_date\">15.02.2018 <span class=\"sya_sep\">- <\/span><\/span><a href=\"http:\/\/www.news.weisseritztalbahn.de\/?p=6729\" class=\"sya_postlink post-6729\" rel=\"bookmark\">Besondere Kohle f\u00fcr die Bimmel<\/a> <span class=\"sya_categories\"><span class=\"sya_bracket\">(<\/span>Presse \/ Medien, S\u00e4chsische Zeitung<span class=\"sya_bracket\">)<\/span><\/span><\/div><\/li><li class=\"\"><div class=\"sya_postcontent\"><span class=\"sya_date\">12.02.2018 <span class=\"sya_sep\">- <\/span><\/span><a href=\"http:\/\/www.news.weisseritztalbahn.de\/?p=6726\" class=\"sya_postlink post-6726\" rel=\"bookmark\">2019 Preisanhebung auf Wei\u00dferitztalbahn<\/a> <span class=\"sya_categories\"><span class=\"sya_bracket\">(<\/span>Sonstiges<span class=\"sya_bracket\">)<\/span><\/span><\/div><\/li><li class=\"\"><div class=\"sya_postcontent\"><span class=\"sya_date\">09.02.2018 <span class=\"sya_sep\">- <\/span><\/span><a href=\"http:\/\/www.news.weisseritztalbahn.de\/?p=6724\" class=\"sya_postlink post-6724\" rel=\"bookmark\">Sonderz\u00fcge zum Stadtjubil\u00e4um<\/a> <span class=\"sya_categories\"><span class=\"sya_bracket\">(<\/span>Sonstiges<span class=\"sya_bracket\">)<\/span><\/span><\/div><\/li><li class=\"\"><div class=\"sya_postcontent\"><span class=\"sya_date\">08.02.2018 <span class=\"sya_sep\">- <\/span><\/span><a href=\"http:\/\/www.news.weisseritztalbahn.de\/?p=6740\" class=\"sya_postlink post-6740\" rel=\"bookmark\">45\u200a000 Passagiere mehr \u2013 Wei\u00dferitztalbahn legt ordentlich zu<\/a> <span class=\"sya_categories\"><span class=\"sya_bracket\">(<\/span>DNN, Presse \/ Medien<span class=\"sya_bracket\">)<\/span><\/span><\/div><\/li><li class=\"\"><div class=\"sya_postcontent\"><span class=\"sya_date\">07.02.2018 <span class=\"sya_sep\">- <\/span><\/span><a href=\"http:\/\/www.news.weisseritztalbahn.de\/?p=6718\" class=\"sya_postlink post-6718\" rel=\"bookmark\">Presseinformation Verkehrsverbund Oberelbe GmbH und S\u00e4chsische Dampfeisenbahn GmbH vom 07.02.2018<\/a> <span class=\"sya_categories\"><span class=\"sya_bracket\">(<\/span>Presse \/ Medien<span class=\"sya_bracket\">)<\/span><\/span><\/div><\/li><li class=\"\"><div class=\"sya_postcontent\"><span class=\"sya_date\">07.02.2018 <span class=\"sya_sep\">- <\/span><\/span><a href=\"http:\/\/www.news.weisseritztalbahn.de\/?p=6720\" class=\"sya_postlink post-6720\" rel=\"bookmark\">Wei\u00dferitztalbahn begeistert<\/a> <span class=\"sya_categories\"><span class=\"sya_bracket\">(<\/span>Presse \/ Medien, S\u00e4chsische Zeitung, Sonstiges<span class=\"sya_bracket\">)<\/span><\/span><\/div><\/li><li class=\"\"><div class=\"sya_postcontent\"><span class=\"sya_date\">26.01.2018 <span class=\"sya_sep\">- <\/span><\/span><a href=\"http:\/\/www.news.weisseritztalbahn.de\/?p=6714\" class=\"sya_postlink post-6714\" rel=\"bookmark\">Tourismusmanager f\u00fcr Wei\u00dferitztalbahn gesucht<\/a> <span class=\"sya_categories\"><span class=\"sya_bracket\">(<\/span>Presse \/ Medien, S\u00e4chsische Zeitung, Sonstiges<span class=\"sya_bracket\">)<\/span><\/span><\/div><\/li><li class=\"\"><div class=\"sya_postcontent\"><span class=\"sya_date\">19.01.2018 <span class=\"sya_sep\">- <\/span><\/span><a href=\"http:\/\/www.news.weisseritztalbahn.de\/?p=6712\" class=\"sya_postlink post-6712\" rel=\"bookmark\">Wei\u00dferitztalbahn f\u00e4hrt wieder<\/a> <span class=\"sya_categories\"><span class=\"sya_bracket\">(<\/span>Presse \/ Medien, S\u00e4chsische Zeitung<span class=\"sya_bracket\">)<\/span><\/span><\/div><\/li><li class=\"\"><div class=\"sya_postcontent\"><span class=\"sya_date\">10.01.2018 <span class=\"sya_sep\">- <\/span><\/span><a href=\"http:\/\/www.news.weisseritztalbahn.de\/?p=6709\" class=\"sya_postlink post-6709\" rel=\"bookmark\">Bahnwerkstatt w\u00e4chst in die H\u00f6he<\/a> <span class=\"sya_categories\"><span class=\"sya_bracket\">(<\/span>Sonstiges<span class=\"sya_bracket\">)<\/span><\/span><\/div><\/li><\/ul><h3><a id=\"year2017\"><\/a>2017 <span class=\"sya_yearcount\"><span class=\"sya_bracket\">(<\/span>75<span class=\"sya_bracket\">)<\/span><\/span><\/h3><ul><li class=\"\"><div class=\"sya_postcontent\"><span class=\"sya_date\">27.12.2017 <span class=\"sya_sep\">- <\/span><\/span><a href=\"http:\/\/www.news.weisseritztalbahn.de\/?p=6699\" class=\"sya_postlink post-6699\" rel=\"bookmark\">Ansturm auf die Wei\u00dferitztalbahn<\/a> <span class=\"sya_categories\"><span class=\"sya_bracket\">(<\/span>Sonstiges<span class=\"sya_bracket\">)<\/span><\/span><\/div><\/li><li class=\"\"><div class=\"sya_postcontent\"><span class=\"sya_date\">19.12.2017 <span class=\"sya_sep\">- <\/span><\/span><a href=\"http:\/\/www.news.weisseritztalbahn.de\/?p=6691\" class=\"sya_postlink post-6691\" rel=\"bookmark\">99 1762 wieder in Freital-Hainsberg<\/a> <span class=\"sya_categories\"><span class=\"sya_bracket\">(<\/span>Sonstiges<span class=\"sya_bracket\">)<\/span><\/span><\/div><\/li><li class=\"\"><div class=\"sya_postcontent\"><span class=\"sya_date\">10.12.2017 <span class=\"sya_sep\">- <\/span><\/span><a href=\"http:\/\/www.news.weisseritztalbahn.de\/?p=6498\" class=\"sya_postlink post-6498\" rel=\"bookmark\">Nikolauszug 2017<\/a> <span class=\"sya_categories\"><span class=\"sya_bracket\">(<\/span>Sonstiges<span class=\"sya_bracket\">)<\/span><\/span><\/div><\/li><li class=\"\"><div class=\"sya_postcontent\"><span class=\"sya_date\">09.12.2017 <span class=\"sya_sep\">- <\/span><\/span><a href=\"http:\/\/www.news.weisseritztalbahn.de\/?p=6683\" class=\"sya_postlink post-6683\" rel=\"bookmark\">Mehr Dampf im Wei\u00dferitztal<\/a> <span class=\"sya_categories\"><span class=\"sya_bracket\">(<\/span>Presse \/ Medien, S\u00e4chsische Zeitung<span class=\"sya_bracket\">)<\/span><\/span><\/div><\/li><li class=\"\"><div class=\"sya_postcontent\"><span class=\"sya_date\">06.12.2017 <span class=\"sya_sep\">- <\/span><\/span><a href=\"http:\/\/www.news.weisseritztalbahn.de\/?p=6442\" class=\"sya_postlink post-6442\" rel=\"bookmark\">In Kipsdorf dampft am Wochenende nicht nur die Wei\u00dferitztalbahn.<\/a> <span class=\"sya_categories\"><span class=\"sya_bracket\">(<\/span>Sonstiges<span class=\"sya_bracket\">)<\/span><\/span><\/div><\/li><li class=\"\"><div class=\"sya_postcontent\"><span class=\"sya_date\">05.12.2017 <span class=\"sya_sep\">- <\/span><\/span><a href=\"http:\/\/www.news.weisseritztalbahn.de\/?p=6439\" class=\"sya_postlink post-6439\" rel=\"bookmark\">Bohrungen f\u00fcr eine neue Bimmelbahnbr\u00fccke<\/a> <span class=\"sya_categories\"><span class=\"sya_bracket\">(<\/span>Sonstiges<span class=\"sya_bracket\">)<\/span><\/span><\/div><\/li><li class=\"\"><div class=\"sya_postcontent\"><span class=\"sya_date\">04.12.2017 <span class=\"sya_sep\">- <\/span><\/span><a href=\"http:\/\/www.news.weisseritztalbahn.de\/?p=6445\" class=\"sya_postlink post-6445\" rel=\"bookmark\">So geht\u2019s in die Skigebiete &#8211; Ab Fahrplanwechsel gibt es einen Skibus, der in Kipsdorf Anschluss an die Wei\u00dferitztalbahn hat.<\/a> <span class=\"sya_categories\"><span class=\"sya_bracket\">(<\/span>Sonstiges<span class=\"sya_bracket\">)<\/span><\/span><\/div><\/li><li class=\"\"><div class=\"sya_postcontent\"><span class=\"sya_date\">27.11.2017 <span class=\"sya_sep\">- <\/span><\/span><a href=\"http:\/\/www.news.weisseritztalbahn.de\/?p=6434\" class=\"sya_postlink post-6434\" rel=\"bookmark\">Weihnachtszeit mit der Bimmelbahn<\/a> <span class=\"sya_categories\"><span class=\"sya_bracket\">(<\/span>Sonstiges<span class=\"sya_bracket\">)<\/span><\/span><\/div><\/li><li class=\"\"><div class=\"sya_postcontent\"><span class=\"sya_date\">14.11.2017 <span class=\"sya_sep\">- <\/span><\/span><a href=\"http:\/\/www.news.weisseritztalbahn.de\/?p=6412\" class=\"sya_postlink post-6412\" rel=\"bookmark\">Lok 99 780 in den Lokschuppen Kipsdorf umgesetzt<\/a> <span class=\"sya_categories\"><span class=\"sya_bracket\">(<\/span>Dippoldiswalde, Kurort Kipsdorf, Sonstiges<span class=\"sya_bracket\">)<\/span><\/span><\/div><\/li><li class=\"\"><div class=\"sya_postcontent\"><span class=\"sya_date\">14.11.2017 <span class=\"sya_sep\">- <\/span><\/span><a href=\"http:\/\/www.news.weisseritztalbahn.de\/?p=6430\" class=\"sya_postlink post-6430\" rel=\"bookmark\">Wei\u00dferitztalbahn rollt wieder<\/a> <span class=\"sya_categories\"><span class=\"sya_bracket\">(<\/span>Sonstiges<span class=\"sya_bracket\">)<\/span><\/span><\/div><\/li><li class=\"\"><div class=\"sya_postcontent\"><span class=\"sya_date\">09.11.2017 <span class=\"sya_sep\">- <\/span><\/span><a href=\"http:\/\/www.news.weisseritztalbahn.de\/?p=6394\" class=\"sya_postlink post-6394\" rel=\"bookmark\">Wei\u00dferitztalbahn macht Pause<\/a> <span class=\"sya_categories\"><span class=\"sya_bracket\">(<\/span>Presse \/ Medien, S\u00e4chsische Zeitung<span class=\"sya_bracket\">)<\/span><\/span><\/div><\/li><li class=\"\"><div class=\"sya_postcontent\"><span class=\"sya_date\">14.10.2017 <span class=\"sya_sep\">- <\/span><\/span><a href=\"http:\/\/www.news.weisseritztalbahn.de\/?p=6163\" class=\"sya_postlink post-6163\" rel=\"bookmark\">VDEI-DMG-BTU-Sonderzug am 14.10.2017<\/a> <span class=\"sya_categories\"><span class=\"sya_bracket\">(<\/span>Sonstiges<span class=\"sya_bracket\">)<\/span><\/span><\/div><\/li><li class=\"\"><div class=\"sya_postcontent\"><span class=\"sya_date\">02.10.2017 <span class=\"sya_sep\">- <\/span><\/span><a href=\"http:\/\/www.news.weisseritztalbahn.de\/?p=6160\" class=\"sya_postlink post-6160\" rel=\"bookmark\">99 713 beim Sonderverkehr im Einsatz<\/a> <span class=\"sya_categories\"><span class=\"sya_bracket\">(<\/span>Sonstiges<span class=\"sya_bracket\">)<\/span><\/span><\/div><\/li><li class=\"\"><div class=\"sya_postcontent\"><span class=\"sya_date\">28.09.2017 <span class=\"sya_sep\">- <\/span><\/span><a href=\"http:\/\/www.news.weisseritztalbahn.de\/?p=6135\" class=\"sya_postlink post-6135\" rel=\"bookmark\">Eine zweite Lok im Wei\u00dferitztal<\/a> <span class=\"sya_categories\"><span class=\"sya_bracket\">(<\/span>Presse \/ Medien, S\u00e4chsische Zeitung, Sonstiges<span class=\"sya_bracket\">)<\/span><\/span><\/div><\/li><li class=\"\"><div class=\"sya_postcontent\"><span class=\"sya_date\">27.09.2017 <span class=\"sya_sep\">- <\/span><\/span><a href=\"http:\/\/www.news.weisseritztalbahn.de\/?p=6132\" class=\"sya_postlink post-6132\" rel=\"bookmark\">Mehr Fahrten f\u00fcr die Wei\u00dferitztalbahn<\/a> <span class=\"sya_categories\"><span class=\"sya_bracket\">(<\/span>Sonstiges<span class=\"sya_bracket\">)<\/span><\/span><\/div><\/li><li class=\"\"><div class=\"sya_postcontent\"><span class=\"sya_date\">15.09.2017 <span class=\"sya_sep\">- <\/span><\/span><a href=\"http:\/\/www.news.weisseritztalbahn.de\/?p=6129\" class=\"sya_postlink post-6129\" rel=\"bookmark\">Der Skibus soll wieder fahren<\/a> <span class=\"sya_categories\"><span class=\"sya_bracket\">(<\/span>Sonstiges<span class=\"sya_bracket\">)<\/span><\/span><\/div><\/li><li class=\"\"><div class=\"sya_postcontent\"><span class=\"sya_date\">13.09.2017 <span class=\"sya_sep\">- <\/span><\/span><a href=\"http:\/\/www.news.weisseritztalbahn.de\/?p=6127\" class=\"sya_postlink post-6127\" rel=\"bookmark\">Interesse an Bimmelbahn h\u00e4lt an<\/a> <span class=\"sya_categories\"><span class=\"sya_bracket\">(<\/span>Sonstiges<span class=\"sya_bracket\">)<\/span><\/span><\/div><\/li><li class=\"\"><div class=\"sya_postcontent\"><span class=\"sya_date\">18.08.2017 <span class=\"sya_sep\">- <\/span><\/span><a href=\"http:\/\/www.news.weisseritztalbahn.de\/?p=6121\" class=\"sya_postlink post-6121\" rel=\"bookmark\">Es rollt<\/a> <span class=\"sya_categories\"><span class=\"sya_bracket\">(<\/span>Presse \/ Medien, S\u00e4chsische Zeitung<span class=\"sya_bracket\">)<\/span><\/span><\/div><\/li><li class=\"\"><div class=\"sya_postcontent\"><span class=\"sya_date\">18.08.2017 <span class=\"sya_sep\">- <\/span><\/span><a href=\"http:\/\/www.news.weisseritztalbahn.de\/?p=6117\" class=\"sya_postlink post-6117\" rel=\"bookmark\">Die Super-Werkstatt<\/a> <span class=\"sya_categories\"><span class=\"sya_bracket\">(<\/span>Freital-Hainsberg, Presse \/ Medien, S\u00e4chsische Zeitung<span class=\"sya_bracket\">)<\/span><\/span><\/div><\/li><li class=\"\"><div class=\"sya_postcontent\"><span class=\"sya_date\">14.08.2017 <span class=\"sya_sep\">- <\/span><\/span><a href=\"http:\/\/www.news.weisseritztalbahn.de\/?p=6114\" class=\"sya_postlink post-6114\" rel=\"bookmark\">Am Endpunkt der Wei\u00dferitztalbahn wird angerichtet<\/a> <span class=\"sya_categories\"><span class=\"sya_bracket\">(<\/span>Kurort Kipsdorf, Presse \/ Medien, S\u00e4chsische Zeitung<span class=\"sya_bracket\">)<\/span><\/span><\/div><\/li><li class=\"\"><div class=\"sya_postcontent\"><span class=\"sya_date\">10.08.2017 <span class=\"sya_sep\">- <\/span><\/span><a href=\"http:\/\/www.news.weisseritztalbahn.de\/?p=6094\" class=\"sya_postlink post-6094\" rel=\"bookmark\">Neue Station auf der Dampfbahnroute<\/a> <span class=\"sya_categories\"><span class=\"sya_bracket\">(<\/span>Sonstiges<span class=\"sya_bracket\">)<\/span><\/span><\/div><\/li><li class=\"\"><div class=\"sya_postcontent\"><span class=\"sya_date\">09.08.2017 <span class=\"sya_sep\">- <\/span><\/span><a href=\"http:\/\/www.news.weisseritztalbahn.de\/?p=6105\" class=\"sya_postlink post-6105\" rel=\"bookmark\">Zuckert\u00fctenfahrt 2017<\/a> <span class=\"sya_categories\"><span class=\"sya_bracket\">(<\/span>Sonstiges<span class=\"sya_bracket\">)<\/span><\/span><\/div><\/li><li class=\"\"><div class=\"sya_postcontent\"><span class=\"sya_date\">08.08.2017 <span class=\"sya_sep\">- <\/span><\/span><a href=\"http:\/\/www.news.weisseritztalbahn.de\/?p=6056\" class=\"sya_postlink post-6056\" rel=\"bookmark\">Sch\u00f6n hier zu Hause<\/a> <span class=\"sya_categories\"><span class=\"sya_bracket\">(<\/span>Sonstiges<span class=\"sya_bracket\">)<\/span><\/span><\/div><\/li><li class=\"\"><div class=\"sya_postcontent\"><span class=\"sya_date\">26.07.2017 <span class=\"sya_sep\">- <\/span><\/span><a href=\"http:\/\/www.news.weisseritztalbahn.de\/?p=6053\" class=\"sya_postlink post-6053\" rel=\"bookmark\">Freital wird Teil der Dampfbahn-Route<\/a> <span class=\"sya_categories\"><span class=\"sya_bracket\">(<\/span>Presse \/ Medien, S\u00e4chsische Zeitung<span class=\"sya_bracket\">)<\/span><\/span><\/div><\/li><li class=\"\"><div class=\"sya_postcontent\"><span class=\"sya_date\">16.07.2017 <span class=\"sya_sep\">- <\/span><\/span><a href=\"http:\/\/www.news.weisseritztalbahn.de\/?p=5964\" class=\"sya_postlink post-5964\" rel=\"bookmark\">Schmalspurbahn-Festival 2017<\/a> <span class=\"sya_categories\"><span class=\"sya_bracket\">(<\/span>Sonstiges<span class=\"sya_bracket\">)<\/span><\/span><\/div><\/li><li class=\"\"><div class=\"sya_postcontent\"><span class=\"sya_date\">12.07.2017 <span class=\"sya_sep\">- <\/span><\/span><a href=\"http:\/\/www.news.weisseritztalbahn.de\/?p=5886\" class=\"sya_postlink post-5886\" rel=\"bookmark\">Erster M\u00e4rchenzug f\u00e4hrt bis Kipsdorf<\/a> <span class=\"sya_categories\"><span class=\"sya_bracket\">(<\/span>Presse \/ Medien, S\u00e4chsische Zeitung<span class=\"sya_bracket\">)<\/span><\/span><\/div><\/li><li class=\"\"><div class=\"sya_postcontent\"><span class=\"sya_date\">12.07.2017 <span class=\"sya_sep\">- <\/span><\/span><a href=\"http:\/\/www.news.weisseritztalbahn.de\/?p=5884\" class=\"sya_postlink post-5884\" rel=\"bookmark\">Feiern unter Volldampf<\/a> <span class=\"sya_categories\"><span class=\"sya_bracket\">(<\/span>Presse \/ Medien, S\u00e4chsische Zeitung<span class=\"sya_bracket\">)<\/span><\/span><\/div><\/li><li class=\"\"><div class=\"sya_postcontent\"><span class=\"sya_date\">10.07.2017 <span class=\"sya_sep\">- <\/span><\/span><a href=\"http:\/\/www.news.weisseritztalbahn.de\/?p=5880\" class=\"sya_postlink post-5880\" rel=\"bookmark\">Ideen f\u00fcr die Wei\u00dferitztalbahn<\/a> <span class=\"sya_categories\"><span class=\"sya_bracket\">(<\/span>Presse \/ Medien, S\u00e4chsische Zeitung<span class=\"sya_bracket\">)<\/span><\/span><\/div><\/li><li class=\"\"><div class=\"sya_postcontent\"><span class=\"sya_date\">08.07.2017 <span class=\"sya_sep\">- <\/span><\/span><a href=\"http:\/\/www.news.weisseritztalbahn.de\/?p=5878\" class=\"sya_postlink post-5878\" rel=\"bookmark\">Guter Start f\u00fcr die Wei\u00dferitztalbahn<\/a> <span class=\"sya_categories\"><span class=\"sya_bracket\">(<\/span>Presse \/ Medien, S\u00e4chsische Zeitung<span class=\"sya_bracket\">)<\/span><\/span><\/div><\/li><li class=\"\"><div class=\"sya_postcontent\"><span class=\"sya_date\">07.07.2017 <span class=\"sya_sep\">- <\/span><\/span><a href=\"http:\/\/www.news.weisseritztalbahn.de\/?p=5875\" class=\"sya_postlink post-5875\" rel=\"bookmark\">Pressemitteilung zum Schmalspurbahn-Festival auf der Wei\u00dferitztalbahn<\/a> <span class=\"sya_categories\"><span class=\"sya_bracket\">(<\/span>Presse \/ Medien<span class=\"sya_bracket\">)<\/span><\/span><\/div><\/li><li class=\"\"><div class=\"sya_postcontent\"><span class=\"sya_date\">29.06.2017 <span class=\"sya_sep\">- <\/span><\/span><a href=\"http:\/\/www.news.weisseritztalbahn.de\/?p=5872\" class=\"sya_postlink post-5872\" rel=\"bookmark\">Erfolgsformel f\u00fcr die Wei\u00dferitztalbahn gesucht<\/a> <span class=\"sya_categories\"><span class=\"sya_bracket\">(<\/span>Presse \/ Medien, S\u00e4chsische Zeitung<span class=\"sya_bracket\">)<\/span><\/span><\/div><\/li><li class=\"\"><div class=\"sya_postcontent\"><span class=\"sya_date\">28.06.2017 <span class=\"sya_sep\">- <\/span><\/span><a href=\"http:\/\/www.news.weisseritztalbahn.de\/?p=5863\" class=\"sya_postlink post-5863\" rel=\"bookmark\">Mister Bimmelbahn<\/a> <span class=\"sya_categories\"><span class=\"sya_bracket\">(<\/span>Sonstiges<span class=\"sya_bracket\">)<\/span><\/span><\/div><\/li><li class=\"\"><div class=\"sya_postcontent\"><span class=\"sya_date\">19.06.2017 <span class=\"sya_sep\">- <\/span><\/span><a href=\"http:\/\/www.news.weisseritztalbahn.de\/?p=5858\" class=\"sya_postlink post-5858\" rel=\"bookmark\">Deutschlandtour auf schmaler Spur<\/a> <span class=\"sya_categories\"><span class=\"sya_bracket\">(<\/span>Sonstiges<span class=\"sya_bracket\">)<\/span><\/span><\/div><\/li><li class=\"\"><div class=\"sya_postcontent\"><span class=\"sya_date\">18.06.2017 <span class=\"sya_sep\">- <\/span><\/span><a href=\"http:\/\/www.news.weisseritztalbahn.de\/?p=5805\" class=\"sya_postlink post-5805\" rel=\"bookmark\">Dixiezug 2017 der IG Wei\u00dferitztalbahn e.V.<\/a> <span class=\"sya_categories\"><span class=\"sya_bracket\">(<\/span>Sonstiges<span class=\"sya_bracket\">)<\/span><\/span><\/div><\/li><li class=\"\"><div class=\"sya_postcontent\"><span class=\"sya_date\">17.06.2017 <span class=\"sya_sep\">- <\/span><\/span><a href=\"http:\/\/www.news.weisseritztalbahn.de\/?p=5697\" class=\"sya_postlink post-5697\" rel=\"bookmark\">\u00dcbergabe und Er\u00f6ffnung Dippoldiswalde &#8211; Kurort Kipsdorf<\/a> <span class=\"sya_categories\"><span class=\"sya_bracket\">(<\/span>Sonstiges<span class=\"sya_bracket\">)<\/span><\/span><\/div><\/li><li class=\"\"><div class=\"sya_postcontent\"><span class=\"sya_date\">17.06.2017 <span class=\"sya_sep\">- <\/span><\/span><a href=\"http:\/\/www.news.weisseritztalbahn.de\/?p=5849\" class=\"sya_postlink post-5849\" rel=\"bookmark\">Ab geht die Post<\/a> <span class=\"sya_categories\"><span class=\"sya_bracket\">(<\/span>Presse \/ Medien, S\u00e4chsische Zeitung<span class=\"sya_bracket\">)<\/span><\/span><\/div><\/li><li class=\"\"><div class=\"sya_postcontent\"><span class=\"sya_date\">17.06.2017 <span class=\"sya_sep\">- <\/span><\/span><a href=\"http:\/\/www.news.weisseritztalbahn.de\/?p=5685\" class=\"sya_postlink post-5685\" rel=\"bookmark\">Der vorl\u00e4ufig letzte planm\u00e4\u00dfige Abendzug<\/a> <span class=\"sya_categories\"><span class=\"sya_bracket\">(<\/span>Sonstiges<span class=\"sya_bracket\">)<\/span><\/span><\/div><\/li><li class=\"\"><div class=\"sya_postcontent\"><span class=\"sya_date\">16.06.2017 <span class=\"sya_sep\">- <\/span><\/span><a href=\"http:\/\/www.news.weisseritztalbahn.de\/?p=5851\" class=\"sya_postlink post-5851\" rel=\"bookmark\">Bimmel dampft wieder bis Kipsdorf<\/a> <span class=\"sya_categories\"><span class=\"sya_bracket\">(<\/span>Sonstiges<span class=\"sya_bracket\">)<\/span><\/span><\/div><\/li><li class=\"\"><div class=\"sya_postcontent\"><span class=\"sya_date\">15.06.2017 <span class=\"sya_sep\">- <\/span><\/span><a href=\"http:\/\/www.news.weisseritztalbahn.de\/?p=5683\" class=\"sya_postlink post-5683\" rel=\"bookmark\">Die Wei\u00dferitztalbahn von A bis Z<\/a> <span class=\"sya_categories\"><span class=\"sya_bracket\">(<\/span>Presse \/ Medien, S\u00e4chsische Zeitung<span class=\"sya_bracket\">)<\/span><\/span><\/div><\/li><li class=\"\"><div class=\"sya_postcontent\"><span class=\"sya_date\">15.06.2017 <span class=\"sya_sep\">- <\/span><\/span><a href=\"http:\/\/www.news.weisseritztalbahn.de\/?p=5681\" class=\"sya_postlink post-5681\" rel=\"bookmark\">Hier begr\u00fc\u00dft Kipsdorf die Bahn<\/a> <span class=\"sya_categories\"><span class=\"sya_bracket\">(<\/span>2. Bauabschnitt, Presse \/ Medien, S\u00e4chsische Zeitung<span class=\"sya_bracket\">)<\/span><\/span><\/div><\/li><li class=\"\"><div class=\"sya_postcontent\"><span class=\"sya_date\">14.06.2017 <span class=\"sya_sep\">- <\/span><\/span><a href=\"http:\/\/www.news.weisseritztalbahn.de\/?p=5679\" class=\"sya_postlink post-5679\" rel=\"bookmark\">Wei\u00dferitztalbahn f\u00e4hrt bald wieder<\/a> <span class=\"sya_categories\"><span class=\"sya_bracket\">(<\/span>2. Bauabschnitt, Presse \/ Medien, S\u00e4chsische Zeitung<span class=\"sya_bracket\">)<\/span><\/span><\/div><\/li><li class=\"\"><div class=\"sya_postcontent\"><span class=\"sya_date\">14.06.2017 <span class=\"sya_sep\">- <\/span><\/span><a href=\"http:\/\/www.news.weisseritztalbahn.de\/?p=5677\" class=\"sya_postlink post-5677\" rel=\"bookmark\">15 Jahre f\u00fcr eine Fahrt nach Kipsdorf<\/a> <span class=\"sya_categories\"><span class=\"sya_bracket\">(<\/span>Sonstiges<span class=\"sya_bracket\">)<\/span><\/span><\/div><\/li><li class=\"\"><div class=\"sya_postcontent\"><span class=\"sya_date\">09.06.2017 <span class=\"sya_sep\">- <\/span><\/span><a href=\"http:\/\/www.news.weisseritztalbahn.de\/?p=5654\" class=\"sya_postlink post-5654\" rel=\"bookmark\">Wei\u00dferitztalbahn reloaded Wiederer\u00f6ffnungsfeier f\u00fcr Schmalspurbahn in Kipsdorf<\/a> <span class=\"sya_categories\"><span class=\"sya_bracket\">(<\/span>DNN, Presse \/ Medien<span class=\"sya_bracket\">)<\/span><\/span><\/div><\/li><li class=\"\"><div class=\"sya_postcontent\"><span class=\"sya_date\">09.06.2017 <span class=\"sya_sep\">- <\/span><\/span><a href=\"http:\/\/www.news.weisseritztalbahn.de\/?p=5651\" class=\"sya_postlink post-5651\" rel=\"bookmark\">Noch sieben Tage bis zur Ankunft<\/a> <span class=\"sya_categories\"><span class=\"sya_bracket\">(<\/span>Presse \/ Medien, S\u00e4chsische Zeitung<span class=\"sya_bracket\">)<\/span><\/span><\/div><\/li><li class=\"\"><div class=\"sya_postcontent\"><span class=\"sya_date\">06.06.2017 <span class=\"sya_sep\">- <\/span><\/span><a href=\"http:\/\/www.news.weisseritztalbahn.de\/?p=5661\" class=\"sya_postlink post-5661\" rel=\"bookmark\">Pressemitteilung VVO vom 06.06.2017<\/a> <span class=\"sya_categories\"><span class=\"sya_bracket\">(<\/span>Presse \/ Medien<span class=\"sya_bracket\">)<\/span><\/span><\/div><\/li><li class=\"\"><div class=\"sya_postcontent\"><span class=\"sya_date\">17.05.2017 <span class=\"sya_sep\">- <\/span><\/span><a href=\"http:\/\/www.news.weisseritztalbahn.de\/?p=5648\" class=\"sya_postlink post-5648\" rel=\"bookmark\">Die Bimmel kommt angedampft<\/a> <span class=\"sya_categories\"><span class=\"sya_bracket\">(<\/span>2. Bauabschnitt, Presse \/ Medien, S\u00e4chsische Zeitung<span class=\"sya_bracket\">)<\/span><\/span><\/div><\/li><li class=\"\"><div class=\"sya_postcontent\"><span class=\"sya_date\">16.05.2017 <span class=\"sya_sep\">- <\/span><\/span><a href=\"http:\/\/www.news.weisseritztalbahn.de\/?p=5645\" class=\"sya_postlink post-5645\" rel=\"bookmark\">Wei\u00dferitztalbahn f\u00e4hrt ab 17. Juni bis Kipsdorf<\/a> <span class=\"sya_categories\"><span class=\"sya_bracket\">(<\/span>2. Bauabschnitt, Presse \/ Medien<span class=\"sya_bracket\">)<\/span><\/span><\/div><\/li><li class=\"\"><div class=\"sya_postcontent\"><span class=\"sya_date\">15.05.2017 <span class=\"sya_sep\">- <\/span><\/span><a href=\"http:\/\/www.news.weisseritztalbahn.de\/?p=5636\" class=\"sya_postlink post-5636\" rel=\"bookmark\">Verkehrsverbund legt eine Schippe Kohle nach<\/a> <span class=\"sya_categories\"><span class=\"sya_bracket\">(<\/span>S\u00e4chsische Zeitung<span class=\"sya_bracket\">)<\/span><\/span><\/div><\/li><li class=\"\"><div class=\"sya_postcontent\"><span class=\"sya_date\">15.05.2017 <span class=\"sya_sep\">- <\/span><\/span><a href=\"http:\/\/www.news.weisseritztalbahn.de\/?p=5638\" class=\"sya_postlink post-5638\" rel=\"bookmark\">15 Jahre nach der Flut: Wei\u00dferitztalbahn dampft wieder<\/a> <span class=\"sya_categories\"><span class=\"sya_bracket\">(<\/span>2. Bauabschnitt, Presse \/ Medien<span class=\"sya_bracket\">)<\/span><\/span><\/div><\/li><li class=\"\"><div class=\"sya_postcontent\"><span class=\"sya_date\">13.05.2017 <span class=\"sya_sep\">- <\/span><\/span><a href=\"http:\/\/www.news.weisseritztalbahn.de\/?p=5640\" class=\"sya_postlink post-5640\" rel=\"bookmark\">Die Wei\u00dferitztalbahn ist wieder komplett: Zug erreicht Kipsdorf<\/a> <span class=\"sya_categories\"><span class=\"sya_bracket\">(<\/span>2. Bauabschnitt, Presse \/ Medien<span class=\"sya_bracket\">)<\/span><\/span><\/div><\/li><li class=\"\"><div class=\"sya_postcontent\"><span class=\"sya_date\">11.05.2017 <span class=\"sya_sep\">- <\/span><\/span><a href=\"http:\/\/www.news.weisseritztalbahn.de\/?p=5575\" class=\"sya_postlink post-5575\" rel=\"bookmark\">1. Dampfzug seit 12.08.2002 zwischen Dippoldiswalde und Kurort Kipsdorf<\/a> <span class=\"sya_categories\"><span class=\"sya_bracket\">(<\/span>Sonstiges<span class=\"sya_bracket\">)<\/span><\/span><\/div><\/li><li class=\"\"><div class=\"sya_postcontent\"><span class=\"sya_date\">11.05.2017 <span class=\"sya_sep\">- <\/span><\/span><a href=\"http:\/\/www.news.weisseritztalbahn.de\/?p=5642\" class=\"sya_postlink post-5642\" rel=\"bookmark\">Wei\u00dferitztalbahn dampft wieder nach Kipsdorf<\/a> <span class=\"sya_categories\"><span class=\"sya_bracket\">(<\/span>2. Bauabschnitt, Presse \/ Medien, S\u00e4chsische Zeitung<span class=\"sya_bracket\">)<\/span><\/span><\/div><\/li><li class=\"\"><div class=\"sya_postcontent\"><span class=\"sya_date\">08.05.2017 <span class=\"sya_sep\">- <\/span><\/span><a href=\"http:\/\/www.news.weisseritztalbahn.de\/?p=5531\" class=\"sya_postlink post-5531\" rel=\"bookmark\">Baustart f\u00fcr Hainsberger Lokwerkstatt im Sommer<\/a> <span class=\"sya_categories\"><span class=\"sya_bracket\">(<\/span>Sonstiges<span class=\"sya_bracket\">)<\/span><\/span><\/div><\/li><li class=\"\"><div class=\"sya_postcontent\"><span class=\"sya_date\">29.04.2017 <span class=\"sya_sep\">- <\/span><\/span><a href=\"http:\/\/www.news.weisseritztalbahn.de\/?p=5527\" class=\"sya_postlink post-5527\" rel=\"bookmark\">Schulungsfahrten Kipsdorf<\/a> <span class=\"sya_categories\"><span class=\"sya_bracket\">(<\/span>Sonstiges<span class=\"sya_bracket\">)<\/span><\/span><\/div><\/li><li class=\"\"><div class=\"sya_postcontent\"><span class=\"sya_date\">27.04.2017 <span class=\"sya_sep\">- <\/span><\/span><a href=\"http:\/\/www.news.weisseritztalbahn.de\/?p=5487\" class=\"sya_postlink post-5487\" rel=\"bookmark\">Lok 99 1777 wieder in Hainsberg<\/a> <span class=\"sya_categories\"><span class=\"sya_bracket\">(<\/span>Sonstiges<span class=\"sya_bracket\">)<\/span><\/span><\/div><\/li><li class=\"\"><div class=\"sya_postcontent\"><span class=\"sya_date\">26.04.2017 <span class=\"sya_sep\">- <\/span><\/span><a href=\"http:\/\/www.news.weisseritztalbahn.de\/?p=5489\" class=\"sya_postlink post-5489\" rel=\"bookmark\">Die Bimmelbahn macht inzwischen die ersten Probefahrten.<\/a> <span class=\"sya_categories\"><span class=\"sya_bracket\">(<\/span>2. Bauabschnitt, Presse \/ Medien, S\u00e4chsische Zeitung<span class=\"sya_bracket\">)<\/span><\/span><\/div><\/li><li class=\"\"><div class=\"sya_postcontent\"><span class=\"sya_date\">23.04.2017 <span class=\"sya_sep\">- <\/span><\/span><a href=\"http:\/\/www.news.weisseritztalbahn.de\/?p=5477\" class=\"sya_postlink post-5477\" rel=\"bookmark\">Sonderzug mit V10C gesichtet<\/a> <span class=\"sya_categories\"><span class=\"sya_bracket\">(<\/span>Sonstiges<span class=\"sya_bracket\">)<\/span><\/span><\/div><\/li><li class=\"\"><div class=\"sya_postcontent\"><span class=\"sya_date\">21.04.2017 <span class=\"sya_sep\">- <\/span><\/span><a href=\"http:\/\/www.news.weisseritztalbahn.de\/?p=5459\" class=\"sya_postlink post-5459\" rel=\"bookmark\">Wie die Wei\u00dferitztalbahn Fahrt aufnimmt<\/a> <span class=\"sya_categories\"><span class=\"sya_bracket\">(<\/span>Sonstiges<span class=\"sya_bracket\">)<\/span><\/span><\/div><\/li><li class=\"\"><div class=\"sya_postcontent\"><span class=\"sya_date\">21.04.2017 <span class=\"sya_sep\">- <\/span><\/span><a href=\"http:\/\/www.news.weisseritztalbahn.de\/?p=5456\" class=\"sya_postlink post-5456\" rel=\"bookmark\">Viel Geld f\u00fcr Lok-Werkstatt<\/a> <span class=\"sya_categories\"><span class=\"sya_bracket\">(<\/span>S\u00e4chsische Zeitung<span class=\"sya_bracket\">)<\/span><\/span><\/div><\/li><li class=\"\"><div class=\"sya_postcontent\"><span class=\"sya_date\">17.04.2017 <span class=\"sya_sep\">- <\/span><\/span><a href=\"http:\/\/www.news.weisseritztalbahn.de\/?p=5454\" class=\"sya_postlink post-5454\" rel=\"bookmark\">Ostereier suchen in Dippoldiswalde<\/a> <span class=\"sya_categories\"><span class=\"sya_bracket\">(<\/span>Sonstiges<span class=\"sya_bracket\">)<\/span><\/span><\/div><\/li><li class=\"\"><div class=\"sya_postcontent\"><span class=\"sya_date\">15.04.2017 <span class=\"sya_sep\">- <\/span><\/span><a href=\"http:\/\/www.news.weisseritztalbahn.de\/?p=5406\" class=\"sya_postlink post-5406\" rel=\"bookmark\">Zum VVO-Entdeckertag mit Bus und Bahn durch die Region.<\/a> <span class=\"sya_categories\"><span class=\"sya_bracket\">(<\/span>Presse \/ Medien, S\u00e4chsische Zeitung<span class=\"sya_bracket\">)<\/span><\/span><\/div><\/li><li class=\"\"><div class=\"sya_postcontent\"><span class=\"sya_date\">21.03.2017 <span class=\"sya_sep\">- <\/span><\/span><a href=\"http:\/\/www.news.weisseritztalbahn.de\/?p=5391\" class=\"sya_postlink post-5391\" rel=\"bookmark\">Austausch f\u00fcr bessere Wanderwege<\/a> <span class=\"sya_categories\"><span class=\"sya_bracket\">(<\/span>S\u00e4chsische Zeitung<span class=\"sya_bracket\">)<\/span><\/span><\/div><\/li><li class=\"\"><div class=\"sya_postcontent\"><span class=\"sya_date\">17.03.2017 <span class=\"sya_sep\">- <\/span><\/span><a href=\"http:\/\/www.news.weisseritztalbahn.de\/?p=5389\" class=\"sya_postlink post-5389\" rel=\"bookmark\">Endspurt beim Bimmelbahnbau<\/a> <span class=\"sya_categories\"><span class=\"sya_bracket\">(<\/span>2. Bauabschnitt, S\u00e4chsische Zeitung<span class=\"sya_bracket\">)<\/span><\/span><\/div><\/li><li class=\"\"><div class=\"sya_postcontent\"><span class=\"sya_date\">10.03.2017 <span class=\"sya_sep\">- <\/span><\/span><a href=\"http:\/\/www.news.weisseritztalbahn.de\/?p=5394\" class=\"sya_postlink post-5394\" rel=\"bookmark\">Bau an Malter-Staumauer geht weiter<\/a> <span class=\"sya_categories\"><span class=\"sya_bracket\">(<\/span>Malter, S\u00e4chsische Zeitung<span class=\"sya_bracket\">)<\/span><\/span><\/div><\/li><li class=\"\"><div class=\"sya_postcontent\"><span class=\"sya_date\">20.02.2017 <span class=\"sya_sep\">- <\/span><\/span><a href=\"http:\/\/www.news.weisseritztalbahn.de\/?p=5376\" class=\"sya_postlink post-5376\" rel=\"bookmark\">Eine Bibliothek auf Schienen<\/a> <span class=\"sya_categories\"><span class=\"sya_bracket\">(<\/span>Presse \/ Medien, S\u00e4chsische Zeitung<span class=\"sya_bracket\">)<\/span><\/span><\/div><\/li><li class=\"\"><div class=\"sya_postcontent\"><span class=\"sya_date\">17.02.2017 <span class=\"sya_sep\">- <\/span><\/span><a href=\"http:\/\/www.news.weisseritztalbahn.de\/?p=5385\" class=\"sya_postlink post-5385\" rel=\"bookmark\">Die Hitliste der Fotografen<\/a> <span class=\"sya_categories\"><span class=\"sya_bracket\">(<\/span>Presse \/ Medien, S\u00e4chsische Zeitung<span class=\"sya_bracket\">)<\/span><\/span><\/div><\/li><li class=\"\"><div class=\"sya_postcontent\"><span class=\"sya_date\">17.02.2017 <span class=\"sya_sep\">- <\/span><\/span><a href=\"http:\/\/www.news.weisseritztalbahn.de\/?p=5379\" class=\"sya_postlink post-5379\" rel=\"bookmark\">Was bis zur Bimmelbahn-Ankunft noch zu kl\u00e4ren ist<\/a> <span class=\"sya_categories\"><span class=\"sya_bracket\">(<\/span>2. Bauabschnitt, Presse \/ Medien, S\u00e4chsische Zeitung<span class=\"sya_bracket\">)<\/span><\/span><\/div><\/li><li class=\"\"><div class=\"sya_postcontent\"><span class=\"sya_date\">16.02.2017 <span class=\"sya_sep\">- <\/span><\/span><a href=\"http:\/\/www.news.weisseritztalbahn.de\/?p=5371\" class=\"sya_postlink post-5371\" rel=\"bookmark\">Lesewoche auf der Bimmelbahn beginnt<\/a> <span class=\"sya_categories\"><span class=\"sya_bracket\">(<\/span>Presse \/ Medien, S\u00e4chsische Zeitung<span class=\"sya_bracket\">)<\/span><\/span><\/div><\/li><li class=\"\"><div class=\"sya_postcontent\"><span class=\"sya_date\">16.02.2017 <span class=\"sya_sep\">- <\/span><\/span><a href=\"http:\/\/www.news.weisseritztalbahn.de\/?p=5382\" class=\"sya_postlink post-5382\" rel=\"bookmark\">Warten auf den neuen Lokschuppen<\/a> <span class=\"sya_categories\"><span class=\"sya_bracket\">(<\/span>Presse \/ Medien, S\u00e4chsische Zeitung<span class=\"sya_bracket\">)<\/span><\/span><\/div><\/li><li class=\"\"><div class=\"sya_postcontent\"><span class=\"sya_date\">07.02.2017 <span class=\"sya_sep\">- <\/span><\/span><a href=\"http:\/\/www.news.weisseritztalbahn.de\/?p=5365\" class=\"sya_postlink post-5365\" rel=\"bookmark\">Die Bimmelbahner hoffen auf den Fr\u00fchling<\/a> <span class=\"sya_categories\"><span class=\"sya_bracket\">(<\/span>2. Bauabschnitt, Presse \/ Medien, S\u00e4chsische Zeitung<span class=\"sya_bracket\">)<\/span><\/span><\/div><\/li><li class=\"\"><div class=\"sya_postcontent\"><span class=\"sya_date\">06.02.2017 <span class=\"sya_sep\">- <\/span><\/span><a href=\"http:\/\/www.news.weisseritztalbahn.de\/?p=5362\" class=\"sya_postlink post-5362\" rel=\"bookmark\">Stabile Fahrgastzahlen bei Wei\u00dferitztalbahn<\/a> <span class=\"sya_categories\"><span class=\"sya_bracket\">(<\/span>Presse \/ Medien, S\u00e4chsische Zeitung<span class=\"sya_bracket\">)<\/span><\/span><\/div><\/li><li class=\"\"><div class=\"sya_postcontent\"><span class=\"sya_date\">06.02.2017 <span class=\"sya_sep\">- <\/span><\/span><a href=\"http:\/\/www.news.weisseritztalbahn.de\/?p=5367\" class=\"sya_postlink post-5367\" rel=\"bookmark\">Schmalspurbahnen setzen auf Fahrradtouristen<\/a> <span class=\"sya_categories\"><span class=\"sya_bracket\">(<\/span>Presse \/ Medien, S\u00e4chsische Zeitung<span class=\"sya_bracket\">)<\/span><\/span><\/div><\/li><li class=\"\"><div class=\"sya_postcontent\"><span class=\"sya_date\">23.01.2017 <span class=\"sya_sep\">- <\/span><\/span><a href=\"http:\/\/www.news.weisseritztalbahn.de\/?p=5357\" class=\"sya_postlink post-5357\" rel=\"bookmark\">Eine Br\u00fccke lernt Schweben<\/a> <span class=\"sya_categories\"><span class=\"sya_bracket\">(<\/span>2. Bauabschnitt, Presse \/ Medien, S\u00e4chsische Zeitung<span class=\"sya_bracket\">)<\/span><\/span><\/div><\/li><li class=\"\"><div class=\"sya_postcontent\"><span class=\"sya_date\">20.01.2017 <span class=\"sya_sep\">- <\/span><\/span><a href=\"http:\/\/www.news.weisseritztalbahn.de\/?p=5354\" class=\"sya_postlink post-5354\" rel=\"bookmark\">Hebebr\u00fccke \u00fcber Rote Wei\u00dferitz wird getestet<\/a> <span class=\"sya_categories\"><span class=\"sya_bracket\">(<\/span>Presse \/ Medien, S\u00e4chsische Zeitung<span class=\"sya_bracket\">)<\/span><\/span><\/div><\/li><li class=\"\"><div class=\"sya_postcontent\"><span class=\"sya_date\">04.01.2017 <span class=\"sya_sep\">- <\/span><\/span><a href=\"http:\/\/www.news.weisseritztalbahn.de\/?p=5350\" class=\"sya_postlink post-5350\" rel=\"bookmark\">Das neue Jahr und seine H\u00f6hepunkte<\/a> <span class=\"sya_categories\"><span class=\"sya_bracket\">(<\/span>Presse \/ Medien, S\u00e4chsische Zeitung<span class=\"sya_bracket\">)<\/span><\/span><\/div><\/li><\/ul><h3><a id=\"year2016\"><\/a>2016 <span class=\"sya_yearcount\"><span class=\"sya_bracket\">(<\/span>52<span class=\"sya_bracket\">)<\/span><\/span><\/h3><ul><li class=\"\"><div class=\"sya_postcontent\"><span class=\"sya_date\">01.12.2016 <span class=\"sya_sep\">- <\/span><\/span><a href=\"http:\/\/www.news.weisseritztalbahn.de\/?p=5337\" class=\"sya_postlink post-5337\" rel=\"bookmark\">Wei\u00dferitztalbahn dampft 2017 wieder bis Kipsdorf<\/a> <span class=\"sya_categories\"><span class=\"sya_bracket\">(<\/span>Presse \/ Medien, S\u00e4chsische Zeitung<span class=\"sya_bracket\">)<\/span><\/span><\/div><\/li><li class=\"\"><div class=\"sya_postcontent\"><span class=\"sya_date\">30.11.2016 <span class=\"sya_sep\">- <\/span><\/span><a href=\"http:\/\/www.news.weisseritztalbahn.de\/?p=5332\" class=\"sya_postlink post-5332\" rel=\"bookmark\">Wei\u00dferitztalbahn f\u00e4hrt 2017 wieder bis Kipsdorf<\/a> <span class=\"sya_categories\"><span class=\"sya_bracket\">(<\/span>2. Bauabschnitt, Presse \/ Medien, S\u00e4chsische Zeitung<span class=\"sya_bracket\">)<\/span><\/span><\/div><\/li><li class=\"\"><div class=\"sya_postcontent\"><span class=\"sya_date\">26.11.2016 <span class=\"sya_sep\">- <\/span><\/span><a href=\"http:\/\/www.news.weisseritztalbahn.de\/?p=5328\" class=\"sya_postlink post-5328\" rel=\"bookmark\">Wei\u00dferitztalbahn h\u00e4ngt noch in der Luft<\/a> <span class=\"sya_categories\"><span class=\"sya_bracket\">(<\/span>2. Bauabschnitt, Presse \/ Medien, S\u00e4chsische Zeitung<span class=\"sya_bracket\">)<\/span><\/span><\/div><\/li><li class=\"\"><div class=\"sya_postcontent\"><span class=\"sya_date\">09.11.2016 <span class=\"sya_sep\">- <\/span><\/span><a href=\"http:\/\/www.news.weisseritztalbahn.de\/?p=5318\" class=\"sya_postlink post-5318\" rel=\"bookmark\"><\/a> <span class=\"sya_categories\"><span class=\"sya_bracket\">(<\/span>Sonstiges<span class=\"sya_bracket\">)<\/span><\/span><\/div><\/li><li class=\"\"><div class=\"sya_postcontent\"><span class=\"sya_date\">07.11.2016 <span class=\"sya_sep\">- <\/span><\/span><a href=\"http:\/\/www.news.weisseritztalbahn.de\/?p=5304\" class=\"sya_postlink post-5304\" rel=\"bookmark\">Stopfen, stopfen, stopfen<\/a> <span class=\"sya_categories\"><span class=\"sya_bracket\">(<\/span>2. Bauabschnitt, Presse \/ Medien, S\u00e4chsische Zeitung<span class=\"sya_bracket\">)<\/span><\/span><\/div><\/li><li class=\"\"><div class=\"sya_postcontent\"><span class=\"sya_date\">03.11.2016 <span class=\"sya_sep\">- <\/span><\/span><a href=\"http:\/\/www.news.weisseritztalbahn.de\/?p=5301\" class=\"sya_postlink post-5301\" rel=\"bookmark\">B 170 gesperrt wegen Wei\u00dferitztalbahn<\/a> <span class=\"sya_categories\"><span class=\"sya_bracket\">(<\/span>Presse \/ Medien, S\u00e4chsische Zeitung<span class=\"sya_bracket\">)<\/span><\/span><\/div><\/li><li class=\"\"><div class=\"sya_postcontent\"><span class=\"sya_date\">02.11.2016 <span class=\"sya_sep\">- <\/span><\/span><a href=\"http:\/\/www.news.weisseritztalbahn.de\/?p=5296\" class=\"sya_postlink post-5296\" rel=\"bookmark\">Bimmelbahn macht Pause<\/a> <span class=\"sya_categories\"><span class=\"sya_bracket\">(<\/span>Presse \/ Medien, S\u00e4chsische Zeitung<span class=\"sya_bracket\">)<\/span><\/span><\/div><\/li><li class=\"\"><div class=\"sya_postcontent\"><span class=\"sya_date\">26.10.2016 <span class=\"sya_sep\">- <\/span><\/span><a href=\"http:\/\/www.news.weisseritztalbahn.de\/?p=5293\" class=\"sya_postlink post-5293\" rel=\"bookmark\">Bimmelbahnbau erreicht Kipsdorf<\/a> <span class=\"sya_categories\"><span class=\"sya_bracket\">(<\/span>2. Bauabschnitt, Presse \/ Medien, S\u00e4chsische Zeitung<span class=\"sya_bracket\">)<\/span><\/span><\/div><\/li><li class=\"\"><div class=\"sya_postcontent\"><span class=\"sya_date\">17.09.2016 <span class=\"sya_sep\">- <\/span><\/span><a href=\"http:\/\/www.news.weisseritztalbahn.de\/?p=5289\" class=\"sya_postlink post-5289\" rel=\"bookmark\">Das Lokal mit Bimmelbahnblick<\/a> <span class=\"sya_categories\"><span class=\"sya_bracket\">(<\/span>Presse \/ Medien, S\u00e4chsische Zeitung<span class=\"sya_bracket\">)<\/span><\/span><\/div><\/li><li class=\"\"><div class=\"sya_postcontent\"><span class=\"sya_date\">15.09.2016 <span class=\"sya_sep\">- <\/span><\/span><a href=\"http:\/\/www.news.weisseritztalbahn.de\/?p=5280\" class=\"sya_postlink post-5280\" rel=\"bookmark\">Sorgenkind Schmalspurbahn<\/a> <span class=\"sya_categories\"><span class=\"sya_bracket\">(<\/span>2. Bauabschnitt, Presse \/ Medien, S\u00e4chsische Zeitung<span class=\"sya_bracket\">)<\/span><\/span><\/div><\/li><li class=\"\"><div class=\"sya_postcontent\"><span class=\"sya_date\">03.09.2016 <span class=\"sya_sep\">- <\/span><\/span><a href=\"http:\/\/www.news.weisseritztalbahn.de\/?p=5277\" class=\"sya_postlink post-5277\" rel=\"bookmark\">Bimmel soll den Wandertourismus ankurbeln<\/a> <span class=\"sya_categories\"><span class=\"sya_bracket\">(<\/span>Presse \/ Medien, S\u00e4chsische Zeitung<span class=\"sya_bracket\">)<\/span><\/span><\/div><\/li><li class=\"\"><div class=\"sya_postcontent\"><span class=\"sya_date\">01.09.2016 <span class=\"sya_sep\">- <\/span><\/span><a href=\"http:\/\/www.news.weisseritztalbahn.de\/?p=5275\" class=\"sya_postlink post-5275\" rel=\"bookmark\">Wird die Schmalspurbahn kleingespart?<\/a> <span class=\"sya_categories\"><span class=\"sya_bracket\">(<\/span>Presse \/ Medien, S\u00e4chsische Zeitung<span class=\"sya_bracket\">)<\/span><\/span><\/div><\/li><li class=\"\"><div class=\"sya_postcontent\"><span class=\"sya_date\">25.08.2016 <span class=\"sya_sep\">- <\/span><\/span><a href=\"http:\/\/www.news.weisseritztalbahn.de\/?p=5270\" class=\"sya_postlink post-5270\" rel=\"bookmark\">Postwagen 2960 verl\u00e4sst die Wei\u00dferitztalbahn<\/a> <span class=\"sya_categories\"><span class=\"sya_bracket\">(<\/span>Sonstiges<span class=\"sya_bracket\">)<\/span><\/span><\/div><\/li><li class=\"\"><div class=\"sya_postcontent\"><span class=\"sya_date\">18.08.2016 <span class=\"sya_sep\">- <\/span><\/span><a href=\"http:\/\/www.news.weisseritztalbahn.de\/?p=5207\" class=\"sya_postlink post-5207\" rel=\"bookmark\">Wei\u00dferitztalbahn wird teurer<\/a> <span class=\"sya_categories\"><span class=\"sya_bracket\">(<\/span>Presse \/ Medien, S\u00e4chsische Zeitung<span class=\"sya_bracket\">)<\/span><\/span><\/div><\/li><li class=\"\"><div class=\"sya_postcontent\"><span class=\"sya_date\">18.08.2016 <span class=\"sya_sep\">- <\/span><\/span><a href=\"http:\/\/www.news.weisseritztalbahn.de\/?p=5202\" class=\"sya_postlink post-5202\" rel=\"bookmark\">\u201eWir brauchen mehr als einen Zug pro Tag\u201c<\/a> <span class=\"sya_categories\"><span class=\"sya_bracket\">(<\/span>Presse \/ Medien, S\u00e4chsische Zeitung<span class=\"sya_bracket\">)<\/span><\/span><\/div><\/li><li class=\"\"><div class=\"sya_postcontent\"><span class=\"sya_date\">12.08.2016 <span class=\"sya_sep\">- <\/span><\/span><a href=\"http:\/\/www.news.weisseritztalbahn.de\/?p=5198\" class=\"sya_postlink post-5198\" rel=\"bookmark\">Der Schwerstarbeiter<\/a> <span class=\"sya_categories\"><span class=\"sya_bracket\">(<\/span>Sonstiges<span class=\"sya_bracket\">)<\/span><\/span><\/div><\/li><li class=\"\"><div class=\"sya_postcontent\"><span class=\"sya_date\">06.08.2016 <span class=\"sya_sep\">- <\/span><\/span><a href=\"http:\/\/www.news.weisseritztalbahn.de\/?p=5193\" class=\"sya_postlink post-5193\" rel=\"bookmark\"><\/a> <span class=\"sya_categories\"><span class=\"sya_bracket\">(<\/span>Sonstiges<span class=\"sya_bracket\">)<\/span><\/span><\/div><\/li><li class=\"\"><div class=\"sya_postcontent\"><span class=\"sya_date\">05.08.2016 <span class=\"sya_sep\">- <\/span><\/span><a href=\"http:\/\/www.news.weisseritztalbahn.de\/?p=5183\" class=\"sya_postlink post-5183\" rel=\"bookmark\">Unterwegs im sagenhaften Grund<\/a> <span class=\"sya_categories\"><span class=\"sya_bracket\">(<\/span>Presse \/ Medien, S\u00e4chsische Zeitung<span class=\"sya_bracket\">)<\/span><\/span><\/div><\/li><li class=\"\"><div class=\"sya_postcontent\"><span class=\"sya_date\">04.08.2016 <span class=\"sya_sep\">- <\/span><\/span><a href=\"http:\/\/www.news.weisseritztalbahn.de\/?p=5186\" class=\"sya_postlink post-5186\" rel=\"bookmark\">Die unbekannte Seite der Malter<\/a> <span class=\"sya_categories\"><span class=\"sya_bracket\">(<\/span>Malter, Presse \/ Medien, S\u00e4chsische Zeitung<span class=\"sya_bracket\">)<\/span><\/span><\/div><\/li><li class=\"\"><div class=\"sya_postcontent\"><span class=\"sya_date\">03.08.2016 <span class=\"sya_sep\">- <\/span><\/span><a href=\"http:\/\/www.news.weisseritztalbahn.de\/?p=5181\" class=\"sya_postlink post-5181\" rel=\"bookmark\">Wie weit reicht der Dampf?<\/a> <span class=\"sya_categories\"><span class=\"sya_bracket\">(<\/span>Sonstiges<span class=\"sya_bracket\">)<\/span><\/span><\/div><\/li><li class=\"\"><div class=\"sya_postcontent\"><span class=\"sya_date\">17.07.2016 <span class=\"sya_sep\">- <\/span><\/span><a href=\"http:\/\/www.news.weisseritztalbahn.de\/?p=5175\" class=\"sya_postlink post-5175\" rel=\"bookmark\">2. Tag des Schmalspurbahn-Festivals<\/a> <span class=\"sya_categories\"><span class=\"sya_bracket\">(<\/span>Sonstiges<span class=\"sya_bracket\">)<\/span><\/span><\/div><\/li><li class=\"\"><div class=\"sya_postcontent\"><span class=\"sya_date\">16.07.2016 <span class=\"sya_sep\">- <\/span><\/span><a href=\"http:\/\/www.news.weisseritztalbahn.de\/?p=5103\" class=\"sya_postlink post-5103\" rel=\"bookmark\">Schmalspurbahn-Festival 2016<\/a> <span class=\"sya_categories\"><span class=\"sya_bracket\">(<\/span>Sonstiges<span class=\"sya_bracket\">)<\/span><\/span><\/div><\/li><li class=\"\"><div class=\"sya_postcontent\"><span class=\"sya_date\">13.07.2016 <span class=\"sya_sep\">- <\/span><\/span><a href=\"http:\/\/www.news.weisseritztalbahn.de\/?p=5030\" class=\"sya_postlink post-5030\" rel=\"bookmark\">Die ersten neuen Gleise liegen schon<\/a> <span class=\"sya_categories\"><span class=\"sya_bracket\">(<\/span>2. Bauabschnitt, Presse \/ Medien, S\u00e4chsische Zeitung<span class=\"sya_bracket\">)<\/span><\/span><\/div><\/li><li class=\"\"><div class=\"sya_postcontent\"><span class=\"sya_date\">08.07.2016 <span class=\"sya_sep\">- <\/span><\/span><a href=\"http:\/\/www.news.weisseritztalbahn.de\/?p=5016\" class=\"sya_postlink post-5016\" rel=\"bookmark\">Mit der Wei\u00dferitztalbahn zur Baustellen-Tour<\/a> <span class=\"sya_categories\"><span class=\"sya_bracket\">(<\/span>Presse \/ Medien, S\u00e4chsische Zeitung, Sonstiges<span class=\"sya_bracket\">)<\/span><\/span><\/div><\/li><li class=\"\"><div class=\"sya_postcontent\"><span class=\"sya_date\">04.07.2016 <span class=\"sya_sep\">- <\/span><\/span><a href=\"http:\/\/www.news.weisseritztalbahn.de\/?p=5013\" class=\"sya_postlink post-5013\" rel=\"bookmark\">Wellness f\u00fcr die Wei\u00dferitztalbahn<\/a> <span class=\"sya_categories\"><span class=\"sya_bracket\">(<\/span>Presse \/ Medien, S\u00e4chsische Zeitung<span class=\"sya_bracket\">)<\/span><\/span><\/div><\/li><li class=\"\"><div class=\"sya_postcontent\"><span class=\"sya_date\">03.07.2016 <span class=\"sya_sep\">- <\/span><\/span><a href=\"http:\/\/www.news.weisseritztalbahn.de\/?p=5009\" class=\"sya_postlink post-5009\" rel=\"bookmark\">Schmiedeberg bereitet sich auf den Bimmelbahn-Start vor<\/a> <span class=\"sya_categories\"><span class=\"sya_bracket\">(<\/span>Presse \/ Medien, S\u00e4chsische Zeitung<span class=\"sya_bracket\">)<\/span><\/span><\/div><\/li><li class=\"\"><div class=\"sya_postcontent\"><span class=\"sya_date\">25.06.2016 <span class=\"sya_sep\">- <\/span><\/span><a href=\"http:\/\/www.news.weisseritztalbahn.de\/?p=5001\" class=\"sya_postlink post-5001\" rel=\"bookmark\">Ausschreibung f\u00fcr Bimmelbahnbau<\/a> <span class=\"sya_categories\"><span class=\"sya_bracket\">(<\/span>2. Bauabschnitt, S\u00e4chsische Zeitung<span class=\"sya_bracket\">)<\/span><\/span><\/div><\/li><li class=\"\"><div class=\"sya_postcontent\"><span class=\"sya_date\">23.06.2016 <span class=\"sya_sep\">- <\/span><\/span><a href=\"http:\/\/www.news.weisseritztalbahn.de\/?p=4990\" class=\"sya_postlink post-4990\" rel=\"bookmark\">Wird die Wei\u00dferitztalbahn eingedampft?<\/a> <span class=\"sya_categories\"><span class=\"sya_bracket\">(<\/span>Presse \/ Medien, S\u00e4chsische Zeitung, Sonstiges<span class=\"sya_bracket\">)<\/span><\/span><\/div><\/li><li class=\"\"><div class=\"sya_postcontent\"><span class=\"sya_date\">19.06.2016 <span class=\"sya_sep\">- <\/span><\/span><a href=\"http:\/\/www.news.weisseritztalbahn.de\/?p=4959\" class=\"sya_postlink post-4959\" rel=\"bookmark\">Dixiezug am 18.06.2016<\/a> <span class=\"sya_categories\"><span class=\"sya_bracket\">(<\/span>Sonstiges<span class=\"sya_bracket\">)<\/span><\/span><\/div><\/li><li class=\"\"><div class=\"sya_postcontent\"><span class=\"sya_date\">06.06.2016 <span class=\"sya_sep\">- <\/span><\/span><a href=\"http:\/\/www.news.weisseritztalbahn.de\/?p=4866\" class=\"sya_postlink post-4866\" rel=\"bookmark\">Endlich ist die IV K 99 608 wieder einmal in ihrem Heimat-Bw Freital-Hainsberg.<\/a> <span class=\"sya_categories\"><span class=\"sya_bracket\">(<\/span>Sonstiges<span class=\"sya_bracket\">)<\/span><\/span><\/div><\/li><li class=\"\"><div class=\"sya_postcontent\"><span class=\"sya_date\">25.05.2016 <span class=\"sya_sep\">- <\/span><\/span><a href=\"http:\/\/www.news.weisseritztalbahn.de\/?p=4861\" class=\"sya_postlink post-4861\" rel=\"bookmark\">Probefahrt V10C<\/a> <span class=\"sya_categories\"><span class=\"sya_bracket\">(<\/span>Sonstiges<span class=\"sya_bracket\">)<\/span><\/span><\/div><\/li><li class=\"\"><div class=\"sya_postcontent\"><span class=\"sya_date\">23.05.2016 <span class=\"sya_sep\">- <\/span><\/span><a href=\"http:\/\/www.news.weisseritztalbahn.de\/?p=4837\" class=\"sya_postlink post-4837\" rel=\"bookmark\">\u201eEs gen\u00fcgt nicht nur Geld f\u00fcr den Wiederaufbau\u201c<\/a> <span class=\"sya_categories\"><span class=\"sya_bracket\">(<\/span>Presse \/ Medien, S\u00e4chsische Zeitung<span class=\"sya_bracket\">)<\/span><\/span><\/div><\/li><li class=\"\"><div class=\"sya_postcontent\"><span class=\"sya_date\">03.05.2016 <span class=\"sya_sep\">- <\/span><\/span><a href=\"http:\/\/www.news.weisseritztalbahn.de\/?p=4744\" class=\"sya_postlink post-4744\" rel=\"bookmark\">Hauptuntersuchung der V10C<\/a> <span class=\"sya_categories\"><span class=\"sya_bracket\">(<\/span>Sonstiges<span class=\"sya_bracket\">)<\/span><\/span><\/div><\/li><li class=\"\"><div class=\"sya_postcontent\"><span class=\"sya_date\">02.05.2016 <span class=\"sya_sep\">- <\/span><\/span><a href=\"http:\/\/www.news.weisseritztalbahn.de\/?p=4742\" class=\"sya_postlink post-4742\" rel=\"bookmark\">Kunstatelier mitten im Bahnhof<\/a> <span class=\"sya_categories\"><span class=\"sya_bracket\">(<\/span>Sonstiges<span class=\"sya_bracket\">)<\/span><\/span><\/div><\/li><li class=\"\"><div class=\"sya_postcontent\"><span class=\"sya_date\">30.04.2016 <span class=\"sya_sep\">- <\/span><\/span><a href=\"http:\/\/www.news.weisseritztalbahn.de\/?p=4728\" class=\"sya_postlink post-4728\" rel=\"bookmark\">Der Aussichtswagen ist wieder in Betrieb<\/a> <span class=\"sya_categories\"><span class=\"sya_bracket\">(<\/span>Sonstiges<span class=\"sya_bracket\">)<\/span><\/span><\/div><\/li><li class=\"\"><div class=\"sya_postcontent\"><span class=\"sya_date\">25.04.2016 <span class=\"sya_sep\">- <\/span><\/span><a href=\"http:\/\/www.news.weisseritztalbahn.de\/?p=4731\" class=\"sya_postlink post-4731\" rel=\"bookmark\">Mauerkrone der Talsperre Malter gesperrt<\/a> <span class=\"sya_categories\"><span class=\"sya_bracket\">(<\/span>Sonstiges<span class=\"sya_bracket\">)<\/span><\/span><\/div><\/li><li class=\"\"><div class=\"sya_postcontent\"><span class=\"sya_date\">22.04.2016 <span class=\"sya_sep\">- <\/span><\/span><a href=\"http:\/\/www.news.weisseritztalbahn.de\/?p=4726\" class=\"sya_postlink post-4726\" rel=\"bookmark\">Die Pl\u00e4ne f\u00fcr die Wei\u00dferitztalbahn<\/a> <span class=\"sya_categories\"><span class=\"sya_bracket\">(<\/span>Sonstiges<span class=\"sya_bracket\">)<\/span><\/span><\/div><\/li><li class=\"\"><div class=\"sya_postcontent\"><span class=\"sya_date\">14.04.2016 <span class=\"sya_sep\">- <\/span><\/span><a href=\"http:\/\/www.news.weisseritztalbahn.de\/?p=4722\" class=\"sya_postlink post-4722\" rel=\"bookmark\">Staumauer Malter gesperrt!<\/a> <span class=\"sya_categories\"><span class=\"sya_bracket\">(<\/span>Sonstiges<span class=\"sya_bracket\">)<\/span><\/span><\/div><\/li><li class=\"\"><div class=\"sya_postcontent\"><span class=\"sya_date\">07.04.2016 <span class=\"sya_sep\">- <\/span><\/span><a href=\"http:\/\/www.news.weisseritztalbahn.de\/?p=4719\" class=\"sya_postlink post-4719\" rel=\"bookmark\">Wo die Bimmel Wasser zapft<\/a> <span class=\"sya_categories\"><span class=\"sya_bracket\">(<\/span>2. Bauabschnitt, Kurort Kipsdorf, S\u00e4chsische Zeitung<span class=\"sya_bracket\">)<\/span><\/span><\/div><\/li><li class=\"\"><div class=\"sya_postcontent\"><span class=\"sya_date\">30.03.2016 <span class=\"sya_sep\">- <\/span><\/span><a href=\"http:\/\/www.news.weisseritztalbahn.de\/?p=4715\" class=\"sya_postlink post-4715\" rel=\"bookmark\">Nachlese Osterhasenexpress 2016<\/a> <span class=\"sya_categories\"><span class=\"sya_bracket\">(<\/span>Sonstiges<span class=\"sya_bracket\">)<\/span><\/span><\/div><\/li><li class=\"\"><div class=\"sya_postcontent\"><span class=\"sya_date\">24.03.2016 <span class=\"sya_sep\">- <\/span><\/span><a href=\"http:\/\/www.news.weisseritztalbahn.de\/?p=4618\" class=\"sya_postlink post-4618\" rel=\"bookmark\"><\/a> <span class=\"sya_categories\"><span class=\"sya_bracket\">(<\/span>Kurort Kipsdorf, S\u00e4chsische Zeitung, Sonstiges<span class=\"sya_bracket\">)<\/span><\/span><\/div><\/li><li class=\"\"><div class=\"sya_postcontent\"><span class=\"sya_date\">08.03.2016 <span class=\"sya_sep\">- <\/span><\/span><a href=\"http:\/\/www.news.weisseritztalbahn.de\/?p=4588\" class=\"sya_postlink post-4588\" rel=\"bookmark\"><\/a> <span class=\"sya_categories\"><span class=\"sya_bracket\">(<\/span>S\u00e4chsische Zeitung, Sonstiges<span class=\"sya_bracket\">)<\/span><\/span><\/div><\/li><li class=\"\"><div class=\"sya_postcontent\"><span class=\"sya_date\">29.02.2016 <span class=\"sya_sep\">- <\/span><\/span><a href=\"http:\/\/www.news.weisseritztalbahn.de\/?p=4599\" class=\"sya_postlink post-4599\" rel=\"bookmark\">Schmiedeberger bedauern Verlust der W\u00e4scherolle<\/a> <span class=\"sya_categories\"><span class=\"sya_bracket\">(<\/span>Presse \/ Medien, S\u00e4chsische Zeitung<span class=\"sya_bracket\">)<\/span><\/span><\/div><\/li><li class=\"\"><div class=\"sya_postcontent\"><span class=\"sya_date\">26.02.2016 <span class=\"sya_sep\">- <\/span><\/span><a href=\"http:\/\/www.news.weisseritztalbahn.de\/?p=4592\" class=\"sya_postlink post-4592\" rel=\"bookmark\">Streit um Mehrkosten f\u00fcr Wei\u00dferitztalbahn beendet<\/a> <span class=\"sya_categories\"><span class=\"sya_bracket\">(<\/span>S\u00e4chsische Zeitung<span class=\"sya_bracket\">)<\/span><\/span><\/div><\/li><li class=\"\"><div class=\"sya_postcontent\"><span class=\"sya_date\">25.02.2016 <span class=\"sya_sep\">- <\/span><\/span><a href=\"http:\/\/www.news.weisseritztalbahn.de\/?p=4581\" class=\"sya_postlink post-4581\" rel=\"bookmark\">Startschuss f\u00fcr den Wiederaufbau<\/a> <span class=\"sya_categories\"><span class=\"sya_bracket\">(<\/span>Presse \/ Medien, S\u00e4chsische Zeitung, Sonstiges<span class=\"sya_bracket\">)<\/span><\/span><\/div><\/li><li class=\"\"><div class=\"sya_postcontent\"><span class=\"sya_date\">25.02.2016 <span class=\"sya_sep\">- <\/span><\/span><a href=\"http:\/\/www.news.weisseritztalbahn.de\/?p=4579\" class=\"sya_postlink post-4579\" rel=\"bookmark\">Wei\u00dferitztalbahn dampft im MDR<\/a> <span class=\"sya_categories\"><span class=\"sya_bracket\">(<\/span>S\u00e4chsische Zeitung<span class=\"sya_bracket\">)<\/span><\/span><\/div><\/li><li class=\"\"><div class=\"sya_postcontent\"><span class=\"sya_date\">09.02.2016 <span class=\"sya_sep\">- <\/span><\/span><a href=\"http:\/\/www.news.weisseritztalbahn.de\/?p=4576\" class=\"sya_postlink post-4576\" rel=\"bookmark\">Pfannkuchen in der Bimmelbahn<\/a> <span class=\"sya_categories\"><span class=\"sya_bracket\">(<\/span>S\u00e4chsische Zeitung<span class=\"sya_bracket\">)<\/span><\/span><\/div><\/li><li class=\"\"><div class=\"sya_postcontent\"><span class=\"sya_date\">06.02.2016 <span class=\"sya_sep\">- <\/span><\/span><a href=\"http:\/\/www.news.weisseritztalbahn.de\/?p=4572\" class=\"sya_postlink post-4572\" rel=\"bookmark\">Wie weit reicht die Kohle?<\/a> <span class=\"sya_categories\"><span class=\"sya_bracket\">(<\/span>S\u00e4chsische Zeitung<span class=\"sya_bracket\">)<\/span><\/span><\/div><\/li><li class=\"\"><div class=\"sya_postcontent\"><span class=\"sya_date\">04.02.2016 <span class=\"sya_sep\">- <\/span><\/span><a href=\"http:\/\/www.news.weisseritztalbahn.de\/?p=4567\" class=\"sya_postlink post-4567\" rel=\"bookmark\">Wei\u00dferitztalbahn wird wieder aufgebaut<\/a> <span class=\"sya_categories\"><span class=\"sya_bracket\">(<\/span>Sonstiges<span class=\"sya_bracket\">)<\/span><\/span><\/div><\/li><li class=\"\"><div class=\"sya_postcontent\"><span class=\"sya_date\">28.01.2016 <span class=\"sya_sep\">- <\/span><\/span><a href=\"http:\/\/www.news.weisseritztalbahn.de\/?p=4561\" class=\"sya_postlink post-4561\" rel=\"bookmark\">Angebote f\u00fcr Wei\u00dferitztalbahn<\/a> <span class=\"sya_categories\"><span class=\"sya_bracket\">(<\/span>S\u00e4chsische Zeitung<span class=\"sya_bracket\">)<\/span><\/span><\/div><\/li><li class=\"\"><div class=\"sya_postcontent\"><span class=\"sya_date\">27.01.2016 <span class=\"sya_sep\">- <\/span><\/span><a href=\"http:\/\/www.news.weisseritztalbahn.de\/?p=4564\" class=\"sya_postlink post-4564\" rel=\"bookmark\">Entscheidung zur Bimmel im Februar<\/a> <span class=\"sya_categories\"><span class=\"sya_bracket\">(<\/span>Sonstiges<span class=\"sya_bracket\">)<\/span><\/span><\/div><\/li><li class=\"\"><div class=\"sya_postcontent\"><span class=\"sya_date\">20.01.2016 <span class=\"sya_sep\">- <\/span><\/span><a href=\"http:\/\/www.news.weisseritztalbahn.de\/?p=4555\" class=\"sya_postlink post-4555\" rel=\"bookmark\">Drei Firmen wollen Wei\u00dferitztalbahn wieder aufbauen<\/a> <span class=\"sya_categories\"><span class=\"sya_bracket\">(<\/span>S\u00e4chsische Zeitung, Sonstiges<span class=\"sya_bracket\">)<\/span><\/span><\/div><\/li><\/ul><h3><a id=\"year2015\"><\/a>2015 <span class=\"sya_yearcount\"><span class=\"sya_bracket\">(<\/span>34<span class=\"sya_bracket\">)<\/span><\/span><\/h3><ul><li class=\"\"><div class=\"sya_postcontent\"><span class=\"sya_date\">23.12.2015 <span class=\"sya_sep\">- <\/span><\/span><a href=\"http:\/\/www.news.weisseritztalbahn.de\/?p=4541\" class=\"sya_postlink post-4541\" rel=\"bookmark\">Erfolgsjahr f\u00fcr Wei\u00dferitztalbahn<\/a> <span class=\"sya_categories\"><span class=\"sya_bracket\">(<\/span>S\u00e4chsische Zeitung<span class=\"sya_bracket\">)<\/span><\/span><\/div><\/li><li class=\"\"><div class=\"sya_postcontent\"><span class=\"sya_date\">06.12.2015 <span class=\"sya_sep\">- <\/span><\/span><a href=\"http:\/\/www.news.weisseritztalbahn.de\/?p=4534\" class=\"sya_postlink post-4534\" rel=\"bookmark\">Nikolauszug auf der Wei\u00dferitztalbahn am 05.12.2015<\/a> <span class=\"sya_categories\"><span class=\"sya_bracket\">(<\/span>Sonstiges<span class=\"sya_bracket\">)<\/span><\/span><\/div><\/li><li class=\"\"><div class=\"sya_postcontent\"><span class=\"sya_date\">29.11.2015 <span class=\"sya_sep\">- <\/span><\/span><a href=\"http:\/\/www.news.weisseritztalbahn.de\/?p=4486\" class=\"sya_postlink post-4486\" rel=\"bookmark\">Fotos vom Kleinbahnadvent 2015<\/a> <span class=\"sya_categories\"><span class=\"sya_bracket\">(<\/span>Sonstiges<span class=\"sya_bracket\">)<\/span><\/span><\/div><\/li><li class=\"\"><div class=\"sya_postcontent\"><span class=\"sya_date\">27.11.2015 <span class=\"sya_sep\">- <\/span><\/span><a href=\"http:\/\/www.news.weisseritztalbahn.de\/?p=4457\" class=\"sya_postlink post-4457\" rel=\"bookmark\">Kleinbahnadvent am 28. und 29. November 2015<\/a> <span class=\"sya_categories\"><span class=\"sya_bracket\">(<\/span>Presse \/ Medien, S\u00e4chsische Zeitung<span class=\"sya_bracket\">)<\/span><\/span><\/div><\/li><li class=\"\"><div class=\"sya_postcontent\"><span class=\"sya_date\">26.11.2015 <span class=\"sya_sep\">- <\/span><\/span><a href=\"http:\/\/www.news.weisseritztalbahn.de\/?p=4476\" class=\"sya_postlink post-4476\" rel=\"bookmark\">Wiederaufbau bis Kipsdorf steht bevor<\/a> <span class=\"sya_categories\"><span class=\"sya_bracket\">(<\/span>Presse \/ Medien, S\u00e4chsische Zeitung<span class=\"sya_bracket\">)<\/span><\/span><\/div><\/li><li class=\"\"><div class=\"sya_postcontent\"><span class=\"sya_date\">25.11.2015 <span class=\"sya_sep\">- <\/span><\/span><a href=\"http:\/\/www.news.weisseritztalbahn.de\/?p=4472\" class=\"sya_postlink post-4472\" rel=\"bookmark\">Ausschreibung f\u00fcr den 2. BA der Wei\u00dferitztalbahn<\/a> <span class=\"sya_categories\"><span class=\"sya_bracket\">(<\/span>Sonstiges<span class=\"sya_bracket\">)<\/span><\/span><\/div><\/li><li class=\"\"><div class=\"sya_postcontent\"><span class=\"sya_date\">23.11.2015 <span class=\"sya_sep\">- <\/span><\/span><a href=\"http:\/\/www.news.weisseritztalbahn.de\/?p=4468\" class=\"sya_postlink post-4468\" rel=\"bookmark\">Wei\u00dferitztalbahn dampft durch<\/a> <span class=\"sya_categories\"><span class=\"sya_bracket\">(<\/span>Presse \/ Medien, S\u00e4chsische Zeitung<span class=\"sya_bracket\">)<\/span><\/span><\/div><\/li><li class=\"\"><div class=\"sya_postcontent\"><span class=\"sya_date\">22.11.2015 <span class=\"sya_sep\">- <\/span><\/span><a href=\"http:\/\/www.news.weisseritztalbahn.de\/?p=4461\" class=\"sya_postlink post-4461\" rel=\"bookmark\">Ausschreibung Sanierung Lokschuppen Kipsdorf<\/a> <span class=\"sya_categories\"><span class=\"sya_bracket\">(<\/span>Sonstiges<span class=\"sya_bracket\">)<\/span><\/span><\/div><\/li><li class=\"\"><div class=\"sya_postcontent\"><span class=\"sya_date\">20.10.2015 <span class=\"sya_sep\">- <\/span><\/span><a href=\"http:\/\/www.news.weisseritztalbahn.de\/?p=4449\" class=\"sya_postlink post-4449\" rel=\"bookmark\">Nostalgiefahrten werden verl\u00e4ngert<\/a> <span class=\"sya_categories\"><span class=\"sya_bracket\">(<\/span>Presse \/ Medien, S\u00e4chsische Zeitung, Sonstiges<span class=\"sya_bracket\">)<\/span><\/span><\/div><\/li><li class=\"\"><div class=\"sya_postcontent\"><span class=\"sya_date\">15.09.2015 <span class=\"sya_sep\">- <\/span><\/span><a href=\"http:\/\/www.news.weisseritztalbahn.de\/?p=4436\" class=\"sya_postlink post-4436\" rel=\"bookmark\">Bimmel f\u00e4hrt mit Altbauwagen<\/a> <span class=\"sya_categories\"><span class=\"sya_bracket\">(<\/span>Presse \/ Medien, S\u00e4chsische Zeitung<span class=\"sya_bracket\">)<\/span><\/span><\/div><\/li><li class=\"\"><div class=\"sya_postcontent\"><span class=\"sya_date\">23.08.2015 <span class=\"sya_sep\">- <\/span><\/span><a href=\"http:\/\/www.news.weisseritztalbahn.de\/?p=4428\" class=\"sya_postlink post-4428\" rel=\"bookmark\">Zuckert\u00fctenfahrt 2015<\/a> <span class=\"sya_categories\"><span class=\"sya_bracket\">(<\/span>Sonstiges<span class=\"sya_bracket\">)<\/span><\/span><\/div><\/li><li class=\"\"><div class=\"sya_postcontent\"><span class=\"sya_date\">02.08.2015 <span class=\"sya_sep\">- <\/span><\/span><a href=\"http:\/\/www.news.weisseritztalbahn.de\/?p=4406\" class=\"sya_postlink post-4406\" rel=\"bookmark\">Mit der Zuckert\u00fcte in die Bimmelbahn<\/a> <span class=\"sya_categories\"><span class=\"sya_bracket\">(<\/span>Sonstiges<span class=\"sya_bracket\">)<\/span><\/span><\/div><\/li><li class=\"\"><div class=\"sya_postcontent\"><span class=\"sya_date\">24.07.2015 <span class=\"sya_sep\">- <\/span><\/span><a href=\"http:\/\/www.news.weisseritztalbahn.de\/?p=4398\" class=\"sya_postlink post-4398\" rel=\"bookmark\">Plan f\u00fcr Bau der Wei\u00dferitztalbahn<\/a> <span class=\"sya_categories\"><span class=\"sya_bracket\">(<\/span>Sonstiges<span class=\"sya_bracket\">)<\/span><\/span><\/div><\/li><li class=\"\"><div class=\"sya_postcontent\"><span class=\"sya_date\">22.07.2015 <span class=\"sya_sep\">- <\/span><\/span><a href=\"http:\/\/www.news.weisseritztalbahn.de\/?p=4392\" class=\"sya_postlink post-4392\" rel=\"bookmark\">Bald wieder freie Fahrt nach Kipsdorf<\/a> <span class=\"sya_categories\"><span class=\"sya_bracket\">(<\/span>Sonstiges<span class=\"sya_bracket\">)<\/span><\/span><\/div><\/li><li class=\"\"><div class=\"sya_postcontent\"><span class=\"sya_date\">20.07.2015 <span class=\"sya_sep\">- <\/span><\/span><a href=\"http:\/\/www.news.weisseritztalbahn.de\/?p=4402\" class=\"sya_postlink post-4402\" rel=\"bookmark\">Das Warteh\u00e4uschen in Spechtritz wurde am Wochenende durch Unbekannte verw\u00fcstet.<\/a> <span class=\"sya_categories\"><span class=\"sya_bracket\">(<\/span>S\u00e4chsische Zeitung<span class=\"sya_bracket\">)<\/span><\/span><\/div><\/li><li class=\"\"><div class=\"sya_postcontent\"><span class=\"sya_date\">20.07.2015 <span class=\"sya_sep\">- <\/span><\/span><a href=\"http:\/\/www.news.weisseritztalbahn.de\/?p=4386\" class=\"sya_postlink post-4386\" rel=\"bookmark\">Der Herr der Lok<\/a> <span class=\"sya_categories\"><span class=\"sya_bracket\">(<\/span>Sonstiges<span class=\"sya_bracket\">)<\/span><\/span><\/div><\/li><li class=\"\"><div class=\"sya_postcontent\"><span class=\"sya_date\">18.07.2015 <span class=\"sya_sep\">- <\/span><\/span><a href=\"http:\/\/www.news.weisseritztalbahn.de\/?p=4332\" class=\"sya_postlink post-4332\" rel=\"bookmark\">Schmalspurfest 2015<\/a> <span class=\"sya_categories\"><span class=\"sya_bracket\">(<\/span>Sonstiges<span class=\"sya_bracket\">)<\/span><\/span><\/div><\/li><li class=\"\"><div class=\"sya_postcontent\"><span class=\"sya_date\">17.07.2015 <span class=\"sya_sep\">- <\/span><\/span><a href=\"http:\/\/www.news.weisseritztalbahn.de\/?p=4388\" class=\"sya_postlink post-4388\" rel=\"bookmark\">Dampf im Rabenauer Grund<\/a> <span class=\"sya_categories\"><span class=\"sya_bracket\">(<\/span>Sonstiges<span class=\"sya_bracket\">)<\/span><\/span><\/div><\/li><li class=\"\"><div class=\"sya_postcontent\"><span class=\"sya_date\">14.07.2015 <span class=\"sya_sep\">- <\/span><\/span><a href=\"http:\/\/www.news.weisseritztalbahn.de\/?p=4245\" class=\"sya_postlink post-4245\" rel=\"bookmark\">Mit Volldampf voraus<\/a> <span class=\"sya_categories\"><span class=\"sya_bracket\">(<\/span>Sonstiges<span class=\"sya_bracket\">)<\/span><\/span><\/div><\/li><li class=\"\"><div class=\"sya_postcontent\"><span class=\"sya_date\">09.07.2015 <span class=\"sya_sep\">- <\/span><\/span><a href=\"http:\/\/www.news.weisseritztalbahn.de\/?p=4241\" class=\"sya_postlink post-4241\" rel=\"bookmark\">Pressemitteilung des VVO zum Schmalspurfest<\/a> <span class=\"sya_categories\"><span class=\"sya_bracket\">(<\/span>Presse \/ Medien, Sonstiges<span class=\"sya_bracket\">)<\/span><\/span><\/div><\/li><li class=\"\"><div class=\"sya_postcontent\"><span class=\"sya_date\">05.07.2015 <span class=\"sya_sep\">- <\/span><\/span><a href=\"http:\/\/www.news.weisseritztalbahn.de\/?p=4238\" class=\"sya_postlink post-4238\" rel=\"bookmark\">Wie viel \u201eBimmel\u201c brauchen wir?<\/a> <span class=\"sya_categories\"><span class=\"sya_bracket\">(<\/span>Sonstiges<span class=\"sya_bracket\">)<\/span><\/span><\/div><\/li><li class=\"\"><div class=\"sya_postcontent\"><span class=\"sya_date\">28.06.2015 <span class=\"sya_sep\">- <\/span><\/span><a href=\"http:\/\/www.news.weisseritztalbahn.de\/?p=4232\" class=\"sya_postlink post-4232\" rel=\"bookmark\">Fotos des diesj\u00e4hrigen Dixiezuges<\/a> <span class=\"sya_categories\"><span class=\"sya_bracket\">(<\/span>Sonstiges<span class=\"sya_bracket\">)<\/span><\/span><\/div><\/li><li class=\"\"><div class=\"sya_postcontent\"><span class=\"sya_date\">05.06.2015 <span class=\"sya_sep\">- <\/span><\/span><a href=\"http:\/\/www.news.weisseritztalbahn.de\/?p=4114\" class=\"sya_postlink post-4114\" rel=\"bookmark\">Erzgebirgischer Eisenbahn- und Oldtimererlebnis-Sommer 2015<\/a> <span class=\"sya_categories\"><span class=\"sya_bracket\">(<\/span>Sonstiges<span class=\"sya_bracket\">)<\/span><\/span><\/div><\/li><li class=\"\"><div class=\"sya_postcontent\"><span class=\"sya_date\">28.05.2015 <span class=\"sya_sep\">- <\/span><\/span><a href=\"http:\/\/www.news.weisseritztalbahn.de\/?p=4106\" class=\"sya_postlink post-4106\" rel=\"bookmark\">Freitaler und die Eisenbahnfreunde werden wieder zum Narren gehalten<\/a> <span class=\"sya_categories\"><span class=\"sya_bracket\">(<\/span>S\u00e4chsische Zeitung, Sonstiges<span class=\"sya_bracket\">)<\/span><\/span><\/div><\/li><li class=\"\"><div class=\"sya_postcontent\"><span class=\"sya_date\">05.05.2015 <span class=\"sya_sep\">- <\/span><\/span><a href=\"http:\/\/www.news.weisseritztalbahn.de\/?p=4098\" class=\"sya_postlink post-4098\" rel=\"bookmark\">Etliche Z\u00fcge und S-Bahnen fallen aus<\/a> <span class=\"sya_categories\"><span class=\"sya_bracket\">(<\/span>Sonstiges<span class=\"sya_bracket\">)<\/span><\/span><\/div><\/li><li class=\"\"><div class=\"sya_postcontent\"><span class=\"sya_date\">02.05.2015 <span class=\"sya_sep\">- <\/span><\/span><a href=\"http:\/\/www.news.weisseritztalbahn.de\/?p=4092\" class=\"sya_postlink post-4092\" rel=\"bookmark\">Wie lange gilt der Fahrplan der Wei\u00dferitztalbahn?<\/a> <span class=\"sya_categories\"><span class=\"sya_bracket\">(<\/span>Presse \/ Medien, S\u00e4chsische Zeitung<span class=\"sya_bracket\">)<\/span><\/span><\/div><\/li><li class=\"\"><div class=\"sya_postcontent\"><span class=\"sya_date\">11.04.2015 <span class=\"sya_sep\">- <\/span><\/span><a href=\"http:\/\/www.news.weisseritztalbahn.de\/?p=4089\" class=\"sya_postlink post-4089\" rel=\"bookmark\">Geldnot bei Freitaler Bimmel<\/a> <span class=\"sya_categories\"><span class=\"sya_bracket\">(<\/span>Sonstiges<span class=\"sya_bracket\">)<\/span><\/span><\/div><\/li><li class=\"\"><div class=\"sya_postcontent\"><span class=\"sya_date\">06.04.2015 <span class=\"sya_sep\">- <\/span><\/span><a href=\"http:\/\/www.news.weisseritztalbahn.de\/?p=4083\" class=\"sya_postlink post-4083\" rel=\"bookmark\">Ostereiersuche in Malter<\/a> <span class=\"sya_categories\"><span class=\"sya_bracket\">(<\/span>Sonstiges<span class=\"sya_bracket\">)<\/span><\/span><\/div><\/li><li class=\"\"><div class=\"sya_postcontent\"><span class=\"sya_date\">20.03.2015 <span class=\"sya_sep\">- <\/span><\/span><a href=\"http:\/\/www.news.weisseritztalbahn.de\/?p=4055\" class=\"sya_postlink post-4055\" rel=\"bookmark\">Wie wird die Bimmelbahn bis Kipsdorf gebaut?<\/a> <span class=\"sya_categories\"><span class=\"sya_bracket\">(<\/span>S\u00e4chsische Zeitung, Vorarbeiten Wiederaufbau Dipps-Kipsdorf<span class=\"sya_bracket\">)<\/span><\/span><\/div><\/li><li class=\"\"><div class=\"sya_postcontent\"><span class=\"sya_date\">15.03.2015 <span class=\"sya_sep\">- <\/span><\/span><a href=\"http:\/\/www.news.weisseritztalbahn.de\/?p=4046\" class=\"sya_postlink post-4046\" rel=\"bookmark\">Die Wanderbahn im Wei\u00dferitztal<\/a> <span class=\"sya_categories\"><span class=\"sya_bracket\">(<\/span>S\u00e4chsische Zeitung<span class=\"sya_bracket\">)<\/span><\/span><\/div><\/li><li class=\"\"><div class=\"sya_postcontent\"><span class=\"sya_date\">28.02.2015 <span class=\"sya_sep\">- <\/span><\/span><a href=\"http:\/\/www.news.weisseritztalbahn.de\/?p=4043\" class=\"sya_postlink post-4043\" rel=\"bookmark\">Wei\u00dferitztalbahn holt auf<\/a> <span class=\"sya_categories\"><span class=\"sya_bracket\">(<\/span>Sonstiges<span class=\"sya_bracket\">)<\/span><\/span><\/div><\/li><li class=\"\"><div class=\"sya_postcontent\"><span class=\"sya_date\">25.02.2015 <span class=\"sya_sep\">- <\/span><\/span><a href=\"http:\/\/www.news.weisseritztalbahn.de\/?p=4039\" class=\"sya_postlink post-4039\" rel=\"bookmark\">Presseinformation des VVO<\/a> <span class=\"sya_categories\"><span class=\"sya_bracket\">(<\/span>Sonstiges<span class=\"sya_bracket\">)<\/span><\/span><\/div><\/li><li class=\"\"><div class=\"sya_postcontent\"><span class=\"sya_date\">13.02.2015 <span class=\"sya_sep\">- <\/span><\/span><a href=\"http:\/\/www.news.weisseritztalbahn.de\/?p=4020\" class=\"sya_postlink post-4020\" rel=\"bookmark\">Altbauwagen im Planbetrieb &#8211; verl\u00e4ngert bis 22. Februar 2015<\/a> <span class=\"sya_categories\"><span class=\"sya_bracket\">(<\/span>Sonstiges<span class=\"sya_bracket\">)<\/span><\/span><\/div><\/li><li class=\"\"><div class=\"sya_postcontent\"><span class=\"sya_date\">21.01.2015 <span class=\"sya_sep\">- <\/span><\/span><a href=\"http:\/\/www.news.weisseritztalbahn.de\/?p=4028\" class=\"sya_postlink post-4028\" rel=\"bookmark\">Modellbahnen fahren im Bauernmarkt<\/a> <span class=\"sya_categories\"><span class=\"sya_bracket\">(<\/span>Presse \/ Medien, S\u00e4chsische Zeitung<span class=\"sya_bracket\">)<\/span><\/span><\/div><\/li><\/ul><h3><a id=\"year2014\"><\/a>2014 <span class=\"sya_yearcount\"><span class=\"sya_bracket\">(<\/span>79<span class=\"sya_bracket\">)<\/span><\/span><\/h3><ul><li class=\"\"><div class=\"sya_postcontent\"><span class=\"sya_date\">22.12.2014 <span class=\"sya_sep\">- <\/span><\/span><a href=\"http:\/\/www.news.weisseritztalbahn.de\/?p=3998\" class=\"sya_postlink post-3998\" rel=\"bookmark\">99746 ist wieder in Freital-Hainsberg angekommen<\/a> <span class=\"sya_categories\"><span class=\"sya_bracket\">(<\/span>Sonstiges<span class=\"sya_bracket\">)<\/span><\/span><\/div><\/li><li class=\"\"><div class=\"sya_postcontent\"><span class=\"sya_date\">18.12.2014 <span class=\"sya_sep\">- <\/span><\/span><a href=\"http:\/\/www.news.weisseritztalbahn.de\/?p=3994\" class=\"sya_postlink post-3994\" rel=\"bookmark\">Im Grunde ist alles fertig<\/a> <span class=\"sya_categories\"><span class=\"sya_bracket\">(<\/span>Presse \/ Medien, S\u00e4chsische Zeitung<span class=\"sya_bracket\">)<\/span><\/span><\/div><\/li><li class=\"\"><div class=\"sya_postcontent\"><span class=\"sya_date\">11.12.2014 <span class=\"sya_sep\">- <\/span><\/span><a href=\"http:\/\/www.news.weisseritztalbahn.de\/?p=3987\" class=\"sya_postlink post-3987\" rel=\"bookmark\">Triebfahrzeuge unterwegs<\/a> <span class=\"sya_categories\"><span class=\"sya_bracket\">(<\/span>Sonstiges<span class=\"sya_bracket\">)<\/span><\/span><\/div><\/li><li class=\"\"><div class=\"sya_postcontent\"><span class=\"sya_date\">07.12.2014 <span class=\"sya_sep\">- <\/span><\/span><a href=\"http:\/\/www.news.weisseritztalbahn.de\/?p=3983\" class=\"sya_postlink post-3983\" rel=\"bookmark\">Nikolauszug 2014<\/a> <span class=\"sya_categories\"><span class=\"sya_bracket\">(<\/span>Sonstiges<span class=\"sya_bracket\">)<\/span><\/span><\/div><\/li><li class=\"\"><div class=\"sya_postcontent\"><span class=\"sya_date\">01.12.2014 <span class=\"sya_sep\">- <\/span><\/span><a href=\"http:\/\/www.news.weisseritztalbahn.de\/?p=3949\" class=\"sya_postlink post-3949\" rel=\"bookmark\">Jubil\u00e4um auf dem Bahnsteig<\/a> <span class=\"sya_categories\"><span class=\"sya_bracket\">(<\/span>Presse \/ Medien, S\u00e4chsische Zeitung<span class=\"sya_bracket\">)<\/span><\/span><\/div><\/li><li class=\"\"><div class=\"sya_postcontent\"><span class=\"sya_date\">30.11.2014 <span class=\"sya_sep\">- <\/span><\/span><a href=\"http:\/\/www.news.weisseritztalbahn.de\/?p=3942\" class=\"sya_postlink post-3942\" rel=\"bookmark\">Wei\u00dferitztalbahn begr\u00fc\u00dft millionsten Fahrgast<\/a> <span class=\"sya_categories\"><span class=\"sya_bracket\">(<\/span>Sonstiges<span class=\"sya_bracket\">)<\/span><\/span><\/div><\/li><li class=\"\"><div class=\"sya_postcontent\"><span class=\"sya_date\">29.11.2014 <span class=\"sya_sep\">- <\/span><\/span><a href=\"http:\/\/www.news.weisseritztalbahn.de\/?p=3903\" class=\"sya_postlink post-3903\" rel=\"bookmark\">Kleinbahnadvent 2014<\/a> <span class=\"sya_categories\"><span class=\"sya_bracket\">(<\/span>Freital-Hainsberg, Sonstiges<span class=\"sya_bracket\">)<\/span><\/span><\/div><\/li><li class=\"\"><div class=\"sya_postcontent\"><span class=\"sya_date\">29.11.2014 <span class=\"sya_sep\">- <\/span><\/span><a href=\"http:\/\/www.news.weisseritztalbahn.de\/?p=3900\" class=\"sya_postlink post-3900\" rel=\"bookmark\">Hier f\u00e4hrt bald die Bimmelbahn<\/a> <span class=\"sya_categories\"><span class=\"sya_bracket\">(<\/span>Presse \/ Medien, S\u00e4chsische Zeitung<span class=\"sya_bracket\">)<\/span><\/span><\/div><\/li><li class=\"\"><div class=\"sya_postcontent\"><span class=\"sya_date\">27.11.2014 <span class=\"sya_sep\">- <\/span><\/span><a href=\"http:\/\/www.news.weisseritztalbahn.de\/?p=3896\" class=\"sya_postlink post-3896\" rel=\"bookmark\">Weichenumbau Freital-Hainsberg<\/a> <span class=\"sya_categories\"><span class=\"sya_bracket\">(<\/span>Freital-Hainsberg<span class=\"sya_bracket\">)<\/span><\/span><\/div><\/li><li class=\"\"><div class=\"sya_postcontent\"><span class=\"sya_date\">26.11.2014 <span class=\"sya_sep\">- <\/span><\/span><a href=\"http:\/\/www.news.weisseritztalbahn.de\/?p=3876\" class=\"sya_postlink post-3876\" rel=\"bookmark\">Hier weihnachtet es zum ersten Advent<\/a> <span class=\"sya_categories\"><span class=\"sya_bracket\">(<\/span>Presse \/ Medien, S\u00e4chsische Zeitung<span class=\"sya_bracket\">)<\/span><\/span><\/div><\/li><li class=\"\"><div class=\"sya_postcontent\"><span class=\"sya_date\">25.11.2014 <span class=\"sya_sep\">- <\/span><\/span><a href=\"http:\/\/www.news.weisseritztalbahn.de\/?p=3874\" class=\"sya_postlink post-3874\" rel=\"bookmark\">Bimmel hat bald eine Million Mitfahrer<\/a> <span class=\"sya_categories\"><span class=\"sya_bracket\">(<\/span>Presse \/ Medien, S\u00e4chsische Zeitung<span class=\"sya_bracket\">)<\/span><\/span><\/div><\/li><li class=\"\"><div class=\"sya_postcontent\"><span class=\"sya_date\">24.11.2014 <span class=\"sya_sep\">- <\/span><\/span><a href=\"http:\/\/www.news.weisseritztalbahn.de\/?p=3869\" class=\"sya_postlink post-3869\" rel=\"bookmark\">Pressemitteilung von SDG und VVO am 24.11.2014<\/a> <span class=\"sya_categories\"><span class=\"sya_bracket\">(<\/span>Presse \/ Medien<span class=\"sya_bracket\">)<\/span><\/span><\/div><\/li><li class=\"\"><div class=\"sya_postcontent\"><span class=\"sya_date\">17.11.2014 <span class=\"sya_sep\">- <\/span><\/span><a href=\"http:\/\/www.news.weisseritztalbahn.de\/?p=3857\" class=\"sya_postlink post-3857\" rel=\"bookmark\">Kleinbahnadvent am 29.11. und 30.11.2014<\/a> <span class=\"sya_categories\"><span class=\"sya_bracket\">(<\/span>Sonstiges<span class=\"sya_bracket\">)<\/span><\/span><\/div><\/li><li class=\"\"><div class=\"sya_postcontent\"><span class=\"sya_date\">15.11.2014 <span class=\"sya_sep\">- <\/span><\/span><a href=\"http:\/\/www.news.weisseritztalbahn.de\/?p=3833\" class=\"sya_postlink post-3833\" rel=\"bookmark\">Baustellenwanderung vom 03.11. &#8211; 14.11.14 w\u00e4hrend der Sperrung<\/a> <span class=\"sya_categories\"><span class=\"sya_bracket\">(<\/span>Sonstiges<span class=\"sya_bracket\">)<\/span><\/span><\/div><\/li><li class=\"\"><div class=\"sya_postcontent\"><span class=\"sya_date\">10.11.2014 <span class=\"sya_sep\">- <\/span><\/span><a href=\"http:\/\/www.news.weisseritztalbahn.de\/?p=3823\" class=\"sya_postlink post-3823\" rel=\"bookmark\">Arbeitseinsatz der IGW<\/a> <span class=\"sya_categories\"><span class=\"sya_bracket\">(<\/span>Sonstiges<span class=\"sya_bracket\">)<\/span><\/span><\/div><\/li><li class=\"\"><div class=\"sya_postcontent\"><span class=\"sya_date\">05.11.2014 <span class=\"sya_sep\">- <\/span><\/span><a href=\"http:\/\/www.news.weisseritztalbahn.de\/?p=3821\" class=\"sya_postlink post-3821\" rel=\"bookmark\">Rabenauer Grund wird gesperrt<\/a> <span class=\"sya_categories\"><span class=\"sya_bracket\">(<\/span>Presse \/ Medien, S\u00e4chsische Zeitung<span class=\"sya_bracket\">)<\/span><\/span><\/div><\/li><li class=\"\"><div class=\"sya_postcontent\"><span class=\"sya_date\">03.11.2014 <span class=\"sya_sep\">- <\/span><\/span><a href=\"http:\/\/www.news.weisseritztalbahn.de\/?p=3813\" class=\"sya_postlink post-3813\" rel=\"bookmark\">Vollsperrung vom 3. bis 21. November wegen Wartungsarbeiten<\/a> <span class=\"sya_categories\"><span class=\"sya_bracket\">(<\/span>Sonstiges<span class=\"sya_bracket\">)<\/span><\/span><\/div><\/li><li class=\"\"><div class=\"sya_postcontent\"><span class=\"sya_date\">17.10.2014 <span class=\"sya_sep\">- <\/span><\/span><a href=\"http:\/\/www.news.weisseritztalbahn.de\/?p=3809\" class=\"sya_postlink post-3809\" rel=\"bookmark\">Altbauzug f\u00e4hrt auf der Wei\u00dferitztalbahn<\/a> <span class=\"sya_categories\"><span class=\"sya_bracket\">(<\/span>Presse \/ Medien, S\u00e4chsische Zeitung<span class=\"sya_bracket\">)<\/span><\/span><\/div><\/li><li class=\"\"><div class=\"sya_postcontent\"><span class=\"sya_date\">13.10.2014 <span class=\"sya_sep\">- <\/span><\/span><a href=\"http:\/\/www.news.weisseritztalbahn.de\/?p=3805\" class=\"sya_postlink post-3805\" rel=\"bookmark\">Die Bimmel macht Dampf<\/a> <span class=\"sya_categories\"><span class=\"sya_bracket\">(<\/span>Presse \/ Medien, S\u00e4chsische Zeitung<span class=\"sya_bracket\">)<\/span><\/span><\/div><\/li><li class=\"\"><div class=\"sya_postcontent\"><span class=\"sya_date\">08.10.2014 <span class=\"sya_sep\">- <\/span><\/span><a href=\"http:\/\/www.news.weisseritztalbahn.de\/?p=3796\" class=\"sya_postlink post-3796\" rel=\"bookmark\">Gro\u00dfbaustelle Rabenauer Grund<\/a> <span class=\"sya_categories\"><span class=\"sya_bracket\">(<\/span>Presse \/ Medien, S\u00e4chsische Zeitung<span class=\"sya_bracket\">)<\/span><\/span><\/div><\/li><li class=\"\"><div class=\"sya_postcontent\"><span class=\"sya_date\">30.09.2014 <span class=\"sya_sep\">- <\/span><\/span><a href=\"http:\/\/www.news.weisseritztalbahn.de\/?p=3790\" class=\"sya_postlink post-3790\" rel=\"bookmark\">Sonderfahrten fallen dieses Jahr aus<\/a> <span class=\"sya_categories\"><span class=\"sya_bracket\">(<\/span>S\u00e4chsische Zeitung<span class=\"sya_bracket\">)<\/span><\/span><\/div><\/li><li class=\"\"><div class=\"sya_postcontent\"><span class=\"sya_date\">29.09.2014 <span class=\"sya_sep\">- <\/span><\/span><a href=\"http:\/\/www.news.weisseritztalbahn.de\/?p=3786\" class=\"sya_postlink post-3786\" rel=\"bookmark\">Mehr Kohle f\u00fcr den Dampf<\/a> <span class=\"sya_categories\"><span class=\"sya_bracket\">(<\/span>Presse \/ Medien, S\u00e4chsische Zeitung<span class=\"sya_bracket\">)<\/span><\/span><\/div><\/li><li class=\"\"><div class=\"sya_postcontent\"><span class=\"sya_date\">27.09.2014 <span class=\"sya_sep\">- <\/span><\/span><a href=\"http:\/\/www.news.weisseritztalbahn.de\/?p=3784\" class=\"sya_postlink post-3784\" rel=\"bookmark\">Sonderzug GmP am 27.09.2014<\/a> <span class=\"sya_categories\"><span class=\"sya_bracket\">(<\/span>Sonstiges<span class=\"sya_bracket\">)<\/span><\/span><\/div><\/li><li class=\"\"><div class=\"sya_postcontent\"><span class=\"sya_date\">25.09.2014 <span class=\"sya_sep\">- <\/span><\/span><a href=\"http:\/\/www.news.weisseritztalbahn.de\/?p=3780\" class=\"sya_postlink post-3780\" rel=\"bookmark\">Nun wird tats\u00e4chlich an der Bimmelbahn gebaut<\/a> <span class=\"sya_categories\"><span class=\"sya_bracket\">(<\/span>Presse \/ Medien, S\u00e4chsische Zeitung<span class=\"sya_bracket\">)<\/span><\/span><\/div><\/li><li class=\"\"><div class=\"sya_postcontent\"><span class=\"sya_date\">17.09.2014 <span class=\"sya_sep\">- <\/span><\/span><a href=\"http:\/\/www.news.weisseritztalbahn.de\/?p=3776\" class=\"sya_postlink post-3776\" rel=\"bookmark\">Offene Rechnungen bei der Wei\u00dferitztalbahn<\/a> <span class=\"sya_categories\"><span class=\"sya_bracket\">(<\/span>Presse \/ Medien, S\u00e4chsische Zeitung<span class=\"sya_bracket\">)<\/span><\/span><\/div><\/li><li class=\"\"><div class=\"sya_postcontent\"><span class=\"sya_date\">11.09.2014 <span class=\"sya_sep\">- <\/span><\/span><a href=\"http:\/\/www.news.weisseritztalbahn.de\/?p=3771\" class=\"sya_postlink post-3771\" rel=\"bookmark\">Neuer Tarif ab 1. November bei Wei\u00dferitztalbahn<\/a> <span class=\"sya_categories\"><span class=\"sya_bracket\">(<\/span>Sonstiges<span class=\"sya_bracket\">)<\/span><\/span><\/div><\/li><li class=\"\"><div class=\"sya_postcontent\"><span class=\"sya_date\">23.08.2014 <span class=\"sya_sep\">- <\/span><\/span><a href=\"http:\/\/www.news.weisseritztalbahn.de\/?p=3768\" class=\"sya_postlink post-3768\" rel=\"bookmark\">Wie wird die Wei\u00dferitztalbahn bis Kipsdorf fahren?<\/a> <span class=\"sya_categories\"><span class=\"sya_bracket\">(<\/span>S\u00e4chsische Zeitung<span class=\"sya_bracket\">)<\/span><\/span><\/div><\/li><li class=\"\"><div class=\"sya_postcontent\"><span class=\"sya_date\">09.08.2014 <span class=\"sya_sep\">- <\/span><\/span><a href=\"http:\/\/www.news.weisseritztalbahn.de\/?p=3761\" class=\"sya_postlink post-3761\" rel=\"bookmark\">Br\u00fccken der Wei\u00dferitztalbahn rosten schon. Im Mai gab es den offiziellen Baustart mit dem Verkehrsminister. Aber wann wird wirklich gebaut?<\/a> <span class=\"sya_categories\"><span class=\"sya_bracket\">(<\/span>Presse \/ Medien, S\u00e4chsische Zeitung<span class=\"sya_bracket\">)<\/span><\/span><\/div><\/li><li class=\"\"><div class=\"sya_postcontent\"><span class=\"sya_date\">06.08.2014 <span class=\"sya_sep\">- <\/span><\/span><a href=\"http:\/\/www.news.weisseritztalbahn.de\/?p=3755\" class=\"sya_postlink post-3755\" rel=\"bookmark\">M\u00e4rchenzug geht am Freitag wieder auf gro\u00dfe Fahrt<\/a> <span class=\"sya_categories\"><span class=\"sya_bracket\">(<\/span>Sonstiges<span class=\"sya_bracket\">)<\/span><\/span><\/div><\/li><li class=\"\"><div class=\"sya_postcontent\"><span class=\"sya_date\">04.08.2014 <span class=\"sya_sep\">- <\/span><\/span><a href=\"http:\/\/www.news.weisseritztalbahn.de\/?p=3753\" class=\"sya_postlink post-3753\" rel=\"bookmark\">Wei\u00dferitztalbahn f\u00e4hrt trotz Baustelle<\/a> <span class=\"sya_categories\"><span class=\"sya_bracket\">(<\/span>Sonstiges<span class=\"sya_bracket\">)<\/span><\/span><\/div><\/li><li class=\"\"><div class=\"sya_postcontent\"><span class=\"sya_date\">01.08.2014 <span class=\"sya_sep\">- <\/span><\/span><a href=\"http:\/\/www.news.weisseritztalbahn.de\/?p=3750\" class=\"sya_postlink post-3750\" rel=\"bookmark\">Rabenauer Grund bleibt offen<\/a> <span class=\"sya_categories\"><span class=\"sya_bracket\">(<\/span>Presse \/ Medien, S\u00e4chsische Zeitung<span class=\"sya_bracket\">)<\/span><\/span><\/div><\/li><li class=\"\"><div class=\"sya_postcontent\"><span class=\"sya_date\">26.07.2014 <span class=\"sya_sep\">- <\/span><\/span><a href=\"http:\/\/www.news.weisseritztalbahn.de\/?p=3746\" class=\"sya_postlink post-3746\" rel=\"bookmark\">Rabenauer Grund wird zur Baustelle<\/a> <span class=\"sya_categories\"><span class=\"sya_bracket\">(<\/span>Presse \/ Medien, S\u00e4chsische Zeitung<span class=\"sya_bracket\">)<\/span><\/span><\/div><\/li><li class=\"\"><div class=\"sya_postcontent\"><span class=\"sya_date\">20.07.2014 <span class=\"sya_sep\">- <\/span><\/span><a href=\"http:\/\/www.news.weisseritztalbahn.de\/?p=3738\" class=\"sya_postlink post-3738\" rel=\"bookmark\">Schmalspurfest 2014<\/a> <span class=\"sya_categories\"><span class=\"sya_bracket\">(<\/span>Sonstiges<span class=\"sya_bracket\">)<\/span><\/span><\/div><\/li><li class=\"\"><div class=\"sya_postcontent\"><span class=\"sya_date\">19.07.2014 <span class=\"sya_sep\">- <\/span><\/span><a href=\"http:\/\/www.news.weisseritztalbahn.de\/?p=3732\" class=\"sya_postlink post-3732\" rel=\"bookmark\">Die Wei\u00dferitztalbahn hat ein Maskottchen<\/a> <span class=\"sya_categories\"><span class=\"sya_bracket\">(<\/span>Sonstiges<span class=\"sya_bracket\">)<\/span><\/span><\/div><\/li><li class=\"\"><div class=\"sya_postcontent\"><span class=\"sya_date\">19.07.2014 <span class=\"sya_sep\">- <\/span><\/span><a href=\"http:\/\/www.news.weisseritztalbahn.de\/?p=3726\" class=\"sya_postlink post-3726\" rel=\"bookmark\">Probe- und Dankesch\u00f6nfahrt vor dem Schmalspurfest<\/a> <span class=\"sya_categories\"><span class=\"sya_bracket\">(<\/span>Sonstiges<span class=\"sya_bracket\">)<\/span><\/span><\/div><\/li><li class=\"\"><div class=\"sya_postcontent\"><span class=\"sya_date\">19.07.2014 <span class=\"sya_sep\">- <\/span><\/span><a href=\"http:\/\/www.news.weisseritztalbahn.de\/?p=3720\" class=\"sya_postlink post-3720\" rel=\"bookmark\">Wiederaufbau im Rabenauer Grund startet<\/a> <span class=\"sya_categories\"><span class=\"sya_bracket\">(<\/span>Presse \/ Medien, S\u00e4chsische Zeitung, Sonstiges<span class=\"sya_bracket\">)<\/span><\/span><\/div><\/li><li class=\"\"><div class=\"sya_postcontent\"><span class=\"sya_date\">18.07.2014 <span class=\"sya_sep\">- <\/span><\/span><a href=\"http:\/\/www.news.weisseritztalbahn.de\/?p=3723\" class=\"sya_postlink post-3723\" rel=\"bookmark\">Bimmel-Fest soll wachsen<\/a> <span class=\"sya_categories\"><span class=\"sya_bracket\">(<\/span>Presse \/ Medien, S\u00e4chsische Zeitung, Sonstiges<span class=\"sya_bracket\">)<\/span><\/span><\/div><\/li><li class=\"\"><div class=\"sya_postcontent\"><span class=\"sya_date\">17.07.2014 <span class=\"sya_sep\">- <\/span><\/span><a href=\"http:\/\/www.news.weisseritztalbahn.de\/?p=3718\" class=\"sya_postlink post-3718\" rel=\"bookmark\">Ein Wochenende mit Kleinbahn und Oldtimern<\/a> <span class=\"sya_categories\"><span class=\"sya_bracket\">(<\/span>Presse \/ Medien, S\u00e4chsische Zeitung, Sonstiges<span class=\"sya_bracket\">)<\/span><\/span><\/div><\/li><li class=\"\"><div class=\"sya_postcontent\"><span class=\"sya_date\">16.07.2014 <span class=\"sya_sep\">- <\/span><\/span><a href=\"http:\/\/www.news.weisseritztalbahn.de\/?p=3713\" class=\"sya_postlink post-3713\" rel=\"bookmark\">Die Bimmel erlebt ihr blaues Wunder<\/a> <span class=\"sya_categories\"><span class=\"sya_bracket\">(<\/span>Presse \/ Medien, S\u00e4chsische Zeitung, Sonstiges<span class=\"sya_bracket\">)<\/span><\/span><\/div><\/li><li class=\"\"><div class=\"sya_postcontent\"><span class=\"sya_date\">13.07.2014 <span class=\"sya_sep\">- <\/span><\/span><a href=\"http:\/\/www.news.weisseritztalbahn.de\/?p=3711\" class=\"sya_postlink post-3711\" rel=\"bookmark\">Maskottchen f\u00fcr die Bimmel<\/a> <span class=\"sya_categories\"><span class=\"sya_bracket\">(<\/span>Presse \/ Medien, S\u00e4chsische Zeitung, Sonstiges<span class=\"sya_bracket\">)<\/span><\/span><\/div><\/li><li class=\"\"><div class=\"sya_postcontent\"><span class=\"sya_date\">13.07.2014 <span class=\"sya_sep\">- <\/span><\/span><a href=\"http:\/\/www.news.weisseritztalbahn.de\/?p=3708\" class=\"sya_postlink post-3708\" rel=\"bookmark\">M\u00e4rchenzug im Bahnhof<\/a> <span class=\"sya_categories\"><span class=\"sya_bracket\">(<\/span>Presse \/ Medien, S\u00e4chsische Zeitung, Sonstiges<span class=\"sya_bracket\">)<\/span><\/span><\/div><\/li><li class=\"\"><div class=\"sya_postcontent\"><span class=\"sya_date\">10.07.2014 <span class=\"sya_sep\">- <\/span><\/span><a href=\"http:\/\/www.news.weisseritztalbahn.de\/?p=3703\" class=\"sya_postlink post-3703\" rel=\"bookmark\">Pressemitteilung<\/a> <span class=\"sya_categories\"><span class=\"sya_bracket\">(<\/span>Presse \/ Medien, Sonstiges<span class=\"sya_bracket\">)<\/span><\/span><\/div><\/li><li class=\"\"><div class=\"sya_postcontent\"><span class=\"sya_date\">10.07.2014 <span class=\"sya_sep\">- <\/span><\/span><a href=\"http:\/\/www.news.weisseritztalbahn.de\/?p=3698\" class=\"sya_postlink post-3698\" rel=\"bookmark\">Die Aquarius C ist angekommen<\/a> <span class=\"sya_categories\"><span class=\"sya_bracket\">(<\/span>Sonstiges<span class=\"sya_bracket\">)<\/span><\/span><\/div><\/li><li class=\"\"><div class=\"sya_postcontent\"><span class=\"sya_date\">01.07.2014 <span class=\"sya_sep\">- <\/span><\/span><a href=\"http:\/\/www.news.weisseritztalbahn.de\/?p=3694\" class=\"sya_postlink post-3694\" rel=\"bookmark\">Mit der Bahn entspannt an die Malter<\/a> <span class=\"sya_categories\"><span class=\"sya_bracket\">(<\/span>Presse \/ Medien, S\u00e4chsische Zeitung<span class=\"sya_bracket\">)<\/span><\/span><\/div><\/li><li class=\"\"><div class=\"sya_postcontent\"><span class=\"sya_date\">24.06.2014 <span class=\"sya_sep\">- <\/span><\/span><a href=\"http:\/\/www.news.weisseritztalbahn.de\/?p=3689\" class=\"sya_postlink post-3689\" rel=\"bookmark\">Der neue Kalender 2015 der IG Wei\u00dferitztalbahn ist da.<\/a> <span class=\"sya_categories\"><span class=\"sya_bracket\">(<\/span>Sonstiges<span class=\"sya_bracket\">)<\/span><\/span><\/div><\/li><li class=\"\"><div class=\"sya_postcontent\"><span class=\"sya_date\">22.06.2014 <span class=\"sya_sep\">- <\/span><\/span><a href=\"http:\/\/www.news.weisseritztalbahn.de\/?p=3685\" class=\"sya_postlink post-3685\" rel=\"bookmark\">Kreuzchor zu Gast auf der Wei\u00dferitztalbahn<\/a> <span class=\"sya_categories\"><span class=\"sya_bracket\">(<\/span>Freital-Hainsberg<span class=\"sya_bracket\">)<\/span><\/span><\/div><\/li><li class=\"\"><div class=\"sya_postcontent\"><span class=\"sya_date\">22.06.2014 <span class=\"sya_sep\">- <\/span><\/span><a href=\"http:\/\/www.news.weisseritztalbahn.de\/?p=3674\" class=\"sya_postlink post-3674\" rel=\"bookmark\">Dixiezug 2015<\/a> <span class=\"sya_categories\"><span class=\"sya_bracket\">(<\/span>Sonstiges<span class=\"sya_bracket\">)<\/span><\/span><\/div><\/li><li class=\"\"><div class=\"sya_postcontent\"><span class=\"sya_date\">30.05.2014 <span class=\"sya_sep\">- <\/span><\/span><a href=\"http:\/\/www.news.weisseritztalbahn.de\/?p=3661\" class=\"sya_postlink post-3661\" rel=\"bookmark\">Sonderverkehr zu Pfingsten<\/a> <span class=\"sya_categories\"><span class=\"sya_bracket\">(<\/span>Sonstiges<span class=\"sya_bracket\">)<\/span><\/span><\/div><\/li><li class=\"\"><div class=\"sya_postcontent\"><span class=\"sya_date\">26.05.2014 <span class=\"sya_sep\">- <\/span><\/span><a href=\"http:\/\/www.news.weisseritztalbahn.de\/?p=3659\" class=\"sya_postlink post-3659\" rel=\"bookmark\">Mehr Z\u00fcge auf der Wei\u00dferitztalbahn unterwegs<\/a> <span class=\"sya_categories\"><span class=\"sya_bracket\">(<\/span>S\u00e4chsische Zeitung<span class=\"sya_bracket\">)<\/span><\/span><\/div><\/li><li class=\"\"><div class=\"sya_postcontent\"><span class=\"sya_date\">25.05.2014 <span class=\"sya_sep\">- <\/span><\/span><a href=\"http:\/\/www.news.weisseritztalbahn.de\/?p=3657\" class=\"sya_postlink post-3657\" rel=\"bookmark\">Im M\u00e4rchenzug durchs Wei\u00dferitztal<\/a> <span class=\"sya_categories\"><span class=\"sya_bracket\">(<\/span>S\u00e4chsische Zeitung<span class=\"sya_bracket\">)<\/span><\/span><\/div><\/li><li class=\"\"><div class=\"sya_postcontent\"><span class=\"sya_date\">17.05.2014 <span class=\"sya_sep\">- <\/span><\/span><a href=\"http:\/\/www.news.weisseritztalbahn.de\/?p=3627\" class=\"sya_postlink post-3627\" rel=\"bookmark\">DRK rettet um die Wette<\/a> <span class=\"sya_categories\"><span class=\"sya_bracket\">(<\/span>Sonstiges<span class=\"sya_bracket\">)<\/span><\/span><\/div><\/li><li class=\"\"><div class=\"sya_postcontent\"><span class=\"sya_date\">12.05.2014 <span class=\"sya_sep\">- <\/span><\/span><a href=\"http:\/\/www.news.weisseritztalbahn.de\/?p=3622\" class=\"sya_postlink post-3622\" rel=\"bookmark\">Hafer-Schmidt wird abgerissen<\/a> <span class=\"sya_categories\"><span class=\"sya_bracket\">(<\/span>Dippoldiswalde, Presse \/ Medien<span class=\"sya_bracket\">)<\/span><\/span><\/div><\/li><li class=\"\"><div class=\"sya_postcontent\"><span class=\"sya_date\">10.05.2014 <span class=\"sya_sep\">- <\/span><\/span><a href=\"http:\/\/www.news.weisseritztalbahn.de\/?p=3611\" class=\"sya_postlink post-3611\" rel=\"bookmark\">Nur noch Tage bis zum Baustart<\/a> <span class=\"sya_categories\"><span class=\"sya_bracket\">(<\/span>Presse \/ Medien, S\u00e4chsische Zeitung, Vorarbeiten Wiederaufbau Dipps-Kipsdorf<span class=\"sya_bracket\">)<\/span><\/span><\/div><\/li><li class=\"\"><div class=\"sya_postcontent\"><span class=\"sya_date\">06.05.2014 <span class=\"sya_sep\">- <\/span><\/span><a href=\"http:\/\/www.news.weisseritztalbahn.de\/?p=3586\" class=\"sya_postlink post-3586\" rel=\"bookmark\">Furrys auf der Wei\u00dferitztalbahn<\/a> <span class=\"sya_categories\"><span class=\"sya_bracket\">(<\/span>Sonstiges<span class=\"sya_bracket\">)<\/span><\/span><\/div><\/li><li class=\"\"><div class=\"sya_postcontent\"><span class=\"sya_date\">02.05.2014 <span class=\"sya_sep\">- <\/span><\/span><a href=\"http:\/\/www.news.weisseritztalbahn.de\/?p=3579\" class=\"sya_postlink post-3579\" rel=\"bookmark\">Wei\u00dferitztalbahn mit offenen Aussichtswagen<\/a> <span class=\"sya_categories\"><span class=\"sya_bracket\">(<\/span>Presse \/ Medien, S\u00e4chsische Zeitung<span class=\"sya_bracket\">)<\/span><\/span><\/div><\/li><li class=\"\"><div class=\"sya_postcontent\"><span class=\"sya_date\">01.05.2014 <span class=\"sya_sep\">- <\/span><\/span><a href=\"http:\/\/www.news.weisseritztalbahn.de\/?p=3575\" class=\"sya_postlink post-3575\" rel=\"bookmark\">Wei\u00dferitztalbahn: Zweiter Bauabschnitt beginnt &#8211; Kipsdorf 2015 wieder unter Dampf<\/a> <span class=\"sya_categories\"><span class=\"sya_bracket\">(<\/span>Presse \/ Medien<span class=\"sya_bracket\">)<\/span><\/span><\/div><\/li><li class=\"\"><div class=\"sya_postcontent\"><span class=\"sya_date\">22.04.2014 <span class=\"sya_sep\">- <\/span><\/span><a href=\"http:\/\/www.news.weisseritztalbahn.de\/?p=3567\" class=\"sya_postlink post-3567\" rel=\"bookmark\">Der Osterhase auf Bahntour<\/a> <span class=\"sya_categories\"><span class=\"sya_bracket\">(<\/span>Presse \/ Medien, S\u00e4chsische Zeitung<span class=\"sya_bracket\">)<\/span><\/span><\/div><\/li><li class=\"\"><div class=\"sya_postcontent\"><span class=\"sya_date\">21.04.2014 <span class=\"sya_sep\">- <\/span><\/span><a href=\"http:\/\/www.news.weisseritztalbahn.de\/?p=3559\" class=\"sya_postlink post-3559\" rel=\"bookmark\">Ostersonderzug<\/a> <span class=\"sya_categories\"><span class=\"sya_bracket\">(<\/span>Sonstiges<span class=\"sya_bracket\">)<\/span><\/span><\/div><\/li><li class=\"\"><div class=\"sya_postcontent\"><span class=\"sya_date\">16.04.2014 <span class=\"sya_sep\">- <\/span><\/span><a href=\"http:\/\/www.news.weisseritztalbahn.de\/?p=3552\" class=\"sya_postlink post-3552\" rel=\"bookmark\">Mit Maxi M\u00f6hre auf Ostereiersuche<\/a> <span class=\"sya_categories\"><span class=\"sya_bracket\">(<\/span>Presse \/ Medien, S\u00e4chsische Zeitung<span class=\"sya_bracket\">)<\/span><\/span><\/div><\/li><li class=\"\"><div class=\"sya_postcontent\"><span class=\"sya_date\">07.04.2014 <span class=\"sya_sep\">- <\/span><\/span><a href=\"http:\/\/www.news.weisseritztalbahn.de\/?p=3539\" class=\"sya_postlink post-3539\" rel=\"bookmark\">Geld f\u00fcr die Schmalspurbahn<\/a> <span class=\"sya_categories\"><span class=\"sya_bracket\">(<\/span>Presse \/ Medien, S\u00e4chsische Zeitung<span class=\"sya_bracket\">)<\/span><\/span><\/div><\/li><li class=\"\"><div class=\"sya_postcontent\"><span class=\"sya_date\">03.04.2014 <span class=\"sya_sep\">- <\/span><\/span><a href=\"http:\/\/www.news.weisseritztalbahn.de\/?p=3546\" class=\"sya_postlink post-3546\" rel=\"bookmark\">Neue Infotafel zeigt Touristen den Weg<\/a> <span class=\"sya_categories\"><span class=\"sya_bracket\">(<\/span>Presse \/ Medien, Sonstiges<span class=\"sya_bracket\">)<\/span><\/span><\/div><\/li><li class=\"\"><div class=\"sya_postcontent\"><span class=\"sya_date\">13.03.2014 <span class=\"sya_sep\">- <\/span><\/span><a href=\"http:\/\/www.news.weisseritztalbahn.de\/?p=3528\" class=\"sya_postlink post-3528\" rel=\"bookmark\">Neue Hoffnung f\u00fcr die Wei\u00dferitztalbahn<\/a> <span class=\"sya_categories\"><span class=\"sya_bracket\">(<\/span>Presse \/ Medien<span class=\"sya_bracket\">)<\/span><\/span><\/div><\/li><li class=\"\"><div class=\"sya_postcontent\"><span class=\"sya_date\">12.03.2014 <span class=\"sya_sep\">- <\/span><\/span><a href=\"http:\/\/www.news.weisseritztalbahn.de\/?p=3517\" class=\"sya_postlink post-3517\" rel=\"bookmark\">Wiederaufbau der Wei\u00dferitztalbahn beginnt im Mai<\/a> <span class=\"sya_categories\"><span class=\"sya_bracket\">(<\/span>S\u00e4chsische Zeitung, Vorarbeiten Wiederaufbau Dipps-Kipsdorf<span class=\"sya_bracket\">)<\/span><\/span><\/div><\/li><li class=\"\"><div class=\"sya_postcontent\"><span class=\"sya_date\">06.03.2014 <span class=\"sya_sep\">- <\/span><\/span><a href=\"http:\/\/www.news.weisseritztalbahn.de\/?p=3512\" class=\"sya_postlink post-3512\" rel=\"bookmark\">Freischnitt der Strecke zwischen Kurort Kipsdorf und Dippoldiswalde<\/a> <span class=\"sya_categories\"><span class=\"sya_bracket\">(<\/span>Buschm\u00fchle, Dippoldiswalde, Kurort Kipsdorf, Obercarsdorf, Schmiedeberg-Naundorf, Vorarbeiten Wiederaufbau Dipps-Kipsdorf<span class=\"sya_bracket\">)<\/span><\/span><\/div><\/li><li class=\"\"><div class=\"sya_postcontent\"><span class=\"sya_date\">03.03.2014 <span class=\"sya_sep\">- <\/span><\/span><a href=\"http:\/\/www.news.weisseritztalbahn.de\/?p=3509\" class=\"sya_postlink post-3509\" rel=\"bookmark\">G\u00e4stef\u00fchrer geben Spende an Museum und Bimmelbahn<\/a> <span class=\"sya_categories\"><span class=\"sya_bracket\">(<\/span>Presse \/ Medien, S\u00e4chsische Zeitung<span class=\"sya_bracket\">)<\/span><\/span><\/div><\/li><li class=\"\"><div class=\"sya_postcontent\"><span class=\"sya_date\">25.02.2014 <span class=\"sya_sep\">- <\/span><\/span><a href=\"http:\/\/www.news.weisseritztalbahn.de\/?p=3485\" class=\"sya_postlink post-3485\" rel=\"bookmark\">Freischnitt zwischen Obercarsdorf und Schmiedeberg<\/a> <span class=\"sya_categories\"><span class=\"sya_bracket\">(<\/span>Buschm\u00fchle, Kurort Kipsdorf, Schmiedeberg, Vorarbeiten Wiederaufbau Dipps-Kipsdorf<span class=\"sya_bracket\">)<\/span><\/span><\/div><\/li><li class=\"\"><div class=\"sya_postcontent\"><span class=\"sya_date\">20.02.2014 <span class=\"sya_sep\">- <\/span><\/span><a href=\"http:\/\/www.news.weisseritztalbahn.de\/?p=3478\" class=\"sya_postlink post-3478\" rel=\"bookmark\">Verl\u00e4ngert: Reisen wie in den 1970er Jahren &#8211; Altbauwagen im Planbetrieb<\/a> <span class=\"sya_categories\"><span class=\"sya_bracket\">(<\/span>Sonstiges<span class=\"sya_bracket\">)<\/span><\/span><\/div><\/li><li class=\"\"><div class=\"sya_postcontent\"><span class=\"sya_date\">17.02.2014 <span class=\"sya_sep\">- <\/span><\/span><a href=\"http:\/\/www.news.weisseritztalbahn.de\/?p=3472\" class=\"sya_postlink post-3472\" rel=\"bookmark\">Reisen wie vor 50 Jahren<\/a> <span class=\"sya_categories\"><span class=\"sya_bracket\">(<\/span>S\u00e4chsische Zeitung<span class=\"sya_bracket\">)<\/span><\/span><\/div><\/li><li class=\"\"><div class=\"sya_postcontent\"><span class=\"sya_date\">14.02.2014 <span class=\"sya_sep\">- <\/span><\/span><a href=\"http:\/\/www.news.weisseritztalbahn.de\/?p=3468\" class=\"sya_postlink post-3468\" rel=\"bookmark\">Planung f\u00fcr Wei\u00dferitztalbahn verz\u00f6gert sich<\/a> <span class=\"sya_categories\"><span class=\"sya_bracket\">(<\/span>Sonstiges<span class=\"sya_bracket\">)<\/span><\/span><\/div><\/li><li class=\"\"><div class=\"sya_postcontent\"><span class=\"sya_date\">11.02.2014 <span class=\"sya_sep\">- <\/span><\/span><a href=\"http:\/\/www.news.weisseritztalbahn.de\/?p=3463\" class=\"sya_postlink post-3463\" rel=\"bookmark\">So will die Wei\u00dferitztalbahn aufholen<\/a> <span class=\"sya_categories\"><span class=\"sya_bracket\">(<\/span>Presse \/ Medien, S\u00e4chsische Zeitung<span class=\"sya_bracket\">)<\/span><\/span><\/div><\/li><li class=\"\"><div class=\"sya_postcontent\"><span class=\"sya_date\">10.02.2014 <span class=\"sya_sep\">- <\/span><\/span><a href=\"http:\/\/www.news.weisseritztalbahn.de\/?p=3458\" class=\"sya_postlink post-3458\" rel=\"bookmark\">Presseinformation<\/a> <span class=\"sya_categories\"><span class=\"sya_bracket\">(<\/span>Sonstiges<span class=\"sya_bracket\">)<\/span><\/span><\/div><\/li><li class=\"\"><div class=\"sya_postcontent\"><span class=\"sya_date\">09.02.2014 <span class=\"sya_sep\">- <\/span><\/span><a href=\"http:\/\/www.news.weisseritztalbahn.de\/?p=3452\" class=\"sya_postlink post-3452\" rel=\"bookmark\">Reisen wie in den 1970er Jahren &#8211; Altbauwagen im Planbetrieb<\/a> <span class=\"sya_categories\"><span class=\"sya_bracket\">(<\/span>Sonstiges<span class=\"sya_bracket\">)<\/span><\/span><\/div><\/li><li class=\"\"><div class=\"sya_postcontent\"><span class=\"sya_date\">31.01.2014 <span class=\"sya_sep\">- <\/span><\/span><a href=\"http:\/\/www.news.weisseritztalbahn.de\/?p=3440\" class=\"sya_postlink post-3440\" rel=\"bookmark\">IK verl\u00e4sst Freital-Hainsberg<\/a> <span class=\"sya_categories\"><span class=\"sya_bracket\">(<\/span>Sonstiges<span class=\"sya_bracket\">)<\/span><\/span><\/div><\/li><li class=\"\"><div class=\"sya_postcontent\"><span class=\"sya_date\">25.01.2014 <span class=\"sya_sep\">- <\/span><\/span><a href=\"http:\/\/www.news.weisseritztalbahn.de\/?p=3430\" class=\"sya_postlink post-3430\" rel=\"bookmark\">Durch den Winterwald<\/a> <span class=\"sya_categories\"><span class=\"sya_bracket\">(<\/span>S\u00e4chsische Zeitung<span class=\"sya_bracket\">)<\/span><\/span><\/div><\/li><li class=\"\"><div class=\"sya_postcontent\"><span class=\"sya_date\">23.01.2014 <span class=\"sya_sep\">- <\/span><\/span><a href=\"http:\/\/www.news.weisseritztalbahn.de\/?p=3423\" class=\"sya_postlink post-3423\" rel=\"bookmark\">Lok 99789 hat Freital-Hainsberg wieder verlassen<\/a> <span class=\"sya_categories\"><span class=\"sya_bracket\">(<\/span>Sonstiges<span class=\"sya_bracket\">)<\/span><\/span><\/div><\/li><li class=\"\"><div class=\"sya_postcontent\"><span class=\"sya_date\">22.01.2014 <span class=\"sya_sep\">- <\/span><\/span><a href=\"http:\/\/www.news.weisseritztalbahn.de\/?p=3426\" class=\"sya_postlink post-3426\" rel=\"bookmark\">Freie Fahrt mit der Wei\u00dferitztalbahn<\/a> <span class=\"sya_categories\"><span class=\"sya_bracket\">(<\/span>S\u00e4chsische Zeitung<span class=\"sya_bracket\">)<\/span><\/span><\/div><\/li><li class=\"\"><div class=\"sya_postcontent\"><span class=\"sya_date\">11.01.2014 <span class=\"sya_sep\">- <\/span><\/span><a href=\"http:\/\/www.news.weisseritztalbahn.de\/?p=3414\" class=\"sya_postlink post-3414\" rel=\"bookmark\">Die  Erzgebirgscard gilt ab sofort auf der Wei\u00dferitztalbahn<\/a> <span class=\"sya_categories\"><span class=\"sya_bracket\">(<\/span>Sonstiges<span class=\"sya_bracket\">)<\/span><\/span><\/div><\/li><li class=\"\"><div class=\"sya_postcontent\"><span class=\"sya_date\">07.01.2014 <span class=\"sya_sep\">- <\/span><\/span><a href=\"http:\/\/www.news.weisseritztalbahn.de\/?p=3407\" class=\"sya_postlink post-3407\" rel=\"bookmark\">99 1734-5 unterwegs auf ihrer Heimatstrecke<\/a> <span class=\"sya_categories\"><span class=\"sya_bracket\">(<\/span>Sonstiges<span class=\"sya_bracket\">)<\/span><\/span><\/div><\/li><li class=\"\"><div class=\"sya_postcontent\"><span class=\"sya_date\">06.01.2014 <span class=\"sya_sep\">- <\/span><\/span><a href=\"http:\/\/www.news.weisseritztalbahn.de\/?p=3400\" class=\"sya_postlink post-3400\" rel=\"bookmark\">99 1734-5 wieder in Freital-Hainsberg angekommen<\/a> <span class=\"sya_categories\"><span class=\"sya_bracket\">(<\/span>Sonstiges<span class=\"sya_bracket\">)<\/span><\/span><\/div><\/li><\/ul><h3><a id=\"year2013\"><\/a>2013 <span class=\"sya_yearcount\"><span class=\"sya_bracket\">(<\/span>93<span class=\"sya_bracket\">)<\/span><\/span><\/h3><ul><li class=\"\"><div class=\"sya_postcontent\"><span class=\"sya_date\">14.12.2013 <span class=\"sya_sep\">- <\/span><\/span><a href=\"http:\/\/www.news.weisseritztalbahn.de\/?p=3394\" class=\"sya_postlink post-3394\" rel=\"bookmark\">Die ersten Wanderer im Rabenauer Grund<\/a> <span class=\"sya_categories\"><span class=\"sya_bracket\">(<\/span>Sonstiges<span class=\"sya_bracket\">)<\/span><\/span><\/div><\/li><li class=\"\"><div class=\"sya_postcontent\"><span class=\"sya_date\">12.12.2013 <span class=\"sya_sep\">- <\/span><\/span><a href=\"http:\/\/www.news.weisseritztalbahn.de\/?p=3390\" class=\"sya_postlink post-3390\" rel=\"bookmark\">Wandern im Rabenauer Grund wieder m\u00f6glich<\/a> <span class=\"sya_categories\"><span class=\"sya_bracket\">(<\/span>Sonstiges<span class=\"sya_bracket\">)<\/span><\/span><\/div><\/li><li class=\"\"><div class=\"sya_postcontent\"><span class=\"sya_date\">08.12.2013 <span class=\"sya_sep\">- <\/span><\/span><a href=\"http:\/\/www.news.weisseritztalbahn.de\/?p=3383\" class=\"sya_postlink post-3383\" rel=\"bookmark\">Nikolausfahrt am 07.12.2013<\/a> <span class=\"sya_categories\"><span class=\"sya_bracket\">(<\/span>Sonstiges<span class=\"sya_bracket\">)<\/span><\/span><\/div><\/li><li class=\"\"><div class=\"sya_postcontent\"><span class=\"sya_date\">08.12.2013 <span class=\"sya_sep\">- <\/span><\/span><a href=\"http:\/\/www.news.weisseritztalbahn.de\/?p=3380\" class=\"sya_postlink post-3380\" rel=\"bookmark\">Diesel und IV K im Einsatz<\/a> <span class=\"sya_categories\"><span class=\"sya_bracket\">(<\/span>Sonstiges<span class=\"sya_bracket\">)<\/span><\/span><\/div><\/li><li class=\"\"><div class=\"sya_postcontent\"><span class=\"sya_date\">30.11.2013 <span class=\"sya_sep\">- <\/span><\/span><a href=\"http:\/\/www.news.weisseritztalbahn.de\/?p=3374\" class=\"sya_postlink post-3374\" rel=\"bookmark\">Obercarsdorf &#8211; Schmiedeberg 2013<\/a> <span class=\"sya_categories\"><span class=\"sya_bracket\">(<\/span>Sonstiges<span class=\"sya_bracket\">)<\/span><\/span><\/div><\/li><li class=\"\"><div class=\"sya_postcontent\"><span class=\"sya_date\">22.11.2013 <span class=\"sya_sep\">- <\/span><\/span><a href=\"http:\/\/www.news.weisseritztalbahn.de\/?p=3360\" class=\"sya_postlink post-3360\" rel=\"bookmark\">Adventsfreude auf der Wei\u00dferitztalbahn vom 30.11.-01.12.2013<\/a> <span class=\"sya_categories\"><span class=\"sya_bracket\">(<\/span>Obercarsdorf, Schmiedeberg<span class=\"sya_bracket\">)<\/span><\/span><\/div><\/li><li class=\"\"><div class=\"sya_postcontent\"><span class=\"sya_date\">21.11.2013 <span class=\"sya_sep\">- <\/span><\/span><a href=\"http:\/\/www.news.weisseritztalbahn.de\/?p=3355\" class=\"sya_postlink post-3355\" rel=\"bookmark\">Adventsfahrten mit der Wei\u00dferitztalbahn<\/a> <span class=\"sya_categories\"><span class=\"sya_bracket\">(<\/span>Sonstiges<span class=\"sya_bracket\">)<\/span><\/span><\/div><\/li><li class=\"\"><div class=\"sya_postcontent\"><span class=\"sya_date\">06.11.2013 <span class=\"sya_sep\">- <\/span><\/span><a href=\"http:\/\/www.news.weisseritztalbahn.de\/?p=3345\" class=\"sya_postlink post-3345\" rel=\"bookmark\">Baumaschinen auf schmaler Spur<\/a> <span class=\"sya_categories\"><span class=\"sya_bracket\">(<\/span>Presse \/ Medien, S\u00e4chsische Zeitung<span class=\"sya_bracket\">)<\/span><\/span><\/div><\/li><li class=\"\"><div class=\"sya_postcontent\"><span class=\"sya_date\">02.11.2013 <span class=\"sya_sep\">- <\/span><\/span><a href=\"http:\/\/www.news.weisseritztalbahn.de\/?p=3339\" class=\"sya_postlink post-3339\" rel=\"bookmark\">S\u00e4chsische Dampf-Eisenbahnen machen Pause f\u00fcr Bauarbeiten<\/a> <span class=\"sya_categories\"><span class=\"sya_bracket\">(<\/span>Sonstiges<span class=\"sya_bracket\">)<\/span><\/span><\/div><\/li><li class=\"\"><div class=\"sya_postcontent\"><span class=\"sya_date\">01.11.2013 <span class=\"sya_sep\">- <\/span><\/span><a href=\"http:\/\/www.news.weisseritztalbahn.de\/?p=3333\" class=\"sya_postlink post-3333\" rel=\"bookmark\">Baustart im Rabenauer Grund<\/a> <span class=\"sya_categories\"><span class=\"sya_bracket\">(<\/span>Sonstiges<span class=\"sya_bracket\">)<\/span><\/span><\/div><\/li><li class=\"\"><div class=\"sya_postcontent\"><span class=\"sya_date\">19.10.2013 <span class=\"sya_sep\">- <\/span><\/span><a href=\"http:\/\/www.news.weisseritztalbahn.de\/?p=3307\" class=\"sya_postlink post-3307\" rel=\"bookmark\">Fahrtage der IK auf der Wei\u00dferitztalbahn<\/a> <span class=\"sya_categories\"><span class=\"sya_bracket\">(<\/span>Sonstiges<span class=\"sya_bracket\">)<\/span><\/span><\/div><\/li><li class=\"\"><div class=\"sya_postcontent\"><span class=\"sya_date\">18.10.2013 <span class=\"sya_sep\">- <\/span><\/span><a href=\"http:\/\/www.news.weisseritztalbahn.de\/?p=3295\" class=\"sya_postlink post-3295\" rel=\"bookmark\">Legend\u00e4re Dampflok im Wei\u00dferitztal<\/a> <span class=\"sya_categories\"><span class=\"sya_bracket\">(<\/span>Sonstiges<span class=\"sya_bracket\">)<\/span><\/span><\/div><\/li><li class=\"\"><div class=\"sya_postcontent\"><span class=\"sya_date\">17.10.2013 <span class=\"sya_sep\">- <\/span><\/span><a href=\"http:\/\/www.news.weisseritztalbahn.de\/?p=3300\" class=\"sya_postlink post-3300\" rel=\"bookmark\">IK Probefahrt am 16.10.2013<\/a> <span class=\"sya_categories\"><span class=\"sya_bracket\">(<\/span>Sonstiges<span class=\"sya_bracket\">)<\/span><\/span><\/div><\/li><li class=\"\"><div class=\"sya_postcontent\"><span class=\"sya_date\">16.10.2013 <span class=\"sya_sep\">- <\/span><\/span><a href=\"http:\/\/www.news.weisseritztalbahn.de\/?p=3287\" class=\"sya_postlink post-3287\" rel=\"bookmark\">Geld f\u00fcr Bimmel steht nicht zur Debatte<\/a> <span class=\"sya_categories\"><span class=\"sya_bracket\">(<\/span>Sonstiges<span class=\"sya_bracket\">)<\/span><\/span><\/div><\/li><li class=\"\"><div class=\"sya_postcontent\"><span class=\"sya_date\">10.10.2013 <span class=\"sya_sep\">- <\/span><\/span><a href=\"http:\/\/www.news.weisseritztalbahn.de\/?p=3281\" class=\"sya_postlink post-3281\" rel=\"bookmark\">Historische Lok dampft durchs Wei\u00dferitztal<\/a> <span class=\"sya_categories\"><span class=\"sya_bracket\">(<\/span>Presse \/ Medien, S\u00e4chsische Zeitung<span class=\"sya_bracket\">)<\/span><\/span><\/div><\/li><li class=\"\"><div class=\"sya_postcontent\"><span class=\"sya_date\">03.10.2013 <span class=\"sya_sep\">- <\/span><\/span><a href=\"http:\/\/www.news.weisseritztalbahn.de\/?p=3278\" class=\"sya_postlink post-3278\" rel=\"bookmark\">M\u00e4ttig bekommt Gegenwind<\/a> <span class=\"sya_categories\"><span class=\"sya_bracket\">(<\/span>Sonstiges<span class=\"sya_bracket\">)<\/span><\/span><\/div><\/li><li class=\"\"><div class=\"sya_postcontent\"><span class=\"sya_date\">29.09.2013 <span class=\"sya_sep\">- <\/span><\/span><a href=\"http:\/\/www.news.weisseritztalbahn.de\/?p=3076\" class=\"sya_postlink post-3076\" rel=\"bookmark\">Talsperrengeschichte h\u00e4ngt im Bahnhof<\/a> <span class=\"sya_categories\"><span class=\"sya_bracket\">(<\/span>Presse \/ Medien, S\u00e4chsische Zeitung<span class=\"sya_bracket\">)<\/span><\/span><\/div><\/li><li class=\"\"><div class=\"sya_postcontent\"><span class=\"sya_date\">25.09.2013 <span class=\"sya_sep\">- <\/span><\/span><a href=\"http:\/\/www.news.weisseritztalbahn.de\/?p=3274\" class=\"sya_postlink post-3274\" rel=\"bookmark\">M\u00e4ttig stellt Geld f\u00fcr die Bimmel infrage<\/a> <span class=\"sya_categories\"><span class=\"sya_bracket\">(<\/span>Sonstiges<span class=\"sya_bracket\">)<\/span><\/span><\/div><\/li><li class=\"\"><div class=\"sya_postcontent\"><span class=\"sya_date\">21.09.2013 <span class=\"sya_sep\">- <\/span><\/span><a href=\"http:\/\/www.news.weisseritztalbahn.de\/?p=3248\" class=\"sya_postlink post-3248\" rel=\"bookmark\">Fotogalerien des GmP vom 21.09.2013<\/a> <span class=\"sya_categories\"><span class=\"sya_bracket\">(<\/span>Sonstiges<span class=\"sya_bracket\">)<\/span><\/span><\/div><\/li><li class=\"\"><div class=\"sya_postcontent\"><span class=\"sya_date\">19.09.2013 <span class=\"sya_sep\">- <\/span><\/span><a href=\"http:\/\/www.news.weisseritztalbahn.de\/?p=3242\" class=\"sya_postlink post-3242\" rel=\"bookmark\">Vorbereitung f\u00fcr den Fotosonderzug am 21.09.2013<\/a> <span class=\"sya_categories\"><span class=\"sya_bracket\">(<\/span>Sonstiges<span class=\"sya_bracket\">)<\/span><\/span><\/div><\/li><li class=\"\"><div class=\"sya_postcontent\"><span class=\"sya_date\">19.09.2013 <span class=\"sya_sep\">- <\/span><\/span><a href=\"http:\/\/www.news.weisseritztalbahn.de\/?p=3235\" class=\"sya_postlink post-3235\" rel=\"bookmark\">IG l\u00e4sst Sonderzug auf Wei\u00dferitztalbahn rollen<\/a> <span class=\"sya_categories\"><span class=\"sya_bracket\">(<\/span>Presse \/ Medien, S\u00e4chsische Zeitung<span class=\"sya_bracket\">)<\/span><\/span><\/div><\/li><li class=\"\"><div class=\"sya_postcontent\"><span class=\"sya_date\">16.09.2013 <span class=\"sya_sep\">- <\/span><\/span><a href=\"http:\/\/www.news.weisseritztalbahn.de\/?p=3232\" class=\"sya_postlink post-3232\" rel=\"bookmark\">IK Nr. 54 in Freital-Hainsberg<\/a> <span class=\"sya_categories\"><span class=\"sya_bracket\">(<\/span>Sonstiges<span class=\"sya_bracket\">)<\/span><\/span><\/div><\/li><li class=\"\"><div class=\"sya_postcontent\"><span class=\"sya_date\">07.09.2013 <span class=\"sya_sep\">- <\/span><\/span><a href=\"http:\/\/www.news.weisseritztalbahn.de\/?p=3224\" class=\"sya_postlink post-3224\" rel=\"bookmark\">Sonderfahrt GmP am 21.09.2013<\/a> <span class=\"sya_categories\"><span class=\"sya_bracket\">(<\/span>Sonstiges<span class=\"sya_bracket\">)<\/span><\/span><\/div><\/li><li class=\"\"><div class=\"sya_postcontent\"><span class=\"sya_date\">03.09.2013 <span class=\"sya_sep\">- <\/span><\/span><a href=\"http:\/\/www.news.weisseritztalbahn.de\/?p=3200\" class=\"sya_postlink post-3200\" rel=\"bookmark\">Wei\u00dferitztalbahn wird erst 2015 fertig<\/a> <span class=\"sya_categories\"><span class=\"sya_bracket\">(<\/span>Presse \/ Medien, S\u00e4chsische Zeitung, Sonstiges<span class=\"sya_bracket\">)<\/span><\/span><\/div><\/li><li class=\"\"><div class=\"sya_postcontent\"><span class=\"sya_date\">03.09.2013 <span class=\"sya_sep\">- <\/span><\/span><a href=\"http:\/\/www.news.weisseritztalbahn.de\/?p=3191\" class=\"sya_postlink post-3191\" rel=\"bookmark\">Langes Warten auf den Weiterbau<\/a> <span class=\"sya_categories\"><span class=\"sya_bracket\">(<\/span>S\u00e4chsische Zeitung, Sonstiges<span class=\"sya_bracket\">)<\/span><\/span><\/div><\/li><li class=\"\"><div class=\"sya_postcontent\"><span class=\"sya_date\">03.09.2013 <span class=\"sya_sep\">- <\/span><\/span><a href=\"http:\/\/www.news.weisseritztalbahn.de\/?p=3193\" class=\"sya_postlink post-3193\" rel=\"bookmark\">Oldtimer auf schmaler Spur<\/a> <span class=\"sya_categories\"><span class=\"sya_bracket\">(<\/span>Presse \/ Medien, S\u00e4chsische Zeitung, Sonstiges<span class=\"sya_bracket\">)<\/span><\/span><\/div><\/li><li class=\"\"><div class=\"sya_postcontent\"><span class=\"sya_date\">02.09.2013 <span class=\"sya_sep\">- <\/span><\/span><a href=\"http:\/\/www.news.weisseritztalbahn.de\/?p=3188\" class=\"sya_postlink post-3188\" rel=\"bookmark\">130 Jahre Er\u00f6ffnung Wei\u00dferitztalbahn<\/a> <span class=\"sya_categories\"><span class=\"sya_bracket\">(<\/span>Sonstiges<span class=\"sya_bracket\">)<\/span><\/span><\/div><\/li><li class=\"\"><div class=\"sya_postcontent\"><span class=\"sya_date\">25.08.2013 <span class=\"sya_sep\">- <\/span><\/span><a href=\"http:\/\/www.news.weisseritztalbahn.de\/?p=3157\" class=\"sya_postlink post-3157\" rel=\"bookmark\">Zuckert\u00fctenfahrt 2013<\/a> <span class=\"sya_categories\"><span class=\"sya_bracket\">(<\/span>Sonstiges<span class=\"sya_bracket\">)<\/span><\/span><\/div><\/li><li class=\"\"><div class=\"sya_postcontent\"><span class=\"sya_date\">20.08.2013 <span class=\"sya_sep\">- <\/span><\/span><a href=\"http:\/\/www.news.weisseritztalbahn.de\/?p=3181\" class=\"sya_postlink post-3181\" rel=\"bookmark\">Schwere Rechenaufgabe Wei\u00dferitztalbahn<\/a> <span class=\"sya_categories\"><span class=\"sya_bracket\">(<\/span>Presse \/ Medien, S\u00e4chsische Zeitung<span class=\"sya_bracket\">)<\/span><\/span><\/div><\/li><li class=\"\"><div class=\"sya_postcontent\"><span class=\"sya_date\">26.07.2013 <span class=\"sya_sep\">- <\/span><\/span><a href=\"http:\/\/www.news.weisseritztalbahn.de\/?p=3141\" class=\"sya_postlink post-3141\" rel=\"bookmark\">Zuckert\u00fctenexpress mit der Wei\u00dferitztalbahn<\/a> <span class=\"sya_categories\"><span class=\"sya_bracket\">(<\/span>Sonstiges<span class=\"sya_bracket\">)<\/span><\/span><\/div><\/li><li class=\"\"><div class=\"sya_postcontent\"><span class=\"sya_date\">21.07.2013 <span class=\"sya_sep\">- <\/span><\/span><a href=\"http:\/\/www.news.weisseritztalbahn.de\/?p=3107\" class=\"sya_postlink post-3107\" rel=\"bookmark\">Fotos vom Schmalspurfest 2013<\/a> <span class=\"sya_categories\"><span class=\"sya_bracket\">(<\/span>Co\u00dfmannsdorf, Dippoldiswalde, Freital-Hainsberg, Malter, Rabenau, Seifersdorf, Spechtritz<span class=\"sya_bracket\">)<\/span><\/span><\/div><\/li><li class=\"\"><div class=\"sya_postcontent\"><span class=\"sya_date\">21.07.2013 <span class=\"sya_sep\">- <\/span><\/span><a href=\"http:\/\/www.news.weisseritztalbahn.de\/?p=3119\" class=\"sya_postlink post-3119\" rel=\"bookmark\">Volle Z\u00fcge beim Schmalspurbahn-Festival der Wei\u00dferitztalbahn<\/a> <span class=\"sya_categories\"><span class=\"sya_bracket\">(<\/span>Presse \/ Medien, S\u00e4chsische Zeitung<span class=\"sya_bracket\">)<\/span><\/span><\/div><\/li><li class=\"\"><div class=\"sya_postcontent\"><span class=\"sya_date\">20.07.2013 <span class=\"sya_sep\">- <\/span><\/span><a href=\"http:\/\/www.news.weisseritztalbahn.de\/?p=3122\" class=\"sya_postlink post-3122\" rel=\"bookmark\">Ge\u00e4nderter Lokumlauf zum Schmalspurbahn-Festival<\/a> <span class=\"sya_categories\"><span class=\"sya_bracket\">(<\/span>Sonstiges<span class=\"sya_bracket\">)<\/span><\/span><\/div><\/li><li class=\"\"><div class=\"sya_postcontent\"><span class=\"sya_date\">20.07.2013 <span class=\"sya_sep\">- <\/span><\/span><a href=\"http:\/\/www.news.weisseritztalbahn.de\/?p=3103\" class=\"sya_postlink post-3103\" rel=\"bookmark\">Abgeordnete fordert Konzept zur Bimmel<\/a> <span class=\"sya_categories\"><span class=\"sya_bracket\">(<\/span>Presse \/ Medien, S\u00e4chsische Zeitung<span class=\"sya_bracket\">)<\/span><\/span><\/div><\/li><li class=\"\"><div class=\"sya_postcontent\"><span class=\"sya_date\">18.07.2013 <span class=\"sya_sep\">- <\/span><\/span><a href=\"http:\/\/www.news.weisseritztalbahn.de\/?p=3092\" class=\"sya_postlink post-3092\" rel=\"bookmark\">Der Wanderweg im Rabenauer Grund wird am Samstag zwischen Malter und Rabenau wieder freigegeben<\/a> <span class=\"sya_categories\"><span class=\"sya_bracket\">(<\/span>Sonstiges<span class=\"sya_bracket\">)<\/span><\/span><\/div><\/li><li class=\"\"><div class=\"sya_postcontent\"><span class=\"sya_date\">18.07.2013 <span class=\"sya_sep\">- <\/span><\/span><a href=\"http:\/\/www.news.weisseritztalbahn.de\/?p=3071\" class=\"sya_postlink post-3071\" rel=\"bookmark\">Unter DampfStartklar f\u00fcrs Gro\u00dfereignis<\/a> <span class=\"sya_categories\"><span class=\"sya_bracket\">(<\/span>Presse \/ Medien, S\u00e4chsische Zeitung<span class=\"sya_bracket\">)<\/span><\/span><\/div><\/li><li class=\"\"><div class=\"sya_postcontent\"><span class=\"sya_date\">17.07.2013 <span class=\"sya_sep\">- <\/span><\/span><a href=\"http:\/\/www.news.weisseritztalbahn.de\/?p=3060\" class=\"sya_postlink post-3060\" rel=\"bookmark\">99 1608-1 auch am 17.07.2013 im Einsatz<\/a> <span class=\"sya_categories\"><span class=\"sya_bracket\">(<\/span>Sonstiges<span class=\"sya_bracket\">)<\/span><\/span><\/div><\/li><li class=\"\"><div class=\"sya_postcontent\"><span class=\"sya_date\">16.07.2013 <span class=\"sya_sep\">- <\/span><\/span><a href=\"http:\/\/www.news.weisseritztalbahn.de\/?p=3081\" class=\"sya_postlink post-3081\" rel=\"bookmark\">Mit dem M\u00e4rchenzug durchs Wei\u00dferitztal<\/a> <span class=\"sya_categories\"><span class=\"sya_bracket\">(<\/span>Presse \/ Medien, S\u00e4chsische Zeitung<span class=\"sya_bracket\">)<\/span><\/span><\/div><\/li><li class=\"\"><div class=\"sya_postcontent\"><span class=\"sya_date\">15.07.2013 <span class=\"sya_sep\">- <\/span><\/span><a href=\"http:\/\/www.news.weisseritztalbahn.de\/?p=3085\" class=\"sya_postlink post-3085\" rel=\"bookmark\">Loks dampfen wieder durch den Rabenauer Grund<\/a> <span class=\"sya_categories\"><span class=\"sya_bracket\">(<\/span>Presse \/ Medien, S\u00e4chsische Zeitung<span class=\"sya_bracket\">)<\/span><\/span><\/div><\/li><li class=\"\"><div class=\"sya_postcontent\"><span class=\"sya_date\">11.07.2013 <span class=\"sya_sep\">- <\/span><\/span><a href=\"http:\/\/www.news.weisseritztalbahn.de\/?p=3049\" class=\"sya_postlink post-3049\" rel=\"bookmark\">Kalender 2014 ab sofort erh\u00e4ltlich<\/a> <span class=\"sya_categories\"><span class=\"sya_bracket\">(<\/span>Sonstiges<span class=\"sya_bracket\">)<\/span><\/span><\/div><\/li><li class=\"\"><div class=\"sya_postcontent\"><span class=\"sya_date\">09.07.2013 <span class=\"sya_sep\">- <\/span><\/span><a href=\"http:\/\/www.news.weisseritztalbahn.de\/?p=3023\" class=\"sya_postlink post-3023\" rel=\"bookmark\">Der Wanderweg im Rabenauer Grund ist weiter gesperrt<\/a> <span class=\"sya_categories\"><span class=\"sya_bracket\">(<\/span>Sonstiges<span class=\"sya_bracket\">)<\/span><\/span><\/div><\/li><li class=\"\"><div class=\"sya_postcontent\"><span class=\"sya_date\">08.07.2013 <span class=\"sya_sep\">- <\/span><\/span><a href=\"http:\/\/www.news.weisseritztalbahn.de\/?p=3016\" class=\"sya_postlink post-3016\" rel=\"bookmark\">5. Schmalspurbahn-Festival am 20. und 21. Juli 2013 entlang der Wei\u00dferitztalbahn<\/a> <span class=\"sya_categories\"><span class=\"sya_bracket\">(<\/span>Sonstiges<span class=\"sya_bracket\">)<\/span><\/span><\/div><\/li><li class=\"\"><div class=\"sya_postcontent\"><span class=\"sya_date\">08.07.2013 <span class=\"sya_sep\">- <\/span><\/span><a href=\"http:\/\/www.news.weisseritztalbahn.de\/?p=3008\" class=\"sya_postlink post-3008\" rel=\"bookmark\">Hochwasserschutz hat sich bew\u00e4hrt<\/a> <span class=\"sya_categories\"><span class=\"sya_bracket\">(<\/span>Presse \/ Medien, S\u00e4chsische Zeitung<span class=\"sya_bracket\">)<\/span><\/span><\/div><\/li><li class=\"\"><div class=\"sya_postcontent\"><span class=\"sya_date\">23.06.2013 <span class=\"sya_sep\">- <\/span><\/span><a href=\"http:\/\/www.news.weisseritztalbahn.de\/?p=2992\" class=\"sya_postlink post-2992\" rel=\"bookmark\">Dixiesonderzug 2013<\/a> <span class=\"sya_categories\"><span class=\"sya_bracket\">(<\/span>Sonstiges<span class=\"sya_bracket\">)<\/span><\/span><\/div><\/li><li class=\"\"><div class=\"sya_postcontent\"><span class=\"sya_date\">15.06.2013 <span class=\"sya_sep\">- <\/span><\/span><a href=\"http:\/\/www.news.weisseritztalbahn.de\/?p=2982\" class=\"sya_postlink post-2982\" rel=\"bookmark\">Presseinformation<\/a> <span class=\"sya_categories\"><span class=\"sya_bracket\">(<\/span>Sonstiges<span class=\"sya_bracket\">)<\/span><\/span><\/div><\/li><li class=\"\"><div class=\"sya_postcontent\"><span class=\"sya_date\">15.06.2013 <span class=\"sya_sep\">- <\/span><\/span><a href=\"http:\/\/www.news.weisseritztalbahn.de\/?p=2973\" class=\"sya_postlink post-2973\" rel=\"bookmark\">Bimmel wieder unter Dampf<\/a> <span class=\"sya_categories\"><span class=\"sya_bracket\">(<\/span>Presse \/ Medien, S\u00e4chsische Zeitung<span class=\"sya_bracket\">)<\/span><\/span><\/div><\/li><li class=\"\"><div class=\"sya_postcontent\"><span class=\"sya_date\">15.06.2013 <span class=\"sya_sep\">- <\/span><\/span><a href=\"http:\/\/www.news.weisseritztalbahn.de\/?p=2970\" class=\"sya_postlink post-2970\" rel=\"bookmark\">Wei\u00dferitztalbahn f\u00e4hrt wieder &#8211; 600.000 Euro Schaden an Strecke<\/a> <span class=\"sya_categories\"><span class=\"sya_bracket\">(<\/span>S\u00e4chsische Zeitung<span class=\"sya_bracket\">)<\/span><\/span><\/div><\/li><li class=\"\"><div class=\"sya_postcontent\"><span class=\"sya_date\">13.06.2013 <span class=\"sya_sep\">- <\/span><\/span><a href=\"http:\/\/www.news.weisseritztalbahn.de\/?p=2961\" class=\"sya_postlink post-2961\" rel=\"bookmark\">&#8222;L\u00fcckenschluss&#8220;<\/a> <span class=\"sya_categories\"><span class=\"sya_bracket\">(<\/span>Sonstiges<span class=\"sya_bracket\">)<\/span><\/span><\/div><\/li><li class=\"\"><div class=\"sya_postcontent\"><span class=\"sya_date\">11.06.2013 <span class=\"sya_sep\">- <\/span><\/span><a href=\"http:\/\/www.news.weisseritztalbahn.de\/?p=2886\" class=\"sya_postlink post-2886\" rel=\"bookmark\">Bauarbeiten 11.06.2013<\/a> <span class=\"sya_categories\"><span class=\"sya_bracket\">(<\/span>Sonstiges<span class=\"sya_bracket\">)<\/span><\/span><\/div><\/li><li class=\"\"><div class=\"sya_postcontent\"><span class=\"sya_date\">09.06.2013 <span class=\"sya_sep\">- <\/span><\/span><a href=\"http:\/\/www.news.weisseritztalbahn.de\/?p=2947\" class=\"sya_postlink post-2947\" rel=\"bookmark\">Blicke in den Rabenauer Grund<\/a> <span class=\"sya_categories\"><span class=\"sya_bracket\">(<\/span>Sonstiges<span class=\"sya_bracket\">)<\/span><\/span><\/div><\/li><li class=\"\"><div class=\"sya_postcontent\"><span class=\"sya_date\">08.06.2013 <span class=\"sya_sep\">- <\/span><\/span><a href=\"http:\/\/www.news.weisseritztalbahn.de\/?p=2942\" class=\"sya_postlink post-2942\" rel=\"bookmark\">Erster Arbeitseinsatz nach dem Hochwasser<\/a> <span class=\"sya_categories\"><span class=\"sya_bracket\">(<\/span>Sonstiges<span class=\"sya_bracket\">)<\/span><\/span><\/div><\/li><li class=\"\"><div class=\"sya_postcontent\"><span class=\"sya_date\">08.06.2013 <span class=\"sya_sep\">- <\/span><\/span><a href=\"http:\/\/www.news.weisseritztalbahn.de\/?p=2940\" class=\"sya_postlink post-2940\" rel=\"bookmark\"><\/a> <span class=\"sya_categories\"><span class=\"sya_bracket\">(<\/span>S\u00e4chsische Zeitung<span class=\"sya_bracket\">)<\/span><\/span><\/div><\/li><li class=\"\"><div class=\"sya_postcontent\"><span class=\"sya_date\">07.06.2013 <span class=\"sya_sep\">- <\/span><\/span><a href=\"http:\/\/www.news.weisseritztalbahn.de\/?p=2932\" class=\"sya_postlink post-2932\" rel=\"bookmark\">Wei\u00dferitztalbahn erneut Flutopfer<\/a> <span class=\"sya_categories\"><span class=\"sya_bracket\">(<\/span>Sonstiges<span class=\"sya_bracket\">)<\/span><\/span><\/div><\/li><li class=\"\"><div class=\"sya_postcontent\"><span class=\"sya_date\">06.06.2013 <span class=\"sya_sep\">- <\/span><\/span><a href=\"http:\/\/www.news.weisseritztalbahn.de\/?p=2925\" class=\"sya_postlink post-2925\" rel=\"bookmark\">Am Wochenende 08.\/09.06.2013 &#8211; Sonderverkehr zwischen Freital-Hainsberg und Rabenau<\/a> <span class=\"sya_categories\"><span class=\"sya_bracket\">(<\/span>Sonstiges<span class=\"sya_bracket\">)<\/span><\/span><\/div><\/li><li class=\"\"><div class=\"sya_postcontent\"><span class=\"sya_date\">06.06.2013 <span class=\"sya_sep\">- <\/span><\/span><a href=\"http:\/\/www.news.weisseritztalbahn.de\/?p=2919\" class=\"sya_postlink post-2919\" rel=\"bookmark\">Schadensbegutachtung<\/a> <span class=\"sya_categories\"><span class=\"sya_bracket\">(<\/span>Sonstiges<span class=\"sya_bracket\">)<\/span><\/span><\/div><\/li><li class=\"\"><div class=\"sya_postcontent\"><span class=\"sya_date\">04.06.2013 <span class=\"sya_sep\">- <\/span><\/span><a href=\"http:\/\/www.news.weisseritztalbahn.de\/?p=2908\" class=\"sya_postlink post-2908\" rel=\"bookmark\">Rote Wei\u00dferitz legt die Wei\u00dferitztalbahn lahm<\/a> <span class=\"sya_categories\"><span class=\"sya_bracket\">(<\/span>S\u00e4chsische Zeitung<span class=\"sya_bracket\">)<\/span><\/span><\/div><\/li><li class=\"\"><div class=\"sya_postcontent\"><span class=\"sya_date\">03.06.2013 <span class=\"sya_sep\">- <\/span><\/span><a href=\"http:\/\/www.news.weisseritztalbahn.de\/?p=2887\" class=\"sya_postlink post-2887\" rel=\"bookmark\">Fahrbetrieb der Wei\u00dferitztalbahn vorl\u00e4ufig eingestellt<\/a> <span class=\"sya_categories\"><span class=\"sya_bracket\">(<\/span>Sonstiges<span class=\"sya_bracket\">)<\/span><\/span><\/div><\/li><li class=\"\"><div class=\"sya_postcontent\"><span class=\"sya_date\">02.06.2013 <span class=\"sya_sep\">- <\/span><\/span><a href=\"http:\/\/www.news.weisseritztalbahn.de\/?p=2876\" class=\"sya_postlink post-2876\" rel=\"bookmark\">Absage der Veranstaltung! Kreuzchor bei der Wei\u00dferitztalbahn<\/a> <span class=\"sya_categories\"><span class=\"sya_bracket\">(<\/span>Sonstiges<span class=\"sya_bracket\">)<\/span><\/span><\/div><\/li><li class=\"\"><div class=\"sya_postcontent\"><span class=\"sya_date\">31.05.2013 <span class=\"sya_sep\">- <\/span><\/span><a href=\"http:\/\/www.news.weisseritztalbahn.de\/?p=2871\" class=\"sya_postlink post-2871\" rel=\"bookmark\">Rettung im Rabenauer Grund wird k\u00fcnftig leichter<\/a> <span class=\"sya_categories\"><span class=\"sya_bracket\">(<\/span>S\u00e4chsische Zeitung<span class=\"sya_bracket\">)<\/span><\/span><\/div><\/li><li class=\"\"><div class=\"sya_postcontent\"><span class=\"sya_date\">27.05.2013 <span class=\"sya_sep\">- <\/span><\/span><a href=\"http:\/\/www.news.weisseritztalbahn.de\/?p=2835\" class=\"sya_postlink post-2835\" rel=\"bookmark\">Die Bimmel braucht mehr Dampf<\/a> <span class=\"sya_categories\"><span class=\"sya_bracket\">(<\/span>S\u00e4chsische Zeitung<span class=\"sya_bracket\">)<\/span><\/span><\/div><\/li><li class=\"\"><div class=\"sya_postcontent\"><span class=\"sya_date\">26.05.2013 <span class=\"sya_sep\">- <\/span><\/span><a href=\"http:\/\/www.news.weisseritztalbahn.de\/?p=2841\" class=\"sya_postlink post-2841\" rel=\"bookmark\">Presseinformation<\/a> <span class=\"sya_categories\"><span class=\"sya_bracket\">(<\/span>Presse \/ Medien<span class=\"sya_bracket\">)<\/span><\/span><\/div><\/li><li class=\"\"><div class=\"sya_postcontent\"><span class=\"sya_date\">26.05.2013 <span class=\"sya_sep\">- <\/span><\/span><a href=\"http:\/\/www.news.weisseritztalbahn.de\/?p=2833\" class=\"sya_postlink post-2833\" rel=\"bookmark\">Denkmalbeirat f\u00fcr Bimmel gegr\u00fcndet<\/a> <span class=\"sya_categories\"><span class=\"sya_bracket\">(<\/span>S\u00e4chsische Zeitung<span class=\"sya_bracket\">)<\/span><\/span><\/div><\/li><li class=\"\"><div class=\"sya_postcontent\"><span class=\"sya_date\">20.05.2013 <span class=\"sya_sep\">- <\/span><\/span><a href=\"http:\/\/www.news.weisseritztalbahn.de\/?p=2825\" class=\"sya_postlink post-2825\" rel=\"bookmark\">Mit dem OOw bei der Dixieparade in Dresden<\/a> <span class=\"sya_categories\"><span class=\"sya_bracket\">(<\/span>Sonstiges<span class=\"sya_bracket\">)<\/span><\/span><\/div><\/li><li class=\"\"><div class=\"sya_postcontent\"><span class=\"sya_date\">17.05.2013 <span class=\"sya_sep\">- <\/span><\/span><a href=\"http:\/\/www.news.weisseritztalbahn.de\/?p=2818\" class=\"sya_postlink post-2818\" rel=\"bookmark\">Sonderverkehr zu Pfingsten<\/a> <span class=\"sya_categories\"><span class=\"sya_bracket\">(<\/span>Sonstiges<span class=\"sya_bracket\">)<\/span><\/span><\/div><\/li><li class=\"\"><div class=\"sya_postcontent\"><span class=\"sya_date\">14.05.2013 <span class=\"sya_sep\">- <\/span><\/span><a href=\"http:\/\/www.news.weisseritztalbahn.de\/?p=2812\" class=\"sya_postlink post-2812\" rel=\"bookmark\">Bahnbau zur Zeit nur auf dem Papier<\/a> <span class=\"sya_categories\"><span class=\"sya_bracket\">(<\/span>S\u00e4chsische Zeitung, Sonstiges<span class=\"sya_bracket\">)<\/span><\/span><\/div><\/li><li class=\"\"><div class=\"sya_postcontent\"><span class=\"sya_date\">25.04.2013 <span class=\"sya_sep\">- <\/span><\/span><a href=\"http:\/\/www.news.weisseritztalbahn.de\/?p=2797\" class=\"sya_postlink post-2797\" rel=\"bookmark\">Hainsberger IVK auf dem Weg zum Pollo<\/a> <span class=\"sya_categories\"><span class=\"sya_bracket\">(<\/span>Sonstiges<span class=\"sya_bracket\">)<\/span><\/span><\/div><\/li><li class=\"\"><div class=\"sya_postcontent\"><span class=\"sya_date\">21.04.2013 <span class=\"sya_sep\">- <\/span><\/span><a href=\"http:\/\/www.news.weisseritztalbahn.de\/?p=2764\" class=\"sya_postlink post-2764\" rel=\"bookmark\">Bahnhofsgeb\u00e4ude Dippoldiswalde versteigert<\/a> <span class=\"sya_categories\"><span class=\"sya_bracket\">(<\/span>Sonstiges<span class=\"sya_bracket\">)<\/span><\/span><\/div><\/li><li class=\"\"><div class=\"sya_postcontent\"><span class=\"sya_date\">20.04.2013 <span class=\"sya_sep\">- <\/span><\/span><a href=\"http:\/\/www.news.weisseritztalbahn.de\/?p=2748\" class=\"sya_postlink post-2748\" rel=\"bookmark\">Sonderverkehr zu Himmelfahrt am 09.05.2013<\/a> <span class=\"sya_categories\"><span class=\"sya_bracket\">(<\/span>Sonstiges<span class=\"sya_bracket\">)<\/span><\/span><\/div><\/li><li class=\"\"><div class=\"sya_postcontent\"><span class=\"sya_date\">09.04.2013 <span class=\"sya_sep\">- <\/span><\/span><a href=\"http:\/\/www.news.weisseritztalbahn.de\/?p=2712\" class=\"sya_postlink post-2712\" rel=\"bookmark\">Sonderfahrten mit 99 1608<\/a> <span class=\"sya_categories\"><span class=\"sya_bracket\">(<\/span>Freital-Hainsberg, Seifersdorf<span class=\"sya_bracket\">)<\/span><\/span><\/div><\/li><li class=\"\"><div class=\"sya_postcontent\"><span class=\"sya_date\">06.04.2013 <span class=\"sya_sep\">- <\/span><\/span><a href=\"http:\/\/www.news.weisseritztalbahn.de\/?p=2723\" class=\"sya_postlink post-2723\" rel=\"bookmark\">Mit viel Dampf durch das Osterzgebirge<\/a> <span class=\"sya_categories\"><span class=\"sya_bracket\">(<\/span>Presse \/ Medien, S\u00e4chsische Zeitung<span class=\"sya_bracket\">)<\/span><\/span><\/div><\/li><li class=\"\"><div class=\"sya_postcontent\"><span class=\"sya_date\">03.04.2013 <span class=\"sya_sep\">- <\/span><\/span><a href=\"http:\/\/www.news.weisseritztalbahn.de\/?p=2728\" class=\"sya_postlink post-2728\" rel=\"bookmark\">Sonderzug f\u00e4hrt trotz kaputter Lok<\/a> <span class=\"sya_categories\"><span class=\"sya_bracket\">(<\/span>Presse \/ Medien, S\u00e4chsische Zeitung, Sonstiges<span class=\"sya_bracket\">)<\/span><\/span><\/div><\/li><li class=\"\"><div class=\"sya_postcontent\"><span class=\"sya_date\">01.04.2013 <span class=\"sya_sep\">- <\/span><\/span><a href=\"http:\/\/www.news.weisseritztalbahn.de\/?p=2702\" class=\"sya_postlink post-2702\" rel=\"bookmark\">Ostersonderz\u00fcge am 01.04.2013<\/a> <span class=\"sya_categories\"><span class=\"sya_bracket\">(<\/span>Sonstiges<span class=\"sya_bracket\">)<\/span><\/span><\/div><\/li><li class=\"\"><div class=\"sya_postcontent\"><span class=\"sya_date\">01.04.2013 <span class=\"sya_sep\">- <\/span><\/span><a href=\"http:\/\/www.news.weisseritztalbahn.de\/?p=2697\" class=\"sya_postlink post-2697\" rel=\"bookmark\">IK-Einsatz f\u00e4llt aus<\/a> <span class=\"sya_categories\"><span class=\"sya_bracket\">(<\/span>Sonstiges<span class=\"sya_bracket\">)<\/span><\/span><\/div><\/li><li class=\"\"><div class=\"sya_postcontent\"><span class=\"sya_date\">27.03.2013 <span class=\"sya_sep\">- <\/span><\/span><a href=\"http:\/\/www.news.weisseritztalbahn.de\/?p=2683\" class=\"sya_postlink post-2683\" rel=\"bookmark\">Maxi M\u00f6hre f\u00e4hrt wieder Bahn<\/a> <span class=\"sya_categories\"><span class=\"sya_bracket\">(<\/span>Sonstiges<span class=\"sya_bracket\">)<\/span><\/span><\/div><\/li><li class=\"\"><div class=\"sya_postcontent\"><span class=\"sya_date\">27.03.2013 <span class=\"sya_sep\">- <\/span><\/span><a href=\"http:\/\/www.news.weisseritztalbahn.de\/?p=2686\" class=\"sya_postlink post-2686\" rel=\"bookmark\">Im Oldtimer durch die Dippser Heide<\/a> <span class=\"sya_categories\"><span class=\"sya_bracket\">(<\/span>Sonstiges<span class=\"sya_bracket\">)<\/span><\/span><\/div><\/li><li class=\"\"><div class=\"sya_postcontent\"><span class=\"sya_date\">14.03.2013 <span class=\"sya_sep\">- <\/span><\/span><a href=\"http:\/\/www.news.weisseritztalbahn.de\/?p=2670\" class=\"sya_postlink post-2670\" rel=\"bookmark\">Hollywood auf der Wei\u00dferitztalbahn<\/a> <span class=\"sya_categories\"><span class=\"sya_bracket\">(<\/span>S\u00e4chsische Zeitung, Sonstiges<span class=\"sya_bracket\">)<\/span><\/span><\/div><\/li><li class=\"\"><div class=\"sya_postcontent\"><span class=\"sya_date\">04.03.2013 <span class=\"sya_sep\">- <\/span><\/span><a href=\"http:\/\/www.news.weisseritztalbahn.de\/?p=2647\" class=\"sya_postlink post-2647\" rel=\"bookmark\">Es dampft wieder auf der Wei\u00dferitztalbahn<\/a> <span class=\"sya_categories\"><span class=\"sya_bracket\">(<\/span>Sonstiges<span class=\"sya_bracket\">)<\/span><\/span><\/div><\/li><li class=\"\"><div class=\"sya_postcontent\"><span class=\"sya_date\">28.02.2013 <span class=\"sya_sep\">- <\/span><\/span><a href=\"http:\/\/www.news.weisseritztalbahn.de\/?p=2643\" class=\"sya_postlink post-2643\" rel=\"bookmark\">Aktuelles<\/a> <span class=\"sya_categories\"><span class=\"sya_bracket\">(<\/span>Sonstiges<span class=\"sya_bracket\">)<\/span><\/span><\/div><\/li><li class=\"\"><div class=\"sya_postcontent\"><span class=\"sya_date\">27.02.2013 <span class=\"sya_sep\">- <\/span><\/span><a href=\"http:\/\/www.news.weisseritztalbahn.de\/?p=2593\" class=\"sya_postlink post-2593\" rel=\"bookmark\">IK 54 auf der Wei\u00dferitztalbahn<\/a> <span class=\"sya_categories\"><span class=\"sya_bracket\">(<\/span>Sonstiges<span class=\"sya_bracket\">)<\/span><\/span><\/div><\/li><li class=\"\"><div class=\"sya_postcontent\"><span class=\"sya_date\">27.02.2013 <span class=\"sya_sep\">- <\/span><\/span><a href=\"http:\/\/www.news.weisseritztalbahn.de\/?p=2639\" class=\"sya_postlink post-2639\" rel=\"bookmark\">Lok VII K 99 1734-5 wieder unterwegs<\/a> <span class=\"sya_categories\"><span class=\"sya_bracket\">(<\/span>Sonstiges<span class=\"sya_bracket\">)<\/span><\/span><\/div><\/li><li class=\"\"><div class=\"sya_postcontent\"><span class=\"sya_date\">26.02.2013 <span class=\"sya_sep\">- <\/span><\/span><a href=\"http:\/\/www.news.weisseritztalbahn.de\/?p=2624\" class=\"sya_postlink post-2624\" rel=\"bookmark\">Sonderverkehr zu Ostern<\/a> <span class=\"sya_categories\"><span class=\"sya_bracket\">(<\/span>Sonstiges<span class=\"sya_bracket\">)<\/span><\/span><\/div><\/li><li class=\"\"><div class=\"sya_postcontent\"><span class=\"sya_date\">24.02.2013 <span class=\"sya_sep\">- <\/span><\/span><a href=\"http:\/\/www.news.weisseritztalbahn.de\/?p=2615\" class=\"sya_postlink post-2615\" rel=\"bookmark\">IV K weiter im Einsatz<\/a> <span class=\"sya_categories\"><span class=\"sya_bracket\">(<\/span>Sonstiges<span class=\"sya_bracket\">)<\/span><\/span><\/div><\/li><li class=\"\"><div class=\"sya_postcontent\"><span class=\"sya_date\">22.02.2013 <span class=\"sya_sep\">- <\/span><\/span><a href=\"http:\/\/www.news.weisseritztalbahn.de\/?p=2595\" class=\"sya_postlink post-2595\" rel=\"bookmark\">99 1608 im Einsatz<\/a> <span class=\"sya_categories\"><span class=\"sya_bracket\">(<\/span>Sonstiges<span class=\"sya_bracket\">)<\/span><\/span><\/div><\/li><li class=\"\"><div class=\"sya_postcontent\"><span class=\"sya_date\">18.02.2013 <span class=\"sya_sep\">- <\/span><\/span><a href=\"http:\/\/www.news.weisseritztalbahn.de\/?p=2598\" class=\"sya_postlink post-2598\" rel=\"bookmark\">M\u00e4rchen auf R\u00e4dern<\/a> <span class=\"sya_categories\"><span class=\"sya_bracket\">(<\/span>Presse \/ Medien, S\u00e4chsische Zeitung<span class=\"sya_bracket\">)<\/span><\/span><\/div><\/li><li class=\"\"><div class=\"sya_postcontent\"><span class=\"sya_date\">17.02.2013 <span class=\"sya_sep\">- <\/span><\/span><a href=\"http:\/\/www.news.weisseritztalbahn.de\/?p=2586\" class=\"sya_postlink post-2586\" rel=\"bookmark\">Wann startet der Aufbau der Kleinbahn?<\/a> <span class=\"sya_categories\"><span class=\"sya_bracket\">(<\/span>S\u00e4chsische Zeitung<span class=\"sya_bracket\">)<\/span><\/span><\/div><\/li><li class=\"\"><div class=\"sya_postcontent\"><span class=\"sya_date\">31.01.2013 <span class=\"sya_sep\">- <\/span><\/span><a href=\"http:\/\/www.news.weisseritztalbahn.de\/?p=2547\" class=\"sya_postlink post-2547\" rel=\"bookmark\">Wie die Bimmelbahn mehr Fahrg\u00e4ste locken will<\/a> <span class=\"sya_categories\"><span class=\"sya_bracket\">(<\/span>S\u00e4chsische Zeitung<span class=\"sya_bracket\">)<\/span><\/span><\/div><\/li><li class=\"\"><div class=\"sya_postcontent\"><span class=\"sya_date\">31.01.2013 <span class=\"sya_sep\">- <\/span><\/span><a href=\"http:\/\/www.news.weisseritztalbahn.de\/?p=2554\" class=\"sya_postlink post-2554\" rel=\"bookmark\">Kommentar &#8211; Mit der Bahn fahren h\u00e4lt sie lebendig<\/a> <span class=\"sya_categories\"><span class=\"sya_bracket\">(<\/span>S\u00e4chsische Zeitung, Sonstiges<span class=\"sya_bracket\">)<\/span><\/span><\/div><\/li><li class=\"\"><div class=\"sya_postcontent\"><span class=\"sya_date\">30.01.2013 <span class=\"sya_sep\">- <\/span><\/span><a href=\"http:\/\/www.news.weisseritztalbahn.de\/?p=2538\" class=\"sya_postlink post-2538\" rel=\"bookmark\">Pressemitteilung<\/a> <span class=\"sya_categories\"><span class=\"sya_bracket\">(<\/span>Presse \/ Medien, Sonstiges<span class=\"sya_bracket\">)<\/span><\/span><\/div><\/li><li class=\"\"><div class=\"sya_postcontent\"><span class=\"sya_date\">17.01.2013 <span class=\"sya_sep\">- <\/span><\/span><a href=\"http:\/\/www.news.weisseritztalbahn.de\/?p=2532\" class=\"sya_postlink post-2532\" rel=\"bookmark\">Wiederaufbau der Wei\u00dferitztalbahn wird vorbereitet<\/a> <span class=\"sya_categories\"><span class=\"sya_bracket\">(<\/span>S\u00e4chsische Zeitung<span class=\"sya_bracket\">)<\/span><\/span><\/div><\/li><li class=\"\"><div class=\"sya_postcontent\"><span class=\"sya_date\">16.01.2013 <span class=\"sya_sep\">- <\/span><\/span><a href=\"http:\/\/www.news.weisseritztalbahn.de\/?p=2517\" class=\"sya_postlink post-2517\" rel=\"bookmark\">IV K 99 608 am 17.01.2013 wieder unterwegs<\/a> <span class=\"sya_categories\"><span class=\"sya_bracket\">(<\/span>Sonstiges<span class=\"sya_bracket\">)<\/span><\/span><\/div><\/li><li class=\"\"><div class=\"sya_postcontent\"><span class=\"sya_date\">16.01.2013 <span class=\"sya_sep\">- <\/span><\/span><a href=\"http:\/\/www.news.weisseritztalbahn.de\/?p=2513\" class=\"sya_postlink post-2513\" rel=\"bookmark\">Bohrwagen f\u00fcr die Bimmelbahn im Einsatz<\/a> <span class=\"sya_categories\"><span class=\"sya_bracket\">(<\/span>S\u00e4chsische Zeitung<span class=\"sya_bracket\">)<\/span><\/span><\/div><\/li><li class=\"\"><div class=\"sya_postcontent\"><span class=\"sya_date\">08.01.2013 <span class=\"sya_sep\">- <\/span><\/span><a href=\"http:\/\/www.news.weisseritztalbahn.de\/?p=2501\" class=\"sya_postlink post-2501\" rel=\"bookmark\">IV K 99 608 war am 08.01.2013 kurzfristig im Einsatz<\/a> <span class=\"sya_categories\"><span class=\"sya_bracket\">(<\/span>Sonstiges<span class=\"sya_bracket\">)<\/span><\/span><\/div><\/li><li class=\"\"><div class=\"sya_postcontent\"><span class=\"sya_date\">02.01.2013 <span class=\"sya_sep\">- <\/span><\/span><a href=\"http:\/\/www.news.weisseritztalbahn.de\/?p=2494\" class=\"sya_postlink post-2494\" rel=\"bookmark\">Bimmel feiert 130. Geburtstag<\/a> <span class=\"sya_categories\"><span class=\"sya_bracket\">(<\/span>S\u00e4chsische Zeitung<span class=\"sya_bracket\">)<\/span><\/span><\/div><\/li><\/ul><h3><a id=\"year2012\"><\/a>2012 <span class=\"sya_yearcount\"><span class=\"sya_bracket\">(<\/span>57<span class=\"sya_bracket\">)<\/span><\/span><\/h3><ul><li class=\"\"><div class=\"sya_postcontent\"><span class=\"sya_date\">16.12.2012 <span class=\"sya_sep\">- <\/span><\/span><a href=\"http:\/\/www.news.weisseritztalbahn.de\/?p=2410\" class=\"sya_postlink post-2410\" rel=\"bookmark\">Dixiefahrt 2013<\/a> <span class=\"sya_categories\"><span class=\"sya_bracket\">(<\/span>Sonstiges<span class=\"sya_bracket\">)<\/span><\/span><\/div><\/li><li class=\"\"><div class=\"sya_postcontent\"><span class=\"sya_date\">09.12.2012 <span class=\"sya_sep\">- <\/span><\/span><a href=\"http:\/\/www.news.weisseritztalbahn.de\/?p=2403\" class=\"sya_postlink post-2403\" rel=\"bookmark\">Nikolausfahrt 2012<\/a> <span class=\"sya_categories\"><span class=\"sya_bracket\">(<\/span>Sonstiges<span class=\"sya_bracket\">)<\/span><\/span><\/div><\/li><li class=\"\"><div class=\"sya_postcontent\"><span class=\"sya_date\">06.12.2012 <span class=\"sya_sep\">- <\/span><\/span><a href=\"http:\/\/www.news.weisseritztalbahn.de\/?p=2398\" class=\"sya_postlink post-2398\" rel=\"bookmark\">Halleluja! Hei\u00dfes Kruzianer-Konzert in der Wei\u00dferitzbahn<\/a> <span class=\"sya_categories\"><span class=\"sya_bracket\">(<\/span>Sonstiges<span class=\"sya_bracket\">)<\/span><\/span><\/div><\/li><li class=\"\"><div class=\"sya_postcontent\"><span class=\"sya_date\">04.12.2012 <span class=\"sya_sep\">- <\/span><\/span><a href=\"http:\/\/www.news.weisseritztalbahn.de\/?p=2380\" class=\"sya_postlink post-2380\" rel=\"bookmark\">Mit Volldampf in den Advent<\/a> <span class=\"sya_categories\"><span class=\"sya_bracket\">(<\/span>S\u00e4chsische Zeitung<span class=\"sya_bracket\">)<\/span><\/span><\/div><\/li><li class=\"\"><div class=\"sya_postcontent\"><span class=\"sya_date\">01.12.2012 <span class=\"sya_sep\">- <\/span><\/span><a href=\"http:\/\/www.news.weisseritztalbahn.de\/?p=2363\" class=\"sya_postlink post-2363\" rel=\"bookmark\">1. Advent 2012 Obercarsdorf<\/a> <span class=\"sya_categories\"><span class=\"sya_bracket\">(<\/span>Obercarsdorf, Schmiedeberg, Schmiedeberg-Naundorf<span class=\"sya_bracket\">)<\/span><\/span><\/div><\/li><li class=\"\"><div class=\"sya_postcontent\"><span class=\"sya_date\">01.12.2012 <span class=\"sya_sep\">- <\/span><\/span><a href=\"http:\/\/www.news.weisseritztalbahn.de\/?p=2278\" class=\"sya_postlink post-2278\" rel=\"bookmark\">Sonderfahrten Obercarsdorf &#8211; Schmiedeberg am 01.\/02.12.2012<\/a> <span class=\"sya_categories\"><span class=\"sya_bracket\">(<\/span>Sonstiges<span class=\"sya_bracket\">)<\/span><\/span><\/div><\/li><li class=\"\"><div class=\"sya_postcontent\"><span class=\"sya_date\">30.11.2012 <span class=\"sya_sep\">- <\/span><\/span><a href=\"http:\/\/www.news.weisseritztalbahn.de\/?p=2355\" class=\"sya_postlink post-2355\" rel=\"bookmark\">4. Dixielandzug auf der Wei\u00dferitztalbahn 2013<\/a> <span class=\"sya_categories\"><span class=\"sya_bracket\">(<\/span>Sonstiges<span class=\"sya_bracket\">)<\/span><\/span><\/div><\/li><li class=\"\"><div class=\"sya_postcontent\"><span class=\"sya_date\">29.11.2012 <span class=\"sya_sep\">- <\/span><\/span><a href=\"http:\/\/www.news.weisseritztalbahn.de\/?p=2340\" class=\"sya_postlink post-2340\" rel=\"bookmark\">Kleinbahn dampft zum Advent<\/a> <span class=\"sya_categories\"><span class=\"sya_bracket\">(<\/span>Presse \/ Medien, S\u00e4chsische Zeitung<span class=\"sya_bracket\">)<\/span><\/span><\/div><\/li><li class=\"\"><div class=\"sya_postcontent\"><span class=\"sya_date\">26.11.2012 <span class=\"sya_sep\">- <\/span><\/span><a href=\"http:\/\/www.news.weisseritztalbahn.de\/?p=2326\" class=\"sya_postlink post-2326\" rel=\"bookmark\">99 608  im Bahnhof Hainsberg unterwegs<\/a> <span class=\"sya_categories\"><span class=\"sya_bracket\">(<\/span>Freital-Hainsberg, Obercarsdorf<span class=\"sya_bracket\">)<\/span><\/span><\/div><\/li><li class=\"\"><div class=\"sya_postcontent\"><span class=\"sya_date\">25.11.2012 <span class=\"sya_sep\">- <\/span><\/span><a href=\"http:\/\/www.news.weisseritztalbahn.de\/?p=2315\" class=\"sya_postlink post-2315\" rel=\"bookmark\">Die Strecke der Kleinbahn wird vermessen<\/a> <span class=\"sya_categories\"><span class=\"sya_bracket\">(<\/span>Sonstiges<span class=\"sya_bracket\">)<\/span><\/span><\/div><\/li><li class=\"\"><div class=\"sya_postcontent\"><span class=\"sya_date\">24.11.2012 <span class=\"sya_sep\">- <\/span><\/span><a href=\"http:\/\/www.news.weisseritztalbahn.de\/?p=2320\" class=\"sya_postlink post-2320\" rel=\"bookmark\">Erste Schritte f\u00fcr den zweiten Bauabschnitt<\/a> <span class=\"sya_categories\"><span class=\"sya_bracket\">(<\/span>Sonstiges<span class=\"sya_bracket\">)<\/span><\/span><\/div><\/li><li class=\"\"><div class=\"sya_postcontent\"><span class=\"sya_date\">12.11.2012 <span class=\"sya_sep\">- <\/span><\/span><a href=\"http:\/\/www.news.weisseritztalbahn.de\/?p=2296\" class=\"sya_postlink post-2296\" rel=\"bookmark\">\u201eDas Schmalspurbahn-Festival ist ein Renner\u201c<\/a> <span class=\"sya_categories\"><span class=\"sya_bracket\">(<\/span>Presse \/ Medien, S\u00e4chsische Zeitung<span class=\"sya_bracket\">)<\/span><\/span><\/div><\/li><li class=\"\"><div class=\"sya_postcontent\"><span class=\"sya_date\">07.11.2012 <span class=\"sya_sep\">- <\/span><\/span><a href=\"http:\/\/www.news.weisseritztalbahn.de\/?p=2268\" class=\"sya_postlink post-2268\" rel=\"bookmark\">Kohle f\u00fcr Dampf &#8211; Schmalspurbahnen sollen verl\u00e4sslich Geld bekommen<\/a> <span class=\"sya_categories\"><span class=\"sya_bracket\">(<\/span>Presse \/ Medien, S\u00e4chsische Zeitung<span class=\"sya_bracket\">)<\/span><\/span><\/div><\/li><li class=\"\"><div class=\"sya_postcontent\"><span class=\"sya_date\">07.11.2012 <span class=\"sya_sep\">- <\/span><\/span><a href=\"http:\/\/www.news.weisseritztalbahn.de\/?p=2274\" class=\"sya_postlink post-2274\" rel=\"bookmark\">Bimmelbahn hat eine Woche Verschnaufpause<\/a> <span class=\"sya_categories\"><span class=\"sya_bracket\">(<\/span>Presse \/ Medien, S\u00e4chsische Zeitung<span class=\"sya_bracket\">)<\/span><\/span><\/div><\/li><li class=\"\"><div class=\"sya_postcontent\"><span class=\"sya_date\">04.11.2012 <span class=\"sya_sep\">- <\/span><\/span><a href=\"http:\/\/www.news.weisseritztalbahn.de\/?p=2260\" class=\"sya_postlink post-2260\" rel=\"bookmark\">Vegetationspflege Obercarsdorf &#8211; Schmiedeberg<\/a> <span class=\"sya_categories\"><span class=\"sya_bracket\">(<\/span>Obercarsdorf, Schmiedeberg<span class=\"sya_bracket\">)<\/span><\/span><\/div><\/li><li class=\"\"><div class=\"sya_postcontent\"><span class=\"sya_date\">03.11.2012 <span class=\"sya_sep\">- <\/span><\/span><a href=\"http:\/\/www.news.weisseritztalbahn.de\/?p=2257\" class=\"sya_postlink post-2257\" rel=\"bookmark\">Planer f\u00fcr Bahnbau bis Kipsdorf gesucht<\/a> <span class=\"sya_categories\"><span class=\"sya_bracket\">(<\/span>Sonstiges<span class=\"sya_bracket\">)<\/span><\/span><\/div><\/li><li class=\"\"><div class=\"sya_postcontent\"><span class=\"sya_date\">02.11.2012 <span class=\"sya_sep\">- <\/span><\/span><a href=\"http:\/\/www.news.weisseritztalbahn.de\/?p=2252\" class=\"sya_postlink post-2252\" rel=\"bookmark\">Fahrten mit der Wei\u00dferitztalbahn werden teurer<\/a> <span class=\"sya_categories\"><span class=\"sya_bracket\">(<\/span>Sonstiges<span class=\"sya_bracket\">)<\/span><\/span><\/div><\/li><li class=\"\"><div class=\"sya_postcontent\"><span class=\"sya_date\">31.10.2012 <span class=\"sya_sep\">- <\/span><\/span><a href=\"http:\/\/www.news.weisseritztalbahn.de\/?p=2245\" class=\"sya_postlink post-2245\" rel=\"bookmark\">Erstes Winterwochenende 2012\/13<\/a> <span class=\"sya_categories\"><span class=\"sya_bracket\">(<\/span>Sonstiges<span class=\"sya_bracket\">)<\/span><\/span><\/div><\/li><li class=\"\"><div class=\"sya_postcontent\"><span class=\"sya_date\">16.09.2012 <span class=\"sya_sep\">- <\/span><\/span><a href=\"http:\/\/www.news.weisseritztalbahn.de\/?p=2224\" class=\"sya_postlink post-2224\" rel=\"bookmark\">Schmalspurbahnen sollen unter Dampf bleiben<\/a> <span class=\"sya_categories\"><span class=\"sya_bracket\">(<\/span>S\u00e4chsische Zeitung, Sonstiges<span class=\"sya_bracket\">)<\/span><\/span><\/div><\/li><li class=\"\"><div class=\"sya_postcontent\"><span class=\"sya_date\">11.08.2012 <span class=\"sya_sep\">- <\/span><\/span><a href=\"http:\/\/www.news.weisseritztalbahn.de\/?p=2209\" class=\"sya_postlink post-2209\" rel=\"bookmark\">10 Jahre Flutkatastrophe im Wei\u00dferitztal<\/a> <span class=\"sya_categories\"><span class=\"sya_bracket\">(<\/span>Sonstiges<span class=\"sya_bracket\">)<\/span><\/span><\/div><\/li><li class=\"\"><div class=\"sya_postcontent\"><span class=\"sya_date\">14.07.2012 <span class=\"sya_sep\">- <\/span><\/span><a href=\"http:\/\/www.news.weisseritztalbahn.de\/?p=2179\" class=\"sya_postlink post-2179\" rel=\"bookmark\">Schmalspurbahnfest 2012<\/a> <span class=\"sya_categories\"><span class=\"sya_bracket\">(<\/span>Sonstiges<span class=\"sya_bracket\">)<\/span><\/span><\/div><\/li><li class=\"\"><div class=\"sya_postcontent\"><span class=\"sya_date\">14.07.2012 <span class=\"sya_sep\">- <\/span><\/span><a href=\"http:\/\/www.news.weisseritztalbahn.de\/?p=2176\" class=\"sya_postlink post-2176\" rel=\"bookmark\">Noch eine Unterschrift f\u00fcr die Bimmelbahn<\/a> <span class=\"sya_categories\"><span class=\"sya_bracket\">(<\/span>Sonstiges<span class=\"sya_bracket\">)<\/span><\/span><\/div><\/li><li class=\"\"><div class=\"sya_postcontent\"><span class=\"sya_date\">13.07.2012 <span class=\"sya_sep\">- <\/span><\/span><a href=\"http:\/\/www.news.weisseritztalbahn.de\/?p=2171\" class=\"sya_postlink post-2171\" rel=\"bookmark\">Vertrag f\u00fcr den zweiten Bauabschnitt der Wei\u00dferitztalbahn unterzeichnet<\/a> <span class=\"sya_categories\"><span class=\"sya_bracket\">(<\/span>Vorarbeiten Wiederaufbau Dipps-Kipsdorf<span class=\"sya_bracket\">)<\/span><\/span><\/div><\/li><li class=\"\"><div class=\"sya_postcontent\"><span class=\"sya_date\">13.07.2012 <span class=\"sya_sep\">- <\/span><\/span><a href=\"http:\/\/www.news.weisseritztalbahn.de\/?p=2160\" class=\"sya_postlink post-2160\" rel=\"bookmark\">Lokumlauf zum Schmalspur-Festival am 14.\/15.07.2012<\/a> <span class=\"sya_categories\"><span class=\"sya_bracket\">(<\/span>Sonstiges<span class=\"sya_bracket\">)<\/span><\/span><\/div><\/li><li class=\"\"><div class=\"sya_postcontent\"><span class=\"sya_date\">13.07.2012 <span class=\"sya_sep\">- <\/span><\/span><a href=\"http:\/\/www.news.weisseritztalbahn.de\/?p=2154\" class=\"sya_postlink post-2154\" rel=\"bookmark\">Alte R\u00fcgen-Lok dampft zum Bahnfest<\/a> <span class=\"sya_categories\"><span class=\"sya_bracket\">(<\/span>Presse \/ Medien, S\u00e4chsische Zeitung<span class=\"sya_bracket\">)<\/span><\/span><\/div><\/li><li class=\"\"><div class=\"sya_postcontent\"><span class=\"sya_date\">13.07.2012 <span class=\"sya_sep\">- <\/span><\/span><a href=\"http:\/\/www.news.weisseritztalbahn.de\/?p=2157\" class=\"sya_postlink post-2157\" rel=\"bookmark\">Schmalspurbahn-Festival Wei\u00dferitztalbahn  14.\/15.07.2012<\/a> <span class=\"sya_categories\"><span class=\"sya_bracket\">(<\/span>Sonstiges<span class=\"sya_bracket\">)<\/span><\/span><\/div><\/li><li class=\"\"><div class=\"sya_postcontent\"><span class=\"sya_date\">11.07.2012 <span class=\"sya_sep\">- <\/span><\/span><a href=\"http:\/\/www.news.weisseritztalbahn.de\/?p=2147\" class=\"sya_postlink post-2147\" rel=\"bookmark\">Wenn der Kindheitstraum zum Beruf wird<\/a> <span class=\"sya_categories\"><span class=\"sya_bracket\">(<\/span>Presse \/ Medien, S\u00e4chsische Zeitung, Sonstiges<span class=\"sya_bracket\">)<\/span><\/span><\/div><\/li><li class=\"\"><div class=\"sya_postcontent\"><span class=\"sya_date\">02.07.2012 <span class=\"sya_sep\">- <\/span><\/span><a href=\"http:\/\/www.news.weisseritztalbahn.de\/?p=2134\" class=\"sya_postlink post-2134\" rel=\"bookmark\">Erstmalig in Freital-Hainsberg<\/a> <span class=\"sya_categories\"><span class=\"sya_bracket\">(<\/span>Sonstiges<span class=\"sya_bracket\">)<\/span><\/span><\/div><\/li><li class=\"\"><div class=\"sya_postcontent\"><span class=\"sya_date\">24.06.2012 <span class=\"sya_sep\">- <\/span><\/span><a href=\"http:\/\/www.news.weisseritztalbahn.de\/?p=2117\" class=\"sya_postlink post-2117\" rel=\"bookmark\">Impressionen vom Dixiezug 2012<\/a> <span class=\"sya_categories\"><span class=\"sya_bracket\">(<\/span>Dippoldiswalde, Freital-Hainsberg, Malter, Seifersdorf, Sonstiges<span class=\"sya_bracket\">)<\/span><\/span><\/div><\/li><li class=\"\"><div class=\"sya_postcontent\"><span class=\"sya_date\">14.06.2012 <span class=\"sya_sep\">- <\/span><\/span><a href=\"http:\/\/www.news.weisseritztalbahn.de\/?p=2104\" class=\"sya_postlink post-2104\" rel=\"bookmark\">Kleinbahnfans lehnen Sparkonzept ab<\/a> <span class=\"sya_categories\"><span class=\"sya_bracket\">(<\/span>Presse \/ Medien, S\u00e4chsische Zeitung<span class=\"sya_bracket\">)<\/span><\/span><\/div><\/li><li class=\"\"><div class=\"sya_postcontent\"><span class=\"sya_date\">11.06.2012 <span class=\"sya_sep\">- <\/span><\/span><a href=\"http:\/\/www.news.weisseritztalbahn.de\/?p=2092\" class=\"sya_postlink post-2092\" rel=\"bookmark\">Per Bahn nach Kipsdorf &#8211; nur zur Sommerzeit?<\/a> <span class=\"sya_categories\"><span class=\"sya_bracket\">(<\/span>Presse \/ Medien, S\u00e4chsische Zeitung, Sonstiges<span class=\"sya_bracket\">)<\/span><\/span><\/div><\/li><li class=\"\"><div class=\"sya_postcontent\"><span class=\"sya_date\">07.06.2012 <span class=\"sya_sep\">- <\/span><\/span><a href=\"http:\/\/www.news.weisseritztalbahn.de\/?p=2070\" class=\"sya_postlink post-2070\" rel=\"bookmark\">4. Schmalspurfestival am 14. und 15. Juli 2012<\/a> <span class=\"sya_categories\"><span class=\"sya_bracket\">(<\/span>Presse \/ Medien<span class=\"sya_bracket\">)<\/span><\/span><\/div><\/li><li class=\"\"><div class=\"sya_postcontent\"><span class=\"sya_date\">29.05.2012 <span class=\"sya_sep\">- <\/span><\/span><a href=\"http:\/\/www.news.weisseritztalbahn.de\/?p=2057\" class=\"sya_postlink post-2057\" rel=\"bookmark\">Fahrten mit der Bimmelbahn werden teurer<\/a> <span class=\"sya_categories\"><span class=\"sya_bracket\">(<\/span>Presse \/ Medien, S\u00e4chsische Zeitung<span class=\"sya_bracket\">)<\/span><\/span><\/div><\/li><li class=\"\"><div class=\"sya_postcontent\"><span class=\"sya_date\">24.05.2012 <span class=\"sya_sep\">- <\/span><\/span><a href=\"http:\/\/www.news.weisseritztalbahn.de\/?p=2042\" class=\"sya_postlink post-2042\" rel=\"bookmark\">Lokruf nach Freital<\/a> <span class=\"sya_categories\"><span class=\"sya_bracket\">(<\/span>Sonstiges<span class=\"sya_bracket\">)<\/span><\/span><\/div><\/li><li class=\"\"><div class=\"sya_postcontent\"><span class=\"sya_date\">15.05.2012 <span class=\"sya_sep\">- <\/span><\/span><a href=\"http:\/\/www.news.weisseritztalbahn.de\/?p=2031\" class=\"sya_postlink post-2031\" rel=\"bookmark\">Minifahrplan f\u00fcr die Bimmel ist vom Tisch<\/a> <span class=\"sya_categories\"><span class=\"sya_bracket\">(<\/span>Sonstiges<span class=\"sya_bracket\">)<\/span><\/span><\/div><\/li><li class=\"\"><div class=\"sya_postcontent\"><span class=\"sya_date\">04.05.2012 <span class=\"sya_sep\">- <\/span><\/span><a href=\"http:\/\/www.news.weisseritztalbahn.de\/?p=2028\" class=\"sya_postlink post-2028\" rel=\"bookmark\">Wei\u00dferitztalbahn buhlt um Radtouristen<\/a> <span class=\"sya_categories\"><span class=\"sya_bracket\">(<\/span>S\u00e4chsische Zeitung<span class=\"sya_bracket\">)<\/span><\/span><\/div><\/li><li class=\"\"><div class=\"sya_postcontent\"><span class=\"sya_date\">20.04.2012 <span class=\"sya_sep\">- <\/span><\/span><a href=\"http:\/\/www.news.weisseritztalbahn.de\/?p=2010\" class=\"sya_postlink post-2010\" rel=\"bookmark\">Erlebnistag am Sonntag auf Energielernpfad<\/a> <span class=\"sya_categories\"><span class=\"sya_bracket\">(<\/span>S\u00e4chsische Zeitung<span class=\"sya_bracket\">)<\/span><\/span><\/div><\/li><li class=\"\"><div class=\"sya_postcontent\"><span class=\"sya_date\">17.04.2012 <span class=\"sya_sep\">- <\/span><\/span><a href=\"http:\/\/www.news.weisseritztalbahn.de\/?p=1946\" class=\"sya_postlink post-1946\" rel=\"bookmark\">100 Jahre Streckenverlegung Spechtritz \u2013 Dippoldiswalde<\/a> <span class=\"sya_categories\"><span class=\"sya_bracket\">(<\/span>Seifersdorf, Sonstiges<span class=\"sya_bracket\">)<\/span><\/span><\/div><\/li><li class=\"\"><div class=\"sya_postcontent\"><span class=\"sya_date\">16.04.2012 <span class=\"sya_sep\">- <\/span><\/span><a href=\"http:\/\/www.news.weisseritztalbahn.de\/?p=1943\" class=\"sya_postlink post-1943\" rel=\"bookmark\">IV K verl\u00e4sst Sachsen<\/a> <span class=\"sya_categories\"><span class=\"sya_bracket\">(<\/span>Sonstiges<span class=\"sya_bracket\">)<\/span><\/span><\/div><\/li><li class=\"\"><div class=\"sya_postcontent\"><span class=\"sya_date\">16.04.2012 <span class=\"sya_sep\">- <\/span><\/span><a href=\"http:\/\/www.news.weisseritztalbahn.de\/?p=1937\" class=\"sya_postlink post-1937\" rel=\"bookmark\">\u201eUns darf der Dampf nicht ausgehen\u201c<\/a> <span class=\"sya_categories\"><span class=\"sya_bracket\">(<\/span>S\u00e4chsische Zeitung, Sonstiges<span class=\"sya_bracket\">)<\/span><\/span><\/div><\/li><li class=\"\"><div class=\"sya_postcontent\"><span class=\"sya_date\">12.04.2012 <span class=\"sya_sep\">- <\/span><\/span><a href=\"http:\/\/www.news.weisseritztalbahn.de\/?p=1897\" class=\"sya_postlink post-1897\" rel=\"bookmark\">100 Jahre Bahnhof Seifersdorf<\/a> <span class=\"sya_categories\"><span class=\"sya_bracket\">(<\/span>Seifersdorf<span class=\"sya_bracket\">)<\/span><\/span><\/div><\/li><li class=\"\"><div class=\"sya_postcontent\"><span class=\"sya_date\">10.04.2012 <span class=\"sya_sep\">- <\/span><\/span><a href=\"http:\/\/www.news.weisseritztalbahn.de\/?p=1890\" class=\"sya_postlink post-1890\" rel=\"bookmark\">IV K 99 608 wieder in Freital-Hainsberg<\/a> <span class=\"sya_categories\"><span class=\"sya_bracket\">(<\/span>Sonstiges<span class=\"sya_bracket\">)<\/span><\/span><\/div><\/li><li class=\"\"><div class=\"sya_postcontent\"><span class=\"sya_date\">09.04.2012 <span class=\"sya_sep\">- <\/span><\/span><a href=\"http:\/\/www.news.weisseritztalbahn.de\/?p=1881\" class=\"sya_postlink post-1881\" rel=\"bookmark\">Osterhasenexpress<\/a> <span class=\"sya_categories\"><span class=\"sya_bracket\">(<\/span>Sonstiges<span class=\"sya_bracket\">)<\/span><\/span><\/div><\/li><li class=\"\"><div class=\"sya_postcontent\"><span class=\"sya_date\">26.03.2012 <span class=\"sya_sep\">- <\/span><\/span><a href=\"http:\/\/www.news.weisseritztalbahn.de\/?p=1878\" class=\"sya_postlink post-1878\" rel=\"bookmark\">L\u00f6sung f\u00fcr die Wei\u00dferitztalbahn in Sicht<\/a> <span class=\"sya_categories\"><span class=\"sya_bracket\">(<\/span>Sonstiges<span class=\"sya_bracket\">)<\/span><\/span><\/div><\/li><li class=\"\"><div class=\"sya_postcontent\"><span class=\"sya_date\">14.03.2012 <span class=\"sya_sep\">- <\/span><\/span><a href=\"http:\/\/www.news.weisseritztalbahn.de\/?p=1862\" class=\"sya_postlink post-1862\" rel=\"bookmark\">100 Jahre Streckenverlegung Spechtritz &#8211; Dippoldiswalde<\/a> <span class=\"sya_categories\"><span class=\"sya_bracket\">(<\/span>Sonstiges<span class=\"sya_bracket\">)<\/span><\/span><\/div><\/li><li class=\"\"><div class=\"sya_postcontent\"><span class=\"sya_date\">09.03.2012 <span class=\"sya_sep\">- <\/span><\/span><a href=\"http:\/\/www.news.weisseritztalbahn.de\/?p=1857\" class=\"sya_postlink post-1857\" rel=\"bookmark\">Kohle f\u00fcr die Bimmel<\/a> <span class=\"sya_categories\"><span class=\"sya_bracket\">(<\/span>S\u00e4chsische Zeitung<span class=\"sya_bracket\">)<\/span><\/span><\/div><\/li><li class=\"\"><div class=\"sya_postcontent\"><span class=\"sya_date\">09.03.2012 <span class=\"sya_sep\">- <\/span><\/span><a href=\"http:\/\/www.news.weisseritztalbahn.de\/?p=1852\" class=\"sya_postlink post-1852\" rel=\"bookmark\">Gut Dampf f\u00fcr die kleinen Bahnen<\/a> <span class=\"sya_categories\"><span class=\"sya_bracket\">(<\/span>S\u00e4chsische Zeitung, Sonstiges<span class=\"sya_bracket\">)<\/span><\/span><\/div><\/li><li class=\"\"><div class=\"sya_postcontent\"><span class=\"sya_date\">07.03.2012 <span class=\"sya_sep\">- <\/span><\/span><a href=\"http:\/\/www.news.weisseritztalbahn.de\/?p=1840\" class=\"sya_postlink post-1840\" rel=\"bookmark\">Der Osterhase ist auch auf der Wei\u00dferitztalbahn unterwegs<\/a> <span class=\"sya_categories\"><span class=\"sya_bracket\">(<\/span>Sonstiges<span class=\"sya_bracket\">)<\/span><\/span><\/div><\/li><li class=\"\"><div class=\"sya_postcontent\"><span class=\"sya_date\">29.02.2012 <span class=\"sya_sep\">- <\/span><\/span><a href=\"http:\/\/www.news.weisseritztalbahn.de\/?p=1835\" class=\"sya_postlink post-1835\" rel=\"bookmark\">Fahrten der IK finden nicht statt<\/a> <span class=\"sya_categories\"><span class=\"sya_bracket\">(<\/span>Sonstiges<span class=\"sya_bracket\">)<\/span><\/span><\/div><\/li><li class=\"\"><div class=\"sya_postcontent\"><span class=\"sya_date\">24.02.2012 <span class=\"sya_sep\">- <\/span><\/span><a href=\"http:\/\/www.news.weisseritztalbahn.de\/?p=1832\" class=\"sya_postlink post-1832\" rel=\"bookmark\">Sonderfahrt ins Wei\u00dferitztal<\/a> <span class=\"sya_categories\"><span class=\"sya_bracket\">(<\/span>Sonstiges<span class=\"sya_bracket\">)<\/span><\/span><\/div><\/li><li class=\"\"><div class=\"sya_postcontent\"><span class=\"sya_date\">08.02.2012 <span class=\"sya_sep\">- <\/span><\/span><a href=\"http:\/\/www.news.weisseritztalbahn.de\/?p=1812\" class=\"sya_postlink post-1812\" rel=\"bookmark\">Presseinformation<\/a> <span class=\"sya_categories\"><span class=\"sya_bracket\">(<\/span>Sonstiges<span class=\"sya_bracket\">)<\/span><\/span><\/div><\/li><li class=\"\"><div class=\"sya_postcontent\"><span class=\"sya_date\">07.02.2012 <span class=\"sya_sep\">- <\/span><\/span><a href=\"http:\/\/www.news.weisseritztalbahn.de\/?p=1808\" class=\"sya_postlink post-1808\" rel=\"bookmark\">Millionen f\u00fcr Museumsbahn sind zu schade<\/a> <span class=\"sya_categories\"><span class=\"sya_bracket\">(<\/span>S\u00e4chsische Zeitung<span class=\"sya_bracket\">)<\/span><\/span><\/div><\/li><li class=\"\"><div class=\"sya_postcontent\"><span class=\"sya_date\">03.02.2012 <span class=\"sya_sep\">- <\/span><\/span><a href=\"http:\/\/www.news.weisseritztalbahn.de\/?p=1805\" class=\"sya_postlink post-1805\" rel=\"bookmark\">Beim Bau der Wei\u00dferitztalbahn sind noch Rechnungen offen<\/a> <span class=\"sya_categories\"><span class=\"sya_bracket\">(<\/span>S\u00e4chsische Zeitung<span class=\"sya_bracket\">)<\/span><\/span><\/div><\/li><li class=\"\"><div class=\"sya_postcontent\"><span class=\"sya_date\">01.02.2012 <span class=\"sya_sep\">- <\/span><\/span><a href=\"http:\/\/www.news.weisseritztalbahn.de\/?p=1800\" class=\"sya_postlink post-1800\" rel=\"bookmark\">Wei\u00dferitztalbahn rollt 2014 bis Kipsdorf<\/a> <span class=\"sya_categories\"><span class=\"sya_bracket\">(<\/span>S\u00e4chsische Zeitung<span class=\"sya_bracket\">)<\/span><\/span><\/div><\/li><li class=\"\"><div class=\"sya_postcontent\"><span class=\"sya_date\">31.01.2012 <span class=\"sya_sep\">- <\/span><\/span><a href=\"http:\/\/www.news.weisseritztalbahn.de\/?p=1796\" class=\"sya_postlink post-1796\" rel=\"bookmark\">Kabinett ebnet Weg f\u00fcr Wiederaufbau der Wei\u00dferitztalbahn bis Kipsdorf<\/a> <span class=\"sya_categories\"><span class=\"sya_bracket\">(<\/span>Sonstiges<span class=\"sya_bracket\">)<\/span><\/span><\/div><\/li><li class=\"\"><div class=\"sya_postcontent\"><span class=\"sya_date\">30.01.2012 <span class=\"sya_sep\">- <\/span><\/span><a href=\"http:\/\/www.news.weisseritztalbahn.de\/?p=1700\" class=\"sya_postlink post-1700\" rel=\"bookmark\">Dixielandzug 2012<\/a> <span class=\"sya_categories\"><span class=\"sya_bracket\">(<\/span>Sonstiges<span class=\"sya_bracket\">)<\/span><\/span><\/div><\/li><li class=\"\"><div class=\"sya_postcontent\"><span class=\"sya_date\">01.01.2012 <span class=\"sya_sep\">- <\/span><\/span><a href=\"http:\/\/www.news.weisseritztalbahn.de\/?p=1761\" class=\"sya_postlink post-1761\" rel=\"bookmark\">Ein nicht ganz ernst gemeinter Artikel aus der SZ-Freital<\/a> <span class=\"sya_categories\"><span class=\"sya_bracket\">(<\/span>S\u00e4chsische Zeitung, Sonstiges<span class=\"sya_bracket\">)<\/span><\/span><\/div><\/li><\/ul><h3><a id=\"year2011\"><\/a>2011 <span class=\"sya_yearcount\"><span class=\"sya_bracket\">(<\/span>53<span class=\"sya_bracket\">)<\/span><\/span><\/h3><ul><li class=\"\"><div class=\"sya_postcontent\"><span class=\"sya_date\">15.12.2011 <span class=\"sya_sep\">- <\/span><\/span><a href=\"http:\/\/www.news.weisseritztalbahn.de\/?p=1742\" class=\"sya_postlink post-1742\" rel=\"bookmark\">IV K  99 1608-1 jetzt in Radebeul<\/a> <span class=\"sya_categories\"><span class=\"sya_bracket\">(<\/span>Sonstiges<span class=\"sya_bracket\">)<\/span><\/span><\/div><\/li><li class=\"\"><div class=\"sya_postcontent\"><span class=\"sya_date\">05.12.2011 <span class=\"sya_sep\">- <\/span><\/span><a href=\"http:\/\/www.news.weisseritztalbahn.de\/?p=1728\" class=\"sya_postlink post-1728\" rel=\"bookmark\">Sonderfahrt mit englischen Eisenbahnfreunden<\/a> <span class=\"sya_categories\"><span class=\"sya_bracket\">(<\/span>Sonstiges<span class=\"sya_bracket\">)<\/span><\/span><\/div><\/li><li class=\"\"><div class=\"sya_postcontent\"><span class=\"sya_date\">05.12.2011 <span class=\"sya_sep\">- <\/span><\/span><a href=\"http:\/\/www.news.weisseritztalbahn.de\/?p=1723\" class=\"sya_postlink post-1723\" rel=\"bookmark\">Probefahrt Schneepflug<\/a> <span class=\"sya_categories\"><span class=\"sya_bracket\">(<\/span>Sonstiges<span class=\"sya_bracket\">)<\/span><\/span><\/div><\/li><li class=\"\"><div class=\"sya_postcontent\"><span class=\"sya_date\">04.12.2011 <span class=\"sya_sep\">- <\/span><\/span><a href=\"http:\/\/www.news.weisseritztalbahn.de\/?p=1709\" class=\"sya_postlink post-1709\" rel=\"bookmark\">Nikolauszug 2011<\/a> <span class=\"sya_categories\"><span class=\"sya_bracket\">(<\/span>Sonstiges<span class=\"sya_bracket\">)<\/span><\/span><\/div><\/li><li class=\"\"><div class=\"sya_postcontent\"><span class=\"sya_date\">30.11.2011 <span class=\"sya_sep\">- <\/span><\/span><a href=\"http:\/\/www.news.weisseritztalbahn.de\/?p=1695\" class=\"sya_postlink post-1695\" rel=\"bookmark\">IV K 99 608 endlich wieder da<\/a> <span class=\"sya_categories\"><span class=\"sya_bracket\">(<\/span>Sonstiges<span class=\"sya_bracket\">)<\/span><\/span><\/div><\/li><li class=\"\"><div class=\"sya_postcontent\"><span class=\"sya_date\">28.11.2011 <span class=\"sya_sep\">- <\/span><\/span><a href=\"http:\/\/www.news.weisseritztalbahn.de\/?p=1680\" class=\"sya_postlink post-1680\" rel=\"bookmark\">99 1734-5 wieder in Freital-Hainsberg<\/a> <span class=\"sya_categories\"><span class=\"sya_bracket\">(<\/span>Freital-Hainsberg<span class=\"sya_bracket\">)<\/span><\/span><\/div><\/li><li class=\"\"><div class=\"sya_postcontent\"><span class=\"sya_date\">26.11.2011 <span class=\"sya_sep\">- <\/span><\/span><a href=\"http:\/\/www.news.weisseritztalbahn.de\/?p=1662\" class=\"sya_postlink post-1662\" rel=\"bookmark\">Sonderfahrten in Obercarsdorf<\/a> <span class=\"sya_categories\"><span class=\"sya_bracket\">(<\/span>Obercarsdorf, Schmiedeberg, Schmiedeberg-Naundorf<span class=\"sya_bracket\">)<\/span><\/span><\/div><\/li><li class=\"\"><div class=\"sya_postcontent\"><span class=\"sya_date\">24.11.2011 <span class=\"sya_sep\">- <\/span><\/span><a href=\"http:\/\/www.news.weisseritztalbahn.de\/?p=1643\" class=\"sya_postlink post-1643\" rel=\"bookmark\">Vorbereitungen f\u00fcr die Sonderfahrten am 1. Adventswochende<\/a> <span class=\"sya_categories\"><span class=\"sya_bracket\">(<\/span>Obercarsdorf, Schmiedeberg<span class=\"sya_bracket\">)<\/span><\/span><\/div><\/li><li class=\"\"><div class=\"sya_postcontent\"><span class=\"sya_date\">24.11.2011 <span class=\"sya_sep\">- <\/span><\/span><a href=\"http:\/\/www.news.weisseritztalbahn.de\/?p=1654\" class=\"sya_postlink post-1654\" rel=\"bookmark\">Pressemitteilung VVO zum Kleinbahnadvent auf der Wei\u00dferitztalbahn  26.\/27.11.2011<\/a> <span class=\"sya_categories\"><span class=\"sya_bracket\">(<\/span>Presse \/ Medien<span class=\"sya_bracket\">)<\/span><\/span><\/div><\/li><li class=\"\"><div class=\"sya_postcontent\"><span class=\"sya_date\">16.11.2011 <span class=\"sya_sep\">- <\/span><\/span><a href=\"http:\/\/www.news.weisseritztalbahn.de\/?p=1628\" class=\"sya_postlink post-1628\" rel=\"bookmark\">F\u00e4hrt die Kleinbahn nur acht Tage im Jahr bis Kipsdorf?<\/a> <span class=\"sya_categories\"><span class=\"sya_bracket\">(<\/span>Sonstiges<span class=\"sya_bracket\">)<\/span><\/span><\/div><\/li><li class=\"\"><div class=\"sya_postcontent\"><span class=\"sya_date\">25.09.2011 <span class=\"sya_sep\">- <\/span><\/span><a href=\"http:\/\/www.news.weisseritztalbahn.de\/?p=1602\" class=\"sya_postlink post-1602\" rel=\"bookmark\">Sonderfahrt GmP am 25. September 2011<\/a> <span class=\"sya_categories\"><span class=\"sya_bracket\">(<\/span>Dippoldiswalde, Freital-Hainsberg, Malter, Rabenau, Seifersdorf, Spechtritz<span class=\"sya_bracket\">)<\/span><\/span><\/div><\/li><li class=\"\"><div class=\"sya_postcontent\"><span class=\"sya_date\">07.09.2011 <span class=\"sya_sep\">- <\/span><\/span><a href=\"http:\/\/www.news.weisseritztalbahn.de\/?p=1530\" class=\"sya_postlink post-1530\" rel=\"bookmark\">Besuch im Lokschuppen<\/a> <span class=\"sya_categories\"><span class=\"sya_bracket\">(<\/span>Freital-Hainsberg<span class=\"sya_bracket\">)<\/span><\/span><\/div><\/li><li class=\"\"><div class=\"sya_postcontent\"><span class=\"sya_date\">22.08.2011 <span class=\"sya_sep\">- <\/span><\/span><a href=\"http:\/\/www.news.weisseritztalbahn.de\/?p=1526\" class=\"sya_postlink post-1526\" rel=\"bookmark\">Pl\u00e4ne f\u00fcr die Bimmel werden \u00fcberarbeitet<\/a> <span class=\"sya_categories\"><span class=\"sya_bracket\">(<\/span>S\u00e4chsische Zeitung<span class=\"sya_bracket\">)<\/span><\/span><\/div><\/li><li class=\"\"><div class=\"sya_postcontent\"><span class=\"sya_date\">18.08.2011 <span class=\"sya_sep\">- <\/span><\/span><a href=\"http:\/\/www.news.weisseritztalbahn.de\/?p=1521\" class=\"sya_postlink post-1521\" rel=\"bookmark\">Wei\u00dferitztalbahn rollt bald wieder auf alter Strecke<\/a> <span class=\"sya_categories\"><span class=\"sya_bracket\">(<\/span>S\u00e4chsische Zeitung, Sonstiges<span class=\"sya_bracket\">)<\/span><\/span><\/div><\/li><li class=\"\"><div class=\"sya_postcontent\"><span class=\"sya_date\">16.08.2011 <span class=\"sya_sep\">- <\/span><\/span><a href=\"http:\/\/www.news.weisseritztalbahn.de\/?p=1516\" class=\"sya_postlink post-1516\" rel=\"bookmark\">Lok 20 hat Freital gestern verlassen<\/a> <span class=\"sya_categories\"><span class=\"sya_bracket\">(<\/span>Sonstiges<span class=\"sya_bracket\">)<\/span><\/span><\/div><\/li><li class=\"\"><div class=\"sya_postcontent\"><span class=\"sya_date\">14.08.2011 <span class=\"sya_sep\">- <\/span><\/span><a href=\"http:\/\/www.news.weisseritztalbahn.de\/?p=1512\" class=\"sya_postlink post-1512\" rel=\"bookmark\">Wann f\u00e4hrt die Bahn wieder nach Kipsdorf?<\/a> <span class=\"sya_categories\"><span class=\"sya_bracket\">(<\/span>Sonstiges<span class=\"sya_bracket\">)<\/span><\/span><\/div><\/li><li class=\"\"><div class=\"sya_postcontent\"><span class=\"sya_date\">08.08.2011 <span class=\"sya_sep\">- <\/span><\/span><a href=\"http:\/\/www.news.weisseritztalbahn.de\/?p=1506\" class=\"sya_postlink post-1506\" rel=\"bookmark\">Erneut Demo f\u00fcr Bahnbau geplant<\/a> <span class=\"sya_categories\"><span class=\"sya_bracket\">(<\/span>Sonstiges<span class=\"sya_bracket\">)<\/span><\/span><\/div><\/li><li class=\"\"><div class=\"sya_postcontent\"><span class=\"sya_date\">17.07.2011 <span class=\"sya_sep\">- <\/span><\/span><a href=\"http:\/\/www.news.weisseritztalbahn.de\/?p=1498\" class=\"sya_postlink post-1498\" rel=\"bookmark\">Traditionslok geht in Freital kaputt<\/a> <span class=\"sya_categories\"><span class=\"sya_bracket\">(<\/span>Sonstiges<span class=\"sya_bracket\">)<\/span><\/span><\/div><\/li><li class=\"\"><div class=\"sya_postcontent\"><span class=\"sya_date\">17.07.2011 <span class=\"sya_sep\">- <\/span><\/span><a href=\"http:\/\/www.news.weisseritztalbahn.de\/?p=1490\" class=\"sya_postlink post-1490\" rel=\"bookmark\">3. Schmalspurbahnfest &#8211; Sonntag<\/a> <span class=\"sya_categories\"><span class=\"sya_bracket\">(<\/span>Sonstiges<span class=\"sya_bracket\">)<\/span><\/span><\/div><\/li><li class=\"\"><div class=\"sya_postcontent\"><span class=\"sya_date\">16.07.2011 <span class=\"sya_sep\">- <\/span><\/span><a href=\"http:\/\/www.news.weisseritztalbahn.de\/?p=1486\" class=\"sya_postlink post-1486\" rel=\"bookmark\">3. Schmalspurbahnfest &#8211; Sonnabend<\/a> <span class=\"sya_categories\"><span class=\"sya_bracket\">(<\/span>Sonstiges<span class=\"sya_bracket\">)<\/span><\/span><\/div><\/li><li class=\"\"><div class=\"sya_postcontent\"><span class=\"sya_date\">16.07.2011 <span class=\"sya_sep\">- <\/span><\/span><a href=\"http:\/\/www.news.weisseritztalbahn.de\/?p=1481\" class=\"sya_postlink post-1481\" rel=\"bookmark\">Dankesch\u00f6nzug mit der Lok 20<\/a> <span class=\"sya_categories\"><span class=\"sya_bracket\">(<\/span>Sonstiges<span class=\"sya_bracket\">)<\/span><\/span><\/div><\/li><li class=\"\"><div class=\"sya_postcontent\"><span class=\"sya_date\">13.07.2011 <span class=\"sya_sep\">- <\/span><\/span><a href=\"http:\/\/www.news.weisseritztalbahn.de\/?p=1476\" class=\"sya_postlink post-1476\" rel=\"bookmark\">Lastprobefahrt Lok 20<\/a> <span class=\"sya_categories\"><span class=\"sya_bracket\">(<\/span>Sonstiges<span class=\"sya_bracket\">)<\/span><\/span><\/div><\/li><li class=\"\"><div class=\"sya_postcontent\"><span class=\"sya_date\">13.07.2011 <span class=\"sya_sep\">- <\/span><\/span><a href=\"http:\/\/www.news.weisseritztalbahn.de\/?p=1471\" class=\"sya_postlink post-1471\" rel=\"bookmark\">Dampfr\u00f6sser im Dauereinsatz<\/a> <span class=\"sya_categories\"><span class=\"sya_bracket\">(<\/span>S\u00e4chsische Zeitung<span class=\"sya_bracket\">)<\/span><\/span><\/div><\/li><li class=\"\"><div class=\"sya_postcontent\"><span class=\"sya_date\">11.07.2011 <span class=\"sya_sep\">- <\/span><\/span><a href=\"http:\/\/www.news.weisseritztalbahn.de\/?p=1464\" class=\"sya_postlink post-1464\" rel=\"bookmark\">Mansfelder Lok 20 in Hainsberg<\/a> <span class=\"sya_categories\"><span class=\"sya_bracket\">(<\/span>Freital-Hainsberg<span class=\"sya_bracket\">)<\/span><\/span><\/div><\/li><li class=\"\"><div class=\"sya_postcontent\"><span class=\"sya_date\">10.07.2011 <span class=\"sya_sep\">- <\/span><\/span><a href=\"http:\/\/www.news.weisseritztalbahn.de\/?p=1459\" class=\"sya_postlink post-1459\" rel=\"bookmark\">Radebeuler Unfall-Lok rollt im Wei\u00dferitztal<\/a> <span class=\"sya_categories\"><span class=\"sya_bracket\">(<\/span>Sonstiges<span class=\"sya_bracket\">)<\/span><\/span><\/div><\/li><li class=\"\"><div class=\"sya_postcontent\"><span class=\"sya_date\">06.07.2011 <span class=\"sya_sep\">- <\/span><\/span><a href=\"http:\/\/www.news.weisseritztalbahn.de\/?p=1455\" class=\"sya_postlink post-1455\" rel=\"bookmark\">Museumsbahn ist totaler Schwachsinn<\/a> <span class=\"sya_categories\"><span class=\"sya_bracket\">(<\/span>S\u00e4chsische Zeitung<span class=\"sya_bracket\">)<\/span><\/span><\/div><\/li><li class=\"\"><div class=\"sya_postcontent\"><span class=\"sya_date\">05.07.2011 <span class=\"sya_sep\">- <\/span><\/span><a href=\"http:\/\/www.news.weisseritztalbahn.de\/?p=1449\" class=\"sya_postlink post-1449\" rel=\"bookmark\">Rangiert das &#8222;Meppel&#8220; jetzt in Potschappel?<\/a> <span class=\"sya_categories\"><span class=\"sya_bracket\">(<\/span>Potschappel<span class=\"sya_bracket\">)<\/span><\/span><\/div><\/li><li class=\"\"><div class=\"sya_postcontent\"><span class=\"sya_date\">04.07.2011 <span class=\"sya_sep\">- <\/span><\/span><a href=\"http:\/\/www.news.weisseritztalbahn.de\/?p=1445\" class=\"sya_postlink post-1445\" rel=\"bookmark\">SZ-Leser k\u00f6nnen ihre Meinung zur Kleinbahn sagen<\/a> <span class=\"sya_categories\"><span class=\"sya_bracket\">(<\/span>Sonstiges<span class=\"sya_bracket\">)<\/span><\/span><\/div><\/li><li class=\"\"><div class=\"sya_postcontent\"><span class=\"sya_date\">29.06.2011 <span class=\"sya_sep\">- <\/span><\/span><a href=\"http:\/\/www.news.weisseritztalbahn.de\/?p=1442\" class=\"sya_postlink post-1442\" rel=\"bookmark\">In zwei Jahren f\u00e4hrt die Bahn bis Kipsdorf<\/a> <span class=\"sya_categories\"><span class=\"sya_bracket\">(<\/span>S\u00e4chsische Zeitung<span class=\"sya_bracket\">)<\/span><\/span><\/div><\/li><li class=\"\"><div class=\"sya_postcontent\"><span class=\"sya_date\">22.06.2011 <span class=\"sya_sep\">- <\/span><\/span><a href=\"http:\/\/www.news.weisseritztalbahn.de\/?p=1422\" class=\"sya_postlink post-1422\" rel=\"bookmark\">Geld f\u00fcr Bahnbau bis Kipsdorf ist da<\/a> <span class=\"sya_categories\"><span class=\"sya_bracket\">(<\/span>S\u00e4chsische Zeitung, Sonstiges<span class=\"sya_bracket\">)<\/span><\/span><\/div><\/li><li class=\"\"><div class=\"sya_postcontent\"><span class=\"sya_date\">21.06.2011 <span class=\"sya_sep\">- <\/span><\/span><a href=\"http:\/\/www.news.weisseritztalbahn.de\/?p=1435\" class=\"sya_postlink post-1435\" rel=\"bookmark\">Sonderfahrt der Lok 99 4511<\/a> <span class=\"sya_categories\"><span class=\"sya_bracket\">(<\/span>Sonstiges<span class=\"sya_bracket\">)<\/span><\/span><\/div><\/li><li class=\"\"><div class=\"sya_postcontent\"><span class=\"sya_date\">19.06.2011 <span class=\"sya_sep\">- <\/span><\/span><a href=\"http:\/\/www.news.weisseritztalbahn.de\/?p=1412\" class=\"sya_postlink post-1412\" rel=\"bookmark\">2. Dixielandfahrt mit der Blue Wonder Jazzband<\/a> <span class=\"sya_categories\"><span class=\"sya_bracket\">(<\/span>Sonstiges<span class=\"sya_bracket\">)<\/span><\/span><\/div><\/li><li class=\"\"><div class=\"sya_postcontent\"><span class=\"sya_date\">11.06.2011 <span class=\"sya_sep\">- <\/span><\/span><a href=\"http:\/\/www.news.weisseritztalbahn.de\/?p=1404\" class=\"sya_postlink post-1404\" rel=\"bookmark\">Kein Verst\u00e4ndnis f\u00fcr VVO-Widerstand gegen Wiederaufbau der Wei\u00dferitztalbahn<\/a> <span class=\"sya_categories\"><span class=\"sya_bracket\">(<\/span>Sonstiges<span class=\"sya_bracket\">)<\/span><\/span><\/div><\/li><li class=\"\"><div class=\"sya_postcontent\"><span class=\"sya_date\">06.06.2011 <span class=\"sya_sep\">- <\/span><\/span><a href=\"http:\/\/www.news.weisseritztalbahn.de\/?p=1399\" class=\"sya_postlink post-1399\" rel=\"bookmark\">Aufbau der Kleinbahn verz\u00f6gert sich<\/a> <span class=\"sya_categories\"><span class=\"sya_bracket\">(<\/span>S\u00e4chsische Zeitung<span class=\"sya_bracket\">)<\/span><\/span><\/div><\/li><li class=\"\"><div class=\"sya_postcontent\"><span class=\"sya_date\">22.05.2011 <span class=\"sya_sep\">- <\/span><\/span><a href=\"http:\/\/www.news.weisseritztalbahn.de\/?p=1392\" class=\"sya_postlink post-1392\" rel=\"bookmark\">Wei\u00dferitztalbahn und Pre\u00dfnitztalbahn beim Dixieumzug dabei<\/a> <span class=\"sya_categories\"><span class=\"sya_bracket\">(<\/span>Sonstiges<span class=\"sya_bracket\">)<\/span><\/span><\/div><\/li><li class=\"\"><div class=\"sya_postcontent\"><span class=\"sya_date\">16.05.2011 <span class=\"sya_sep\">- <\/span><\/span><a href=\"http:\/\/www.news.weisseritztalbahn.de\/?p=1366\" class=\"sya_postlink post-1366\" rel=\"bookmark\">14.05.2011 in Seifersdorf<\/a> <span class=\"sya_categories\"><span class=\"sya_bracket\">(<\/span>Seifersdorf<span class=\"sya_bracket\">)<\/span><\/span><\/div><\/li><li class=\"\"><div class=\"sya_postcontent\"><span class=\"sya_date\">15.05.2011 <span class=\"sya_sep\">- <\/span><\/span><a href=\"http:\/\/www.news.weisseritztalbahn.de\/?p=1374\" class=\"sya_postlink post-1374\" rel=\"bookmark\">PmG von Malter nach Hainsberg<\/a> <span class=\"sya_categories\"><span class=\"sya_bracket\">(<\/span>Malter<span class=\"sya_bracket\">)<\/span><\/span><\/div><\/li><li class=\"\"><div class=\"sya_postcontent\"><span class=\"sya_date\">30.04.2011 <span class=\"sya_sep\">- <\/span><\/span><a href=\"http:\/\/www.news.weisseritztalbahn.de\/?p=1360\" class=\"sya_postlink post-1360\" rel=\"bookmark\">Geld zum Aufbau der Bimmelbahn steht bereit<\/a> <span class=\"sya_categories\"><span class=\"sya_bracket\">(<\/span>Sonstiges<span class=\"sya_bracket\">)<\/span><\/span><\/div><\/li><li class=\"\"><div class=\"sya_postcontent\"><span class=\"sya_date\">19.04.2011 <span class=\"sya_sep\">- <\/span><\/span><a href=\"http:\/\/www.news.weisseritztalbahn.de\/?p=1341\" class=\"sya_postlink post-1341\" rel=\"bookmark\">Verj\u00fcngungskur f\u00fcr einen G\u00fcterschuppen<\/a> <span class=\"sya_categories\"><span class=\"sya_bracket\">(<\/span>S\u00e4chsische Zeitung, Seifersdorf<span class=\"sya_bracket\">)<\/span><\/span><\/div><\/li><li class=\"\"><div class=\"sya_postcontent\"><span class=\"sya_date\">18.04.2011 <span class=\"sya_sep\">- <\/span><\/span><a href=\"http:\/\/www.news.weisseritztalbahn.de\/?p=1336\" class=\"sya_postlink post-1336\" rel=\"bookmark\">Wird die Bimmel zur Museumsbahn?<\/a> <span class=\"sya_categories\"><span class=\"sya_bracket\">(<\/span>S\u00e4chsische Zeitung<span class=\"sya_bracket\">)<\/span><\/span><\/div><\/li><li class=\"\"><div class=\"sya_postcontent\"><span class=\"sya_date\">07.04.2011 <span class=\"sya_sep\">- <\/span><\/span><a href=\"http:\/\/www.news.weisseritztalbahn.de\/?p=1312\" class=\"sya_postlink post-1312\" rel=\"bookmark\">Saisonauftakt auf der Wei\u00dferitztalbahn<\/a> <span class=\"sya_categories\"><span class=\"sya_bracket\">(<\/span>Sonstiges<span class=\"sya_bracket\">)<\/span><\/span><\/div><\/li><li class=\"\"><div class=\"sya_postcontent\"><span class=\"sya_date\">10.03.2011 <span class=\"sya_sep\">- <\/span><\/span><a href=\"http:\/\/www.news.weisseritztalbahn.de\/?p=1301\" class=\"sya_postlink post-1301\" rel=\"bookmark\">Stand Sanierungsarbeiten an Bahnhofseinrichtungen (09.03.2011)<\/a> <span class=\"sya_categories\"><span class=\"sya_bracket\">(<\/span>Sonstiges<span class=\"sya_bracket\">)<\/span><\/span><\/div><\/li><li class=\"\"><div class=\"sya_postcontent\"><span class=\"sya_date\">08.03.2011 <span class=\"sya_sep\">- <\/span><\/span><a href=\"http:\/\/www.news.weisseritztalbahn.de\/?p=1293\" class=\"sya_postlink post-1293\" rel=\"bookmark\">Lok 99 1771 gemeinsam mit 99 1746 unterwegs<\/a> <span class=\"sya_categories\"><span class=\"sya_bracket\">(<\/span>Sonstiges<span class=\"sya_bracket\">)<\/span><\/span><\/div><\/li><li class=\"\"><div class=\"sya_postcontent\"><span class=\"sya_date\">28.02.2011 <span class=\"sya_sep\">- <\/span><\/span><a href=\"http:\/\/www.news.weisseritztalbahn.de\/?p=1285\" class=\"sya_postlink post-1285\" rel=\"bookmark\">Bauarbeiten an drei Stationen der Bimmelbahn<\/a> <span class=\"sya_categories\"><span class=\"sya_bracket\">(<\/span>Dippoldiswalde, Malter, S\u00e4chsische Zeitung, Seifersdorf<span class=\"sya_bracket\">)<\/span><\/span><\/div><\/li><li class=\"\"><div class=\"sya_postcontent\"><span class=\"sya_date\">15.02.2011 <span class=\"sya_sep\">- <\/span><\/span><a href=\"http:\/\/www.news.weisseritztalbahn.de\/?p=1261\" class=\"sya_postlink post-1261\" rel=\"bookmark\">Sanierungsarbeiten an Bahnhofseinrichtungen entlang der Strecke<\/a> <span class=\"sya_categories\"><span class=\"sya_bracket\">(<\/span>Dippoldiswalde, Malter, Seifersdorf<span class=\"sya_bracket\">)<\/span><\/span><\/div><\/li><li class=\"\"><div class=\"sya_postcontent\"><span class=\"sya_date\">08.02.2011 <span class=\"sya_sep\">- <\/span><\/span><a href=\"http:\/\/www.news.weisseritztalbahn.de\/?p=1255\" class=\"sya_postlink post-1255\" rel=\"bookmark\">Der Kampf um die Wei\u00dferitztalbahn geht weiter<\/a> <span class=\"sya_categories\"><span class=\"sya_bracket\">(<\/span>Sonstiges<span class=\"sya_bracket\">)<\/span><\/span><\/div><\/li><li class=\"\"><div class=\"sya_postcontent\"><span class=\"sya_date\">04.02.2011 <span class=\"sya_sep\">- <\/span><\/span><a href=\"http:\/\/www.news.weisseritztalbahn.de\/?p=1183\" class=\"sya_postlink post-1183\" rel=\"bookmark\">Ralf Kempe erh\u00e4lt Kunst- und Kulturpreis der Stadt Freital<\/a> <span class=\"sya_categories\"><span class=\"sya_bracket\">(<\/span>S\u00e4chsische Zeitung, Sonstiges<span class=\"sya_bracket\">)<\/span><\/span><\/div><\/li><li class=\"\"><div class=\"sya_postcontent\"><span class=\"sya_date\">04.02.2011 <span class=\"sya_sep\">- <\/span><\/span><a href=\"http:\/\/www.news.weisseritztalbahn.de\/?p=1179\" class=\"sya_postlink post-1179\" rel=\"bookmark\">Wei\u00dferitztalbahn verliert Fahrg\u00e4ste<\/a> <span class=\"sya_categories\"><span class=\"sya_bracket\">(<\/span>S\u00e4chsische Zeitung, Sonstiges<span class=\"sya_bracket\">)<\/span><\/span><\/div><\/li><li class=\"\"><div class=\"sya_postcontent\"><span class=\"sya_date\">03.02.2011 <span class=\"sya_sep\">- <\/span><\/span><a href=\"http:\/\/www.news.weisseritztalbahn.de\/?p=1173\" class=\"sya_postlink post-1173\" rel=\"bookmark\">VVO Pressemitteilung<\/a> <span class=\"sya_categories\"><span class=\"sya_bracket\">(<\/span>Presse \/ Medien, Sonstiges<span class=\"sya_bracket\">)<\/span><\/span><\/div><\/li><li class=\"\"><div class=\"sya_postcontent\"><span class=\"sya_date\">28.01.2011 <span class=\"sya_sep\">- <\/span><\/span><a href=\"http:\/\/www.news.weisseritztalbahn.de\/?p=1157\" class=\"sya_postlink post-1157\" rel=\"bookmark\">Sanierungsarbeiten in Dippoldiswalde<\/a> <span class=\"sya_categories\"><span class=\"sya_bracket\">(<\/span>Dippoldiswalde<span class=\"sya_bracket\">)<\/span><\/span><\/div><\/li><li class=\"\"><div class=\"sya_postcontent\"><span class=\"sya_date\">20.01.2011 <span class=\"sya_sep\">- <\/span><\/span><a href=\"http:\/\/www.news.weisseritztalbahn.de\/?p=1150\" class=\"sya_postlink post-1150\" rel=\"bookmark\">Wer entscheidet \u00fcber die Zukunft der Kleinbahn?<\/a> <span class=\"sya_categories\"><span class=\"sya_bracket\">(<\/span>S\u00e4chsische Zeitung<span class=\"sya_bracket\">)<\/span><\/span><\/div><\/li><li class=\"\"><div class=\"sya_postcontent\"><span class=\"sya_date\">19.01.2011 <span class=\"sya_sep\">- <\/span><\/span><a href=\"http:\/\/www.news.weisseritztalbahn.de\/?p=1142\" class=\"sya_postlink post-1142\" rel=\"bookmark\">Kleinbahn-Zukunft h\u00e4ngt weiter in der Luft<\/a> <span class=\"sya_categories\"><span class=\"sya_bracket\">(<\/span>S\u00e4chsische Zeitung<span class=\"sya_bracket\">)<\/span><\/span><\/div><\/li><li class=\"\"><div class=\"sya_postcontent\"><span class=\"sya_date\">06.01.2011 <span class=\"sya_sep\">- <\/span><\/span><a href=\"http:\/\/www.news.weisseritztalbahn.de\/?p=1097\" class=\"sya_postlink post-1097\" rel=\"bookmark\">Der Schneepflug kommt wieder zum Einsatz<\/a> <span class=\"sya_categories\"><span class=\"sya_bracket\">(<\/span>Co\u00dfmannsdorf, Rabenau<span class=\"sya_bracket\">)<\/span><\/span><\/div><\/li><\/ul><h3><a id=\"year2010\"><\/a>2010 <span class=\"sya_yearcount\"><span class=\"sya_bracket\">(<\/span>72<span class=\"sya_bracket\">)<\/span><\/span><\/h3><ul><li class=\"\"><div class=\"sya_postcontent\"><span class=\"sya_date\">23.12.2010 <span class=\"sya_sep\">- <\/span><\/span><a href=\"http:\/\/www.news.weisseritztalbahn.de\/?p=1069\" class=\"sya_postlink post-1069\" rel=\"bookmark\">Winterimpressionen<\/a> <span class=\"sya_categories\"><span class=\"sya_bracket\">(<\/span>Sonstiges<span class=\"sya_bracket\">)<\/span><\/span><\/div><\/li><li class=\"\"><div class=\"sya_postcontent\"><span class=\"sya_date\">23.12.2010 <span class=\"sya_sep\">- <\/span><\/span><a href=\"http:\/\/www.news.weisseritztalbahn.de\/?p=1059\" class=\"sya_postlink post-1059\" rel=\"bookmark\">Der Dampf reicht nur noch f\u00fcrs Wochenende<\/a> <span class=\"sya_categories\"><span class=\"sya_bracket\">(<\/span>S\u00e4chsische Zeitung, Sonstiges<span class=\"sya_bracket\">)<\/span><\/span><\/div><\/li><li class=\"\"><div class=\"sya_postcontent\"><span class=\"sya_date\">22.12.2010 <span class=\"sya_sep\">- <\/span><\/span><a href=\"http:\/\/www.news.weisseritztalbahn.de\/?p=1076\" class=\"sya_postlink post-1076\" rel=\"bookmark\">Kleinbahn nicht auf Sparflamme setzen<\/a> <span class=\"sya_categories\"><span class=\"sya_bracket\">(<\/span>S\u00e4chsische Zeitung, Sonstiges<span class=\"sya_bracket\">)<\/span><\/span><\/div><\/li><li class=\"\"><div class=\"sya_postcontent\"><span class=\"sya_date\">15.12.2010 <span class=\"sya_sep\">- <\/span><\/span><a href=\"http:\/\/www.news.weisseritztalbahn.de\/?p=1048\" class=\"sya_postlink post-1048\" rel=\"bookmark\">Viel Schnee auch auf der Wei\u00dferitztalbahn<\/a> <span class=\"sya_categories\"><span class=\"sya_bracket\">(<\/span>Sonstiges<span class=\"sya_bracket\">)<\/span><\/span><\/div><\/li><li class=\"\"><div class=\"sya_postcontent\"><span class=\"sya_date\">07.12.2010 <span class=\"sya_sep\">- <\/span><\/span><a href=\"http:\/\/www.news.weisseritztalbahn.de\/?p=1027\" class=\"sya_postlink post-1027\" rel=\"bookmark\">IG Wei\u00dferitztalbahn e.V. wurde ausgezeichnet<\/a> <span class=\"sya_categories\"><span class=\"sya_bracket\">(<\/span>S\u00e4chsische Zeitung, Seifersdorf<span class=\"sya_bracket\">)<\/span><\/span><\/div><\/li><li class=\"\"><div class=\"sya_postcontent\"><span class=\"sya_date\">07.12.2010 <span class=\"sya_sep\">- <\/span><\/span><a href=\"http:\/\/www.news.weisseritztalbahn.de\/?p=1018\" class=\"sya_postlink post-1018\" rel=\"bookmark\">Das war unsere Nikolausfahrt 2010<\/a> <span class=\"sya_categories\"><span class=\"sya_bracket\">(<\/span>Sonstiges<span class=\"sya_bracket\">)<\/span><\/span><\/div><\/li><li class=\"\"><div class=\"sya_postcontent\"><span class=\"sya_date\">29.11.2010 <span class=\"sya_sep\">- <\/span><\/span><a href=\"http:\/\/www.news.weisseritztalbahn.de\/?p=1012\" class=\"sya_postlink post-1012\" rel=\"bookmark\">Mehr als 2500 G\u00e4ste bei den Sonderfahrten in Schmiedeberg<\/a> <span class=\"sya_categories\"><span class=\"sya_bracket\">(<\/span>Obercarsdorf, S\u00e4chsische Zeitung<span class=\"sya_bracket\">)<\/span><\/span><\/div><\/li><li class=\"\"><div class=\"sya_postcontent\"><span class=\"sya_date\">28.11.2010 <span class=\"sya_sep\">- <\/span><\/span><a href=\"http:\/\/www.news.weisseritztalbahn.de\/?p=1005\" class=\"sya_postlink post-1005\" rel=\"bookmark\">Sonderfahrt Obercarsdorf \u2013 Schmiedeberg 28.11.2010<\/a> <span class=\"sya_categories\"><span class=\"sya_bracket\">(<\/span>Obercarsdorf<span class=\"sya_bracket\">)<\/span><\/span><\/div><\/li><li class=\"\"><div class=\"sya_postcontent\"><span class=\"sya_date\">27.11.2010 <span class=\"sya_sep\">- <\/span><\/span><a href=\"http:\/\/www.news.weisseritztalbahn.de\/?p=989\" class=\"sya_postlink post-989\" rel=\"bookmark\">Sonderfahrt Obercarsdorf &#8211; Schmiedeberg 27.11.2010<\/a> <span class=\"sya_categories\"><span class=\"sya_bracket\">(<\/span>Obercarsdorf<span class=\"sya_bracket\">)<\/span><\/span><\/div><\/li><li class=\"\"><div class=\"sya_postcontent\"><span class=\"sya_date\">26.11.2010 <span class=\"sya_sep\">- <\/span><\/span><a href=\"http:\/\/www.news.weisseritztalbahn.de\/?p=980\" class=\"sya_postlink post-980\" rel=\"bookmark\">Lokomotive 99 1746-9 nach Obercarsdorf \u00fcberf\u00fchrt<\/a> <span class=\"sya_categories\"><span class=\"sya_bracket\">(<\/span>Obercarsdorf<span class=\"sya_bracket\">)<\/span><\/span><\/div><\/li><li class=\"\"><div class=\"sya_postcontent\"><span class=\"sya_date\">26.11.2010 <span class=\"sya_sep\">- <\/span><\/span><a href=\"http:\/\/www.news.weisseritztalbahn.de\/?p=996\" class=\"sya_postlink post-996\" rel=\"bookmark\">Schwellenwechsler SVP 74 zur\u00fcck von der HU<\/a> <span class=\"sya_categories\"><span class=\"sya_bracket\">(<\/span>Sonstiges<span class=\"sya_bracket\">)<\/span><\/span><\/div><\/li><li class=\"\"><div class=\"sya_postcontent\"><span class=\"sya_date\">23.11.2010 <span class=\"sya_sep\">- <\/span><\/span><a href=\"http:\/\/www.news.weisseritztalbahn.de\/?p=973\" class=\"sya_postlink post-973\" rel=\"bookmark\">Obercarsdorfer setzt ein Zeichen f\u00fcr die Bahn<\/a> <span class=\"sya_categories\"><span class=\"sya_bracket\">(<\/span>Sonstiges<span class=\"sya_bracket\">)<\/span><\/span><\/div><\/li><li class=\"\"><div class=\"sya_postcontent\"><span class=\"sya_date\">20.11.2010 <span class=\"sya_sep\">- <\/span><\/span><a href=\"http:\/\/www.news.weisseritztalbahn.de\/?p=970\" class=\"sya_postlink post-970\" rel=\"bookmark\">Weitere Fragezeichen um die Kleinbahn<\/a> <span class=\"sya_categories\"><span class=\"sya_bracket\">(<\/span>Sonstiges<span class=\"sya_bracket\">)<\/span><\/span><\/div><\/li><li class=\"\"><div class=\"sya_postcontent\"><span class=\"sya_date\">17.11.2010 <span class=\"sya_sep\">- <\/span><\/span><a href=\"http:\/\/www.news.weisseritztalbahn.de\/?p=962\" class=\"sya_postlink post-962\" rel=\"bookmark\">Nikolausz\u00fcge starten am 4. und 5.Dezember<\/a> <span class=\"sya_categories\"><span class=\"sya_bracket\">(<\/span>S\u00e4chsische Zeitung, Sonstiges<span class=\"sya_bracket\">)<\/span><\/span><\/div><\/li><li class=\"\"><div class=\"sya_postcontent\"><span class=\"sya_date\">10.11.2010 <span class=\"sya_sep\">- <\/span><\/span><a href=\"http:\/\/www.news.weisseritztalbahn.de\/?p=948\" class=\"sya_postlink post-948\" rel=\"bookmark\">Bimmel rollt wieder durch Schmiedeberg<\/a> <span class=\"sya_categories\"><span class=\"sya_bracket\">(<\/span>Obercarsdorf, S\u00e4chsische Zeitung, Schmiedeberg<span class=\"sya_bracket\">)<\/span><\/span><\/div><\/li><li class=\"\"><div class=\"sya_postcontent\"><span class=\"sya_date\">10.11.2010 <span class=\"sya_sep\">- <\/span><\/span><a href=\"http:\/\/www.news.weisseritztalbahn.de\/?p=950\" class=\"sya_postlink post-950\" rel=\"bookmark\">Dort ein Zeichen setzen, wo es gebraucht wird<\/a> <span class=\"sya_categories\"><span class=\"sya_bracket\">(<\/span>Obercarsdorf, S\u00e4chsische Zeitung, Schmiedeberg<span class=\"sya_bracket\">)<\/span><\/span><\/div><\/li><li class=\"\"><div class=\"sya_postcontent\"><span class=\"sya_date\">03.11.2010 <span class=\"sya_sep\">- <\/span><\/span><a href=\"http:\/\/www.news.weisseritztalbahn.de\/?p=908\" class=\"sya_postlink post-908\" rel=\"bookmark\">Sonderfahrten zwischen Obercarsdorf und Schmiedeberg<\/a> <span class=\"sya_categories\"><span class=\"sya_bracket\">(<\/span>Obercarsdorf, Schmiedeberg<span class=\"sya_bracket\">)<\/span><\/span><\/div><\/li><li class=\"\"><div class=\"sya_postcontent\"><span class=\"sya_date\">29.10.2010 <span class=\"sya_sep\">- <\/span><\/span><a href=\"http:\/\/www.news.weisseritztalbahn.de\/?p=903\" class=\"sya_postlink post-903\" rel=\"bookmark\">Fest-Pause bringt neuen Impuls<\/a> <span class=\"sya_categories\"><span class=\"sya_bracket\">(<\/span>Sonstiges<span class=\"sya_bracket\">)<\/span><\/span><\/div><\/li><li class=\"\"><div class=\"sya_postcontent\"><span class=\"sya_date\">28.10.2010 <span class=\"sya_sep\">- <\/span><\/span><a href=\"http:\/\/www.news.weisseritztalbahn.de\/?p=892\" class=\"sya_postlink post-892\" rel=\"bookmark\">Warum das Kleinbahnfest ausf\u00e4llt<\/a> <span class=\"sya_categories\"><span class=\"sya_bracket\">(<\/span>Sonstiges<span class=\"sya_bracket\">)<\/span><\/span><\/div><\/li><li class=\"\"><div class=\"sya_postcontent\"><span class=\"sya_date\">10.09.2010 <span class=\"sya_sep\">- <\/span><\/span><a href=\"http:\/\/www.news.weisseritztalbahn.de\/?p=885\" class=\"sya_postlink post-885\" rel=\"bookmark\">Wirbel nach Abstimmung zu Bahn-K\u00fcrzungen<\/a> <span class=\"sya_categories\"><span class=\"sya_bracket\">(<\/span>Sonstiges<span class=\"sya_bracket\">)<\/span><\/span><\/div><\/li><li class=\"\"><div class=\"sya_postcontent\"><span class=\"sya_date\">09.09.2010 <span class=\"sya_sep\">- <\/span><\/span><a href=\"http:\/\/www.news.weisseritztalbahn.de\/?p=875\" class=\"sya_postlink post-875\" rel=\"bookmark\">Verkehrsverbund Oberelbe verabschiedet Sparpaket<\/a> <span class=\"sya_categories\"><span class=\"sya_bracket\">(<\/span>Sonstiges<span class=\"sya_bracket\">)<\/span><\/span><\/div><\/li><li class=\"\"><div class=\"sya_postcontent\"><span class=\"sya_date\">06.09.2010 <span class=\"sya_sep\">- <\/span><\/span><a href=\"http:\/\/www.news.weisseritztalbahn.de\/?p=870\" class=\"sya_postlink post-870\" rel=\"bookmark\">Demo f\u00fcr Wei\u00dferitztalbahn und gegen Stuttgart 21<\/a> <span class=\"sya_categories\"><span class=\"sya_bracket\">(<\/span>Sonstiges<span class=\"sya_bracket\">)<\/span><\/span><\/div><\/li><li class=\"\"><div class=\"sya_postcontent\"><span class=\"sya_date\">06.09.2010 <span class=\"sya_sep\">- <\/span><\/span><a href=\"http:\/\/www.news.weisseritztalbahn.de\/?p=864\" class=\"sya_postlink post-864\" rel=\"bookmark\">Wanderer im Spechtritzgrund haben neuen Rastplatz<\/a> <span class=\"sya_categories\"><span class=\"sya_bracket\">(<\/span>Spechtritz<span class=\"sya_bracket\">)<\/span><\/span><\/div><\/li><li class=\"\"><div class=\"sya_postcontent\"><span class=\"sya_date\">01.09.2010 <span class=\"sya_sep\">- <\/span><\/span><a href=\"http:\/\/www.news.weisseritztalbahn.de\/?p=857\" class=\"sya_postlink post-857\" rel=\"bookmark\">Kreistag lehnt Bahn-Stilllegungen ab<\/a> <span class=\"sya_categories\"><span class=\"sya_bracket\">(<\/span>Sonstiges<span class=\"sya_bracket\">)<\/span><\/span><\/div><\/li><li class=\"\"><div class=\"sya_postcontent\"><span class=\"sya_date\">26.08.2010 <span class=\"sya_sep\">- <\/span><\/span><a href=\"http:\/\/www.news.weisseritztalbahn.de\/?p=852\" class=\"sya_postlink post-852\" rel=\"bookmark\">Morlok plant Millionen f\u00fcr die Kleinbahn ein<\/a> <span class=\"sya_categories\"><span class=\"sya_bracket\">(<\/span>Sonstiges<span class=\"sya_bracket\">)<\/span><\/span><\/div><\/li><li class=\"\"><div class=\"sya_postcontent\"><span class=\"sya_date\">18.08.2010 <span class=\"sya_sep\">- <\/span><\/span><a href=\"http:\/\/www.news.weisseritztalbahn.de\/?p=821\" class=\"sya_postlink post-821\" rel=\"bookmark\">Wei\u00dferitztalbahn f\u00e4hrt k\u00fcnftig wohl seltener<\/a> <span class=\"sya_categories\"><span class=\"sya_bracket\">(<\/span>Sonstiges<span class=\"sya_bracket\">)<\/span><\/span><\/div><\/li><li class=\"\"><div class=\"sya_postcontent\"><span class=\"sya_date\">18.08.2010 <span class=\"sya_sep\">- <\/span><\/span><a href=\"http:\/\/www.news.weisseritztalbahn.de\/?p=825\" class=\"sya_postlink post-825\" rel=\"bookmark\">Weitere Filmaufnahmen mit den Randfichten<\/a> <span class=\"sya_categories\"><span class=\"sya_bracket\">(<\/span>Sonstiges<span class=\"sya_bracket\">)<\/span><\/span><\/div><\/li><li class=\"\"><div class=\"sya_postcontent\"><span class=\"sya_date\">18.08.2010 <span class=\"sya_sep\">- <\/span><\/span><a href=\"http:\/\/www.news.weisseritztalbahn.de\/?p=817\" class=\"sya_postlink post-817\" rel=\"bookmark\">970-771 in der WAS Freital-Potschappel<\/a> <span class=\"sya_categories\"><span class=\"sya_bracket\">(<\/span>Sonstiges<span class=\"sya_bracket\">)<\/span><\/span><\/div><\/li><li class=\"\"><div class=\"sya_postcontent\"><span class=\"sya_date\">17.08.2010 <span class=\"sya_sep\">- <\/span><\/span><a href=\"http:\/\/www.news.weisseritztalbahn.de\/?p=810\" class=\"sya_postlink post-810\" rel=\"bookmark\">\u201eDas Bus- und Bahnangebot wird schlechter\u201c<\/a> <span class=\"sya_categories\"><span class=\"sya_bracket\">(<\/span>Sonstiges<span class=\"sya_bracket\">)<\/span><\/span><\/div><\/li><li class=\"\"><div class=\"sya_postcontent\"><span class=\"sya_date\">17.08.2010 <span class=\"sya_sep\">- <\/span><\/span><a href=\"http:\/\/www.news.weisseritztalbahn.de\/?p=803\" class=\"sya_postlink post-803\" rel=\"bookmark\">Er ist wieder da<\/a> <span class=\"sya_categories\"><span class=\"sya_bracket\">(<\/span>Freital-Hainsberg<span class=\"sya_bracket\">)<\/span><\/span><\/div><\/li><li class=\"\"><div class=\"sya_postcontent\"><span class=\"sya_date\">15.08.2010 <span class=\"sya_sep\">- <\/span><\/span><a href=\"http:\/\/www.news.weisseritztalbahn.de\/?p=782\" class=\"sya_postlink post-782\" rel=\"bookmark\">Demo beim Kipsdorfer Heimatfest<\/a> <span class=\"sya_categories\"><span class=\"sya_bracket\">(<\/span>Kurort Kipsdorf<span class=\"sya_bracket\">)<\/span><\/span><\/div><\/li><li class=\"\"><div class=\"sya_postcontent\"><span class=\"sya_date\">12.08.2010 <span class=\"sya_sep\">- <\/span><\/span><a href=\"http:\/\/www.news.weisseritztalbahn.de\/?p=775\" class=\"sya_postlink post-775\" rel=\"bookmark\">Die Randfichten greifen bei der Feuerwehr zum Strahlrohr<\/a> <span class=\"sya_categories\"><span class=\"sya_bracket\">(<\/span>S\u00e4chsische Zeitung, Sonstiges<span class=\"sya_bracket\">)<\/span><\/span><\/div><\/li><li class=\"\"><div class=\"sya_postcontent\"><span class=\"sya_date\">10.08.2010 <span class=\"sya_sep\">- <\/span><\/span><a href=\"http:\/\/www.news.weisseritztalbahn.de\/?p=763\" class=\"sya_postlink post-763\" rel=\"bookmark\">Filmaufnahmen mit den Randfichten am Bf. Seifersdorf<\/a> <span class=\"sya_categories\"><span class=\"sya_bracket\">(<\/span>Seifersdorf<span class=\"sya_bracket\">)<\/span><\/span><\/div><\/li><li class=\"\"><div class=\"sya_postcontent\"><span class=\"sya_date\">05.08.2010 <span class=\"sya_sep\">- <\/span><\/span><a href=\"http:\/\/www.news.weisseritztalbahn.de\/?p=758\" class=\"sya_postlink post-758\" rel=\"bookmark\">Randfichten drehen mit Bimmelbahn und der Feuerwehr<\/a> <span class=\"sya_categories\"><span class=\"sya_bracket\">(<\/span>S\u00e4chsische Zeitung, Sonstiges<span class=\"sya_bracket\">)<\/span><\/span><\/div><\/li><li class=\"\"><div class=\"sya_postcontent\"><span class=\"sya_date\">04.08.2010 <span class=\"sya_sep\">- <\/span><\/span><a href=\"http:\/\/www.news.weisseritztalbahn.de\/?p=750\" class=\"sya_postlink post-750\" rel=\"bookmark\">Stra\u00dfe An der Kleinbahn wird saniert<\/a> <span class=\"sya_categories\"><span class=\"sya_bracket\">(<\/span>Dippoldiswalde, S\u00e4chsische Zeitung<span class=\"sya_bracket\">)<\/span><\/span><\/div><\/li><li class=\"\"><div class=\"sya_postcontent\"><span class=\"sya_date\">28.07.2010 <span class=\"sya_sep\">- <\/span><\/span><a href=\"http:\/\/www.news.weisseritztalbahn.de\/?p=740\" class=\"sya_postlink post-740\" rel=\"bookmark\">Pflege und Instandsetzung auf dem Bahnhof Kipsdorf<\/a> <span class=\"sya_categories\"><span class=\"sya_bracket\">(<\/span>Kurort Kipsdorf, Vorarbeiten Wiederaufbau Dipps-Kipsdorf<span class=\"sya_bracket\">)<\/span><\/span><\/div><\/li><li class=\"\"><div class=\"sya_postcontent\"><span class=\"sya_date\">26.07.2010 <span class=\"sya_sep\">- <\/span><\/span><a href=\"http:\/\/www.news.weisseritztalbahn.de\/?p=737\" class=\"sya_postlink post-737\" rel=\"bookmark\">Kipsdorfer Tourismus braucht Bahn<\/a> <span class=\"sya_categories\"><span class=\"sya_bracket\">(<\/span>Sonstiges<span class=\"sya_bracket\">)<\/span><\/span><\/div><\/li><li class=\"\"><div class=\"sya_postcontent\"><span class=\"sya_date\">25.07.2010 <span class=\"sya_sep\">- <\/span><\/span><a href=\"http:\/\/www.news.weisseritztalbahn.de\/?p=731\" class=\"sya_postlink post-731\" rel=\"bookmark\">\u201eK\u00fcrzungsdebatte schadet der Kleinbahn\u201c<\/a> <span class=\"sya_categories\"><span class=\"sya_bracket\">(<\/span>Sonstiges<span class=\"sya_bracket\">)<\/span><\/span><\/div><\/li><li class=\"\"><div class=\"sya_postcontent\"><span class=\"sya_date\">21.07.2010 <span class=\"sya_sep\">- <\/span><\/span><a href=\"http:\/\/www.news.weisseritztalbahn.de\/?p=714\" class=\"sya_postlink post-714\" rel=\"bookmark\">Sachsens Schmalspurbahnen sollen fusionieren<\/a> <span class=\"sya_categories\"><span class=\"sya_bracket\">(<\/span>Sonstiges<span class=\"sya_bracket\">)<\/span><\/span><\/div><\/li><li class=\"\"><div class=\"sya_postcontent\"><span class=\"sya_date\">19.07.2010 <span class=\"sya_sep\">- <\/span><\/span><a href=\"http:\/\/www.news.weisseritztalbahn.de\/?p=719\" class=\"sya_postlink post-719\" rel=\"bookmark\">Jubilar feiert auf Schienen<\/a> <span class=\"sya_categories\"><span class=\"sya_bracket\">(<\/span>Sonstiges<span class=\"sya_bracket\">)<\/span><\/span><\/div><\/li><li class=\"\"><div class=\"sya_postcontent\"><span class=\"sya_date\">17.07.2010 <span class=\"sya_sep\">- <\/span><\/span><a href=\"http:\/\/www.news.weisseritztalbahn.de\/?p=695\" class=\"sya_postlink post-695\" rel=\"bookmark\">2. Schmalspurfest<\/a> <span class=\"sya_categories\"><span class=\"sya_bracket\">(<\/span>Freital-Hainsberg<span class=\"sya_bracket\">)<\/span><\/span><\/div><\/li><li class=\"\"><div class=\"sya_postcontent\"><span class=\"sya_date\">15.07.2010 <span class=\"sya_sep\">- <\/span><\/span><a href=\"http:\/\/www.news.weisseritztalbahn.de\/?p=679\" class=\"sya_postlink post-679\" rel=\"bookmark\">Richtig Einheizen bei \u00fcber 30 Grad im Schatten<\/a> <span class=\"sya_categories\"><span class=\"sya_bracket\">(<\/span>S\u00e4chsische Zeitung<span class=\"sya_bracket\">)<\/span><\/span><\/div><\/li><li class=\"\"><div class=\"sya_postcontent\"><span class=\"sya_date\">15.07.2010 <span class=\"sya_sep\">- <\/span><\/span><a href=\"http:\/\/www.news.weisseritztalbahn.de\/?p=690\" class=\"sya_postlink post-690\" rel=\"bookmark\">Schienen der Bimmel durch Hitze besch\u00e4digt<\/a> <span class=\"sya_categories\"><span class=\"sya_bracket\">(<\/span>Sonstiges<span class=\"sya_bracket\">)<\/span><\/span><\/div><\/li><li class=\"\"><div class=\"sya_postcontent\"><span class=\"sya_date\">10.07.2010 <span class=\"sya_sep\">- <\/span><\/span><a href=\"http:\/\/www.news.weisseritztalbahn.de\/?p=636\" class=\"sya_postlink post-636\" rel=\"bookmark\">Die Bimmel braucht Kohle<\/a> <span class=\"sya_categories\"><span class=\"sya_bracket\">(<\/span>S\u00e4chsische Zeitung, Sonstiges<span class=\"sya_bracket\">)<\/span><\/span><\/div><\/li><li class=\"\"><div class=\"sya_postcontent\"><span class=\"sya_date\">08.07.2010 <span class=\"sya_sep\">- <\/span><\/span><a href=\"http:\/\/www.news.weisseritztalbahn.de\/?p=624\" class=\"sya_postlink post-624\" rel=\"bookmark\">Kleinbahn-Verein macht Dampf gegen drohende K\u00fcrzungen<\/a> <span class=\"sya_categories\"><span class=\"sya_bracket\">(<\/span>S\u00e4chsische Zeitung, Sonstiges<span class=\"sya_bracket\">)<\/span><\/span><\/div><\/li><li class=\"\"><div class=\"sya_postcontent\"><span class=\"sya_date\">08.07.2010 <span class=\"sya_sep\">- <\/span><\/span><a href=\"http:\/\/www.news.weisseritztalbahn.de\/?p=629\" class=\"sya_postlink post-629\" rel=\"bookmark\">DB-Schild prangt noch immer am Dippoldiswalder Bahnhof<\/a> <span class=\"sya_categories\"><span class=\"sya_bracket\">(<\/span>Sonstiges<span class=\"sya_bracket\">)<\/span><\/span><\/div><\/li><li class=\"\"><div class=\"sya_postcontent\"><span class=\"sya_date\">26.06.2010 <span class=\"sya_sep\">- <\/span><\/span><a href=\"http:\/\/www.news.weisseritztalbahn.de\/?p=614\" class=\"sya_postlink post-614\" rel=\"bookmark\">Hier fehlt politisches Gesp\u00fcr<\/a> <span class=\"sya_categories\"><span class=\"sya_bracket\">(<\/span>Sonstiges<span class=\"sya_bracket\">)<\/span><\/span><\/div><\/li><li class=\"\"><div class=\"sya_postcontent\"><span class=\"sya_date\">25.06.2010 <span class=\"sya_sep\">- <\/span><\/span><a href=\"http:\/\/www.news.weisseritztalbahn.de\/?p=608\" class=\"sya_postlink post-608\" rel=\"bookmark\">Den Bahn-Nebenstrecken droht das Aus<\/a> <span class=\"sya_categories\"><span class=\"sya_bracket\">(<\/span>S\u00e4chsische Zeitung<span class=\"sya_bracket\">)<\/span><\/span><\/div><\/li><li class=\"\"><div class=\"sya_postcontent\"><span class=\"sya_date\">13.06.2010 <span class=\"sya_sep\">- <\/span><\/span><a href=\"http:\/\/www.news.weisseritztalbahn.de\/?p=572\" class=\"sya_postlink post-572\" rel=\"bookmark\">1. Dixielandzug auf der Wei\u00dferitztalbahn<\/a> <span class=\"sya_categories\"><span class=\"sya_bracket\">(<\/span>Sonstiges<span class=\"sya_bracket\">)<\/span><\/span><\/div><\/li><li class=\"\"><div class=\"sya_postcontent\"><span class=\"sya_date\">04.06.2010 <span class=\"sya_sep\">- <\/span><\/span><a href=\"http:\/\/www.news.weisseritztalbahn.de\/?p=561\" class=\"sya_postlink post-561\" rel=\"bookmark\">Nanu, eine Lok in Schmiedeberg<\/a> <span class=\"sya_categories\"><span class=\"sya_bracket\">(<\/span>S\u00e4chsische Zeitung, Schmiedeberg<span class=\"sya_bracket\">)<\/span><\/span><\/div><\/li><li class=\"\"><div class=\"sya_postcontent\"><span class=\"sya_date\">31.05.2010 <span class=\"sya_sep\">- <\/span><\/span><a href=\"http:\/\/www.news.weisseritztalbahn.de\/?p=550\" class=\"sya_postlink post-550\" rel=\"bookmark\">Demonstranten fordern raschen Weiterbau der Kleinbahn bis Kipsdorf<\/a> <span class=\"sya_categories\"><span class=\"sya_bracket\">(<\/span>Kurort Kipsdorf, S\u00e4chsische Zeitung<span class=\"sya_bracket\">)<\/span><\/span><\/div><\/li><li class=\"\"><div class=\"sya_postcontent\"><span class=\"sya_date\">29.05.2010 <span class=\"sya_sep\">- <\/span><\/span><a href=\"http:\/\/www.news.weisseritztalbahn.de\/?p=546\" class=\"sya_postlink post-546\" rel=\"bookmark\">Am SZ-Lesertelefon<\/a> <span class=\"sya_categories\"><span class=\"sya_bracket\">(<\/span>Sonstiges<span class=\"sya_bracket\">)<\/span><\/span><\/div><\/li><li class=\"\"><div class=\"sya_postcontent\"><span class=\"sya_date\">20.05.2010 <span class=\"sya_sep\">- <\/span><\/span><a href=\"http:\/\/www.news.weisseritztalbahn.de\/?p=477\" class=\"sya_postlink post-477\" rel=\"bookmark\">Landrat: Kleinbahn dampft 2013 bis Kipsdorf<\/a> <span class=\"sya_categories\"><span class=\"sya_bracket\">(<\/span>S\u00e4chsische Zeitung, Sonstiges<span class=\"sya_bracket\">)<\/span><\/span><\/div><\/li><li class=\"\"><div class=\"sya_postcontent\"><span class=\"sya_date\">20.05.2010 <span class=\"sya_sep\">- <\/span><\/span><a href=\"http:\/\/www.news.weisseritztalbahn.de\/?p=485\" class=\"sya_postlink post-485\" rel=\"bookmark\">Die Bahn steckt in der Zwickm\u00fchle<\/a> <span class=\"sya_categories\"><span class=\"sya_bracket\">(<\/span>S\u00e4chsische Zeitung, Sonstiges<span class=\"sya_bracket\">)<\/span><\/span><\/div><\/li><li class=\"\"><div class=\"sya_postcontent\"><span class=\"sya_date\">18.05.2010 <span class=\"sya_sep\">- <\/span><\/span><a href=\"http:\/\/www.news.weisseritztalbahn.de\/?p=464\" class=\"sya_postlink post-464\" rel=\"bookmark\">Unsere &#8222;Badewanne&#8220; beim Dixie-Umzug<\/a> <span class=\"sya_categories\"><span class=\"sya_bracket\">(<\/span>Sonstiges<span class=\"sya_bracket\">)<\/span><\/span><\/div><\/li><li class=\"\"><div class=\"sya_postcontent\"><span class=\"sya_date\">21.04.2010 <span class=\"sya_sep\">- <\/span><\/span><a href=\"http:\/\/www.news.weisseritztalbahn.de\/?p=458\" class=\"sya_postlink post-458\" rel=\"bookmark\">Kleinbahn: Planung wird ausgeschrieben<\/a> <span class=\"sya_categories\"><span class=\"sya_bracket\">(<\/span>S\u00e4chsische Zeitung, Vorarbeiten Wiederaufbau Dipps-Kipsdorf<span class=\"sya_bracket\">)<\/span><\/span><\/div><\/li><li class=\"\"><div class=\"sya_postcontent\"><span class=\"sya_date\">17.04.2010 <span class=\"sya_sep\">- <\/span><\/span><a href=\"http:\/\/www.news.weisseritztalbahn.de\/?p=446\" class=\"sya_postlink post-446\" rel=\"bookmark\">Sonderzug aus Leipzig in Freital-Hainsberg<\/a> <span class=\"sya_categories\"><span class=\"sya_bracket\">(<\/span>Freital-Hainsberg<span class=\"sya_bracket\">)<\/span><\/span><\/div><\/li><li class=\"\"><div class=\"sya_postcontent\"><span class=\"sya_date\">11.04.2010 <span class=\"sya_sep\">- <\/span><\/span><a href=\"http:\/\/www.news.weisseritztalbahn.de\/?p=427\" class=\"sya_postlink post-427\" rel=\"bookmark\">B\u00fcrgermeister fordern Baustart f\u00fcr die Wei\u00dferitztalbahn nach Kipsdorf<\/a> <span class=\"sya_categories\"><span class=\"sya_bracket\">(<\/span>S\u00e4chsische Zeitung, Sonstiges<span class=\"sya_bracket\">)<\/span><\/span><\/div><\/li><li class=\"\"><div class=\"sya_postcontent\"><span class=\"sya_date\">02.04.2010 <span class=\"sya_sep\">- <\/span><\/span><a href=\"http:\/\/www.news.weisseritztalbahn.de\/?p=422\" class=\"sya_postlink post-422\" rel=\"bookmark\">Karfreitag 2010<\/a> <span class=\"sya_categories\"><span class=\"sya_bracket\">(<\/span>Co\u00dfmannsdorf, Rabenau<span class=\"sya_bracket\">)<\/span><\/span><\/div><\/li><li class=\"\"><div class=\"sya_postcontent\"><span class=\"sya_date\">26.03.2010 <span class=\"sya_sep\">- <\/span><\/span><a href=\"http:\/\/www.news.weisseritztalbahn.de\/?p=387\" class=\"sya_postlink post-387\" rel=\"bookmark\">Saison startet \u2013 Wiederaufbau wartet<\/a> <span class=\"sya_categories\"><span class=\"sya_bracket\">(<\/span>S\u00e4chsische Zeitung, Sonstiges<span class=\"sya_bracket\">)<\/span><\/span><\/div><\/li><li class=\"\"><div class=\"sya_postcontent\"><span class=\"sya_date\">26.03.2010 <span class=\"sya_sep\">- <\/span><\/span><a href=\"http:\/\/www.news.weisseritztalbahn.de\/?p=402\" class=\"sya_postlink post-402\" rel=\"bookmark\">Wei\u00dferitztalbahn dampft in neue Saison<\/a> <span class=\"sya_categories\"><span class=\"sya_bracket\">(<\/span>Presse \/ Medien, Sonstiges<span class=\"sya_bracket\">)<\/span><\/span><\/div><\/li><li class=\"\"><div class=\"sya_postcontent\"><span class=\"sya_date\">26.03.2010 <span class=\"sya_sep\">- <\/span><\/span><a href=\"http:\/\/www.news.weisseritztalbahn.de\/?p=394\" class=\"sya_postlink post-394\" rel=\"bookmark\">Probleme beim Namen nennen<\/a> <span class=\"sya_categories\"><span class=\"sya_bracket\">(<\/span>S\u00e4chsische Zeitung, Sonstiges<span class=\"sya_bracket\">)<\/span><\/span><\/div><\/li><li class=\"\"><div class=\"sya_postcontent\"><span class=\"sya_date\">25.03.2010 <span class=\"sya_sep\">- <\/span><\/span><a href=\"http:\/\/www.news.weisseritztalbahn.de\/?p=412\" class=\"sya_postlink post-412\" rel=\"bookmark\">Pressemitteilung &#8211; 25.03.2010 &#8211; Neues zum Saisonstart entlang der Wei\u00dferitztalbahn<\/a> <span class=\"sya_categories\"><span class=\"sya_bracket\">(<\/span>Presse \/ Medien, Sonstiges<span class=\"sya_bracket\">)<\/span><\/span><\/div><\/li><li class=\"\"><div class=\"sya_postcontent\"><span class=\"sya_date\">28.02.2010 <span class=\"sya_sep\">- <\/span><\/span><a href=\"http:\/\/www.news.weisseritztalbahn.de\/?p=373\" class=\"sya_postlink post-373\" rel=\"bookmark\">IG Wei\u00dferitztalbahn regt Vorfinanzierung f\u00fcr Weiterbau an<\/a> <span class=\"sya_categories\"><span class=\"sya_bracket\">(<\/span>S\u00e4chsische Zeitung<span class=\"sya_bracket\">)<\/span><\/span><\/div><\/li><li class=\"\"><div class=\"sya_postcontent\"><span class=\"sya_date\">24.02.2010 <span class=\"sya_sep\">- <\/span><\/span><a href=\"http:\/\/www.news.weisseritztalbahn.de\/?p=370\" class=\"sya_postlink post-370\" rel=\"bookmark\">Bimmel: Minister will schnellen Weiterbau<\/a> <span class=\"sya_categories\"><span class=\"sya_bracket\">(<\/span>Sonstiges<span class=\"sya_bracket\">)<\/span><\/span><\/div><\/li><li class=\"\"><div class=\"sya_postcontent\"><span class=\"sya_date\">08.02.2010 <span class=\"sya_sep\">- <\/span><\/span><a href=\"http:\/\/www.news.weisseritztalbahn.de\/?p=349\" class=\"sya_postlink post-349\" rel=\"bookmark\">Fahrkartenschalter in Hainsberg hat wirklich \u00fcberrascht<\/a> <span class=\"sya_categories\"><span class=\"sya_bracket\">(<\/span>Freital-Hainsberg, S\u00e4chsische Zeitung<span class=\"sya_bracket\">)<\/span><\/span><\/div><\/li><li class=\"\"><div class=\"sya_postcontent\"><span class=\"sya_date\">05.02.2010 <span class=\"sya_sep\">- <\/span><\/span><a href=\"http:\/\/www.news.weisseritztalbahn.de\/?p=345\" class=\"sya_postlink post-345\" rel=\"bookmark\">B\u00fcrgermeister beraten Weiterbau der Bimmelbahn<\/a> <span class=\"sya_categories\"><span class=\"sya_bracket\">(<\/span>S\u00e4chsische Zeitung<span class=\"sya_bracket\">)<\/span><\/span><\/div><\/li><li class=\"\"><div class=\"sya_postcontent\"><span class=\"sya_date\">21.01.2010 <span class=\"sya_sep\">- <\/span><\/span><a href=\"http:\/\/www.news.weisseritztalbahn.de\/?p=288\" class=\"sya_postlink post-288\" rel=\"bookmark\">Mit Dixie-Kl\u00e4ngen durch den Rabenauer Grund<\/a> <span class=\"sya_categories\"><span class=\"sya_bracket\">(<\/span>S\u00e4chsische Zeitung, Sonstiges<span class=\"sya_bracket\">)<\/span><\/span><\/div><\/li><li class=\"\"><div class=\"sya_postcontent\"><span class=\"sya_date\">21.01.2010 <span class=\"sya_sep\">- <\/span><\/span><a href=\"http:\/\/www.news.weisseritztalbahn.de\/?p=286\" class=\"sya_postlink post-286\" rel=\"bookmark\">Bierverkostung und Kleinbahnnostalgie<\/a> <span class=\"sya_categories\"><span class=\"sya_bracket\">(<\/span>S\u00e4chsische Zeitung, Sonstiges<span class=\"sya_bracket\">)<\/span><\/span><\/div><\/li><li class=\"\"><div class=\"sya_postcontent\"><span class=\"sya_date\">21.01.2010 <span class=\"sya_sep\">- <\/span><\/span><a href=\"http:\/\/www.news.weisseritztalbahn.de\/?p=274\" class=\"sya_postlink post-274\" rel=\"bookmark\">Neue Parkpl\u00e4tze f\u00fcr Bimmel-G\u00e4ste<\/a> <span class=\"sya_categories\"><span class=\"sya_bracket\">(<\/span>Freital-Hainsberg, S\u00e4chsische Zeitung, Sonstiges<span class=\"sya_bracket\">)<\/span><\/span><\/div><\/li><li class=\"\"><div class=\"sya_postcontent\"><span class=\"sya_date\">21.01.2010 <span class=\"sya_sep\">- <\/span><\/span><a href=\"http:\/\/www.news.weisseritztalbahn.de\/?p=300\" class=\"sya_postlink post-300\" rel=\"bookmark\">Eine halbe Million Kunden fahren mit Schmalspurbahnen<\/a> <span class=\"sya_categories\"><span class=\"sya_bracket\">(<\/span>S\u00e4chsische Zeitung, Sonstiges<span class=\"sya_bracket\">)<\/span><\/span><\/div><\/li><li class=\"\"><div class=\"sya_postcontent\"><span class=\"sya_date\">05.01.2010 <span class=\"sya_sep\">- <\/span><\/span><a href=\"http:\/\/www.news.weisseritztalbahn.de\/?p=246\" class=\"sya_postlink post-246\" rel=\"bookmark\">Trotz Krise wird 2010 wieder feste gefeiert<\/a> <span class=\"sya_categories\"><span class=\"sya_bracket\">(<\/span>S\u00e4chsische Zeitung, Sonstiges<span class=\"sya_bracket\">)<\/span><\/span><\/div><\/li><\/ul><h3><a id=\"year2009\"><\/a>2009 <span class=\"sya_yearcount\"><span class=\"sya_bracket\">(<\/span>8<span class=\"sya_bracket\">)<\/span><\/span><\/h3><ul><li class=\"\"><div class=\"sya_postcontent\"><span class=\"sya_date\">08.12.2009 <span class=\"sya_sep\">- <\/span><\/span><a href=\"http:\/\/www.news.weisseritztalbahn.de\/?p=191\" class=\"sya_postlink post-191\" rel=\"bookmark\">Wegen Bauarbeiten Schienenersatzverkehr<\/a> <span class=\"sya_categories\"><span class=\"sya_bracket\">(<\/span>Seifersdorf<span class=\"sya_bracket\">)<\/span><\/span><\/div><\/li><li class=\"\"><div class=\"sya_postcontent\"><span class=\"sya_date\">30.11.2009 <span class=\"sya_sep\">- <\/span><\/span><a href=\"http:\/\/www.news.weisseritztalbahn.de\/?p=171\" class=\"sya_postlink post-171\" rel=\"bookmark\">Zum Kleinbahnfest dampft der Zug im Stundentakt durch den Rabenauer Grund<\/a> <span class=\"sya_categories\"><span class=\"sya_bracket\">(<\/span>Co\u00dfmannsdorf, Freital-Hainsberg, S\u00e4chsische Zeitung<span class=\"sya_bracket\">)<\/span><\/span><\/div><\/li><li class=\"\"><div class=\"sya_postcontent\"><span class=\"sya_date\">27.11.2009 <span class=\"sya_sep\">- <\/span><\/span><a href=\"http:\/\/www.news.weisseritztalbahn.de\/?p=119\" class=\"sya_postlink post-119\" rel=\"bookmark\">Wei\u00dferitztalbahn lockt 250.000 Fahrg\u00e4ste an<\/a> <span class=\"sya_categories\"><span class=\"sya_bracket\">(<\/span>S\u00e4chsische Zeitung, Sonstiges<span class=\"sya_bracket\">)<\/span><\/span><\/div><\/li><li class=\"\"><div class=\"sya_postcontent\"><span class=\"sya_date\">27.11.2009 <span class=\"sya_sep\">- <\/span><\/span><a href=\"http:\/\/www.news.weisseritztalbahn.de\/?p=129\" class=\"sya_postlink post-129\" rel=\"bookmark\">Ohne komplette Strecke \u00e4rmer dran<\/a> <span class=\"sya_categories\"><span class=\"sya_bracket\">(<\/span>S\u00e4chsische Zeitung, Sonstiges<span class=\"sya_bracket\">)<\/span><\/span><\/div><\/li><li class=\"\"><div class=\"sya_postcontent\"><span class=\"sya_date\">23.11.2009 <span class=\"sya_sep\">- <\/span><\/span><a href=\"http:\/\/www.news.weisseritztalbahn.de\/?p=104\" class=\"sya_postlink post-104\" rel=\"bookmark\">Modellbahner t\u00fcfteln f\u00fcrs 11. Kleinbahnfest<\/a> <span class=\"sya_categories\"><span class=\"sya_bracket\">(<\/span>S\u00e4chsische Zeitung, Sonstiges<span class=\"sya_bracket\">)<\/span><\/span><\/div><\/li><li class=\"\"><div class=\"sya_postcontent\"><span class=\"sya_date\">21.11.2009 <span class=\"sya_sep\">- <\/span><\/span><a href=\"http:\/\/www.news.weisseritztalbahn.de\/?p=84\" class=\"sya_postlink post-84\" rel=\"bookmark\">Stationsschild in Spechtritz montiert<\/a> <span class=\"sya_categories\"><span class=\"sya_bracket\">(<\/span>Spechtritz<span class=\"sya_bracket\">)<\/span><\/span><\/div><\/li><li class=\"\"><div class=\"sya_postcontent\"><span class=\"sya_date\">18.11.2009 <span class=\"sya_sep\">- <\/span><\/span><a href=\"http:\/\/www.news.weisseritztalbahn.de\/?p=55\" class=\"sya_postlink post-55\" rel=\"bookmark\">Wei\u00dferitztalbahn: Minister spricht von Baustart 2010<\/a> <span class=\"sya_categories\"><span class=\"sya_bracket\">(<\/span>S\u00e4chsische Zeitung<span class=\"sya_bracket\">)<\/span><\/span><\/div><\/li><li class=\"\"><div class=\"sya_postcontent\"><span class=\"sya_date\">18.11.2009 <span class=\"sya_sep\">- <\/span><\/span><a href=\"http:\/\/www.news.weisseritztalbahn.de\/?p=39\" class=\"sya_postlink post-39\" rel=\"bookmark\">Unterst\u00fctzungsprojekt &#8222;Rettet die Bahnzeit&#8220;<\/a> <span class=\"sya_categories\"><span class=\"sya_bracket\">(<\/span>Sonstiges<span class=\"sya_bracket\">)<\/span><\/span><\/div><\/li><\/ul><h3><a id=\"year2002\"><\/a>2002 <span class=\"sya_yearcount\"><span class=\"sya_bracket\">(<\/span>1<span class=\"sya_bracket\">)<\/span><\/span><\/h3><ul><li class=\"\"><div class=\"sya_postcontent\"><span class=\"sya_date\">03.09.2002 <span class=\"sya_sep\">- <\/span><\/span><a href=\"http:\/\/www.news.weisseritztalbahn.de\/?p=3536\" class=\"sya_postlink post-3536\" rel=\"bookmark\">Wandern auf dem Kleinbahngleis ist lebensgef\u00e4hrlich<\/a> <span class=\"sya_categories\"><span class=\"sya_bracket\">(<\/span>Sonstiges<span class=\"sya_bracket\">)<\/span><\/span><\/div><\/li><\/ul><div style=\"text-align:right;font-size:90%;\">Plugin by <a href=\"https:\/\/www.schloebe.de\" title=\"Plugin by Oliver Schl&ouml;be\">Oliver Schl&ouml;be<\/a><\/div><\/div>\n","protected":false},"excerpt":{"rendered":"","protected":false},"author":1,"featured_media":0,"parent":0,"menu_order":4,"comment_status":"closed","ping_status":"closed","template":"","meta":{"ngg_post_thumbnail":0},"_links":{"self":[{"href":"http:\/\/www.news.weisseritztalbahn.de\/index.php?rest_route=\/wp\/v2\/pages\/5195"}],"collection":[{"href":"http:\/\/www.news.weisseritztalbahn.de\/index.php?rest_route=\/wp\/v2\/pages"}],"about":[{"href":"http:\/\/www.news.weisseritztalbahn.de\/index.php?rest_route=\/wp\/v2\/types\/page"}],"author":[{"embeddable":true,"href":"http:\/\/www.news.weisseritztalbahn.de\/index.php?rest_route=\/wp\/v2\/users\/1"}],"replies":[{"embeddable":true,"href":"http:\/\/www.news.weisseritztalbahn.de\/index.php?rest_route=%2Fwp%2Fv2%2Fcomments&post=5195"}],"version-history":[{"count":1,"href":"http:\/\/www.news.weisseritztalbahn.de\/index.php?rest_route=\/wp\/v2\/pages\/5195\/revisions"}],"predecessor-version":[{"id":5196,"href":"http:\/\/www.news.weisseritztalbahn.de\/index.php?rest_route=\/wp\/v2\/pages\/5195\/revisions\/5196"}],"wp:attachment":[{"href":"http:\/\/www.news.weisseritztalbahn.de\/index.php?rest_route=%2Fwp%2Fv2%2Fmedia&parent=5195"}],"curies":[{"name":"wp","href":"https:\/\/api.w.org\/{rel}","templated":true}]}}